{"version":"1.0","provider_name":"Deutsch in \u00d6sterreich - AAU (IT)","provider_url":"https:\/\/dia.aau.at\/it","author_name":"Patrick Habernik","author_url":"https:\/\/dia.aau.at\/it\/blog\/author\/phabernik\/","title":"Unsere Intensivkurs-Saison startet wieder! - Deutsch in \u00d6sterreich - AAU (IT)","type":"rich","width":600,"height":338,"html":"<blockquote class=\"wp-embedded-content\" data-secret=\"tRh28nrOWf\"><a href=\"https:\/\/dia.aau.at\/it\/blog\/2015\/02\/02\/unsere-intensivkurs-saison-startet-wieder\/\">Unsere Intensivkurs-Saison startet wieder!<\/a><\/blockquote><iframe sandbox=\"allow-scripts\" security=\"restricted\" src=\"https:\/\/dia.aau.at\/it\/blog\/2015\/02\/02\/unsere-intensivkurs-saison-startet-wieder\/embed\/#?secret=tRh28nrOWf\" width=\"600\" height=\"338\" title=\"&#8220;Unsere Intensivkurs-Saison startet wieder!&#8221; &#8212; Deutsch in \u00d6sterreich - AAU (IT)\" data-secret=\"tRh28nrOWf\" frameborder=\"0\" marginwidth=\"0\" marginheight=\"0\" scrolling=\"no\" class=\"wp-embedded-content\"><\/iframe><script type=\"text\/javascript\">\n\/* <![CDATA[ *\/\n\/*! This file is auto-generated *\/\n!function(d,l){\"use strict\";l.querySelector&&d.addEventListener&&\"undefined\"!=typeof URL&&(d.wp=d.wp||{},d.wp.receiveEmbedMessage||(d.wp.receiveEmbedMessage=function(e){var t=e.data;if((t||t.secret||t.message||t.value)&&!\/[^a-zA-Z0-9]\/.test(t.secret)){for(var s,r,n,a=l.querySelectorAll('iframe[data-secret=\"'+t.secret+'\"]'),o=l.querySelectorAll('blockquote[data-secret=\"'+t.secret+'\"]'),c=new RegExp(\"^https?:$\",\"i\"),i=0;i<o.length;i++)o[i].style.display=\"none\";for(i=0;i<a.length;i++)s=a[i],e.source===s.contentWindow&&(s.removeAttribute(\"style\"),\"height\"===t.message?(1e3<(r=parseInt(t.value,10))?r=1e3:~~r<200&&(r=200),s.height=r):\"link\"===t.message&&(r=new URL(s.getAttribute(\"src\")),n=new URL(t.value),c.test(n.protocol))&&n.host===r.host&&l.activeElement===s&&(d.top.location.href=t.value))}},d.addEventListener(\"message\",d.wp.receiveEmbedMessage,!1),l.addEventListener(\"DOMContentLoaded\",function(){for(var e,t,s=l.querySelectorAll(\"iframe.wp-embedded-content\"),r=0;r<s.length;r++)(t=(e=s[r]).getAttribute(\"data-secret\"))||(t=Math.random().toString(36).substring(2,12),e.src+=\"#?secret=\"+t,e.setAttribute(\"data-secret\",t)),e.contentWindow.postMessage({message:\"ready\",secret:t},\"*\")},!1)))}(window,document);\n\/\/# sourceURL=https:\/\/dia.aau.at\/it\/wp-includes\/js\/wp-embed.min.js\n\/* ]]> *\/\n<\/script>\n","thumbnail_url":"https:\/\/dia.aau.at\/it\/wp-content\/uploads\/sites\/6\/2015\/02\/Blog-02a_Sprachenzentrum-Deutsch-in-\u00d6sterreich_Archiv-scaled.jpg","thumbnail_width":2560,"thumbnail_height":996,"description":"Nachdem die Semesterkurse abgeschlossen und alle Zeugnisse verteilt sind, sind jetzt unsere Intensivkurse zur\u00fcck aus dem Winterschlaf! Am 9. Februar starten wir mit dem ersten Fr\u00fchjahrskurs (F1). Drei Wochen gemeinsames Deutschlernen in kleinen Gruppen, mit vielen hilfreichen \u00dcbungen und Tipps, aber vor allem viel Spa\u00df liegen vor rund 70 Teilnehmenden. Unsere Lektorinnen und Lektoren stehen [&hellip;]"}