{"id":501809,"date":"2020-06-14T23:00:18","date_gmt":"2020-06-14T21:00:18","guid":{"rendered":"https:\/\/dia-test.aau.at\/it\/corsi-di-tedesco-del-programma-more\/"},"modified":"2023-08-08T13:27:22","modified_gmt":"2023-08-08T11:27:22","slug":"tedesco-more","status":"publish","type":"page","link":"https:\/\/dia.aau.at\/it\/tedesco-more\/","title":{"rendered":"German Courses \u2013 MORE"},"content":{"rendered":"\n<style type=\"text\/css\" data-created_by=\"avia_inline_auto\" id=\"style-css-av-jsnfoctx-895e4a3409e887b26acd57f5a79ac279\">\n.avia-section.av-jsnfoctx-895e4a3409e887b26acd57f5a79ac279{\nbackground-repeat:no-repeat;\nbackground-image:url(https:\/\/dia.aau.at\/it\/wp-content\/uploads\/sites\/6\/2020\/07\/Titelbild-016-Sprachenzentrum-Deutsch-in-\u00d6sterreich_DIA-Archiv.jpg);\nbackground-position:50% 50%;\nbackground-attachment:fixed;\n}\n<\/style>\n<div id='av_section_1'  class='avia-section av-jsnfoctx-895e4a3409e887b26acd57f5a79ac279 main_color avia-section-default avia-no-border-styling  avia-builder-el-0  el_before_av_submenu  avia-builder-el-first  avia-full-stretch avia-bg-style-fixed av-minimum-height av-minimum-height-50 av-height-50  container_wrap sidebar_right'  data-section-bg-repeat='stretch' data-av_minimum_height_pc='50' data-av_min_height_opt='50'><div class='container av-section-cont-open' ><main  role=\"main\" itemprop=\"mainContentOfPage\"  class='template-page content  av-content-small alpha units'><div class='post-entry post-entry-type-page post-entry-501809'><div class='entry-content-wrapper clearfix'>\n<\/div><\/div><\/main><!-- close content main element --><\/div><\/div><div class='clear'><\/div><div id='sub_menu1'  class='av-submenu-container av-jsblq39v-39019c8f4dcd0f56dc4c6b1d78bef255 alternate_color av-switch-768  avia-builder-el-1  el_after_av_section  el_before_av_heading  av-sticky-submenu submenu-not-first container_wrap sidebar_right' style='z-index:301' ><div class='container av-menu-mobile-active av-submenu-pos-center av-submenu-hidden'><a href=\"#\" class=\"mobile_menu_toggle\"><span class='avia-svg-icon avia-font-svg_entypo-fontello' data-av_svg_icon='list' data-av_iconset='svg_entypo-fontello'><svg version=\"1.1\" xmlns=\"http:\/\/www.w3.org\/2000\/svg\" width=\"22\" height=\"32\" viewBox=\"0 0 22 32\" preserveAspectRatio=\"xMidYMid meet\" aria-labelledby='av-svg-title-1' aria-describedby='av-svg-desc-1' role=\"graphics-symbol\" aria-hidden=\"true\">\n<title id='av-svg-title-1'>List<\/title>\n<desc id='av-svg-desc-1'>List<\/desc>\n<path d=\"M3.2 20.8q0.64 0 1.12 0.48t0.48 1.12-0.48 1.12-1.12 0.48h-1.6q-0.64 0-1.12-0.48t-0.48-1.12 0.448-1.12 1.152-0.48h1.6zM3.2 14.4q0.64 0 1.12 0.48t0.48 1.12-0.48 1.12-1.12 0.48h-1.6q-0.64 0-1.12-0.48t-0.48-1.12 0.448-1.12 1.152-0.48h1.6zM3.2 8q0.64 0 1.12 0.48t0.48 1.12-0.48 1.12-1.12 0.48h-1.6q-0.64 0-1.12-0.48t-0.48-1.12 0.448-1.12 1.152-0.48h1.6zM9.6 11.2q-0.64 0-1.12-0.48t-0.48-1.12 0.48-1.12 1.12-0.48h11.2q0.704 0 1.152 0.48t0.448 1.12-0.48 1.12-1.12 0.48h-11.2zM20.8 14.4q0.704 0 1.152 0.48t0.448 1.12-0.48 1.12-1.12 0.48h-11.2q-0.64 0-1.12-0.48t-0.48-1.12 0.48-1.12 1.12-0.48h11.2zM20.8 20.8q0.704 0 1.152 0.48t0.448 1.12-0.48 1.12-1.12 0.48h-11.2q-0.64 0-1.12-0.48t-0.48-1.12 0.48-1.12 1.12-0.48h11.2z\"><\/path>\n<\/svg><\/span><span class=\"av-current-placeholder\">Menu<\/span><\/a><ul id='av-custom-submenu-1' class='av-subnav-menu' role='menu'>\n<li class='menu-item av-cf67-f264c78e52d6600f63d445697b859def menu-item-top-level menu-item-top-level-1' role='menuitem'><a href='#informazioni-generali'  ><span class='avia-bullet'><\/span><span class='avia-menu-text'>Informazioni generali<\/span><\/a><\/li>\n<li class='menu-item av-av_submenu_item-4e9224c300b47b90640b078b72b947ed menu-item-top-level menu-item-top-level-2' role='menuitem'><a href='#test-ingresso'  ><span class='avia-bullet'><\/span><span class='avia-menu-text'>Test d\u2019Ingresso <\/span><\/a><\/li>\n<li class='menu-item av-xkg6x-e2c7fb57883e0a95ca00a06621740d9d menu-item-top-level menu-item-top-level-3' role='menuitem'><a href='#iscrizione'  ><span class='avia-bullet'><\/span><span class='avia-menu-text'>Iscrizione <\/span><\/a><\/li>\n<li class='menu-item av-av_submenu_item-b63a43869cd6b448b6bf95d58dd2591d menu-item-top-level menu-item-top-level-4' role='menuitem'><a href='#date-importanti'  ><span class='avia-bullet'><\/span><span class='avia-menu-text'>Date importanti <\/span><\/a><\/li>\n<li class='menu-item av-7l1uk9-ef45b8b637eadd434483ab9a963031b7 menu-item-top-level menu-item-top-level-5' role='menuitem'><a href='#orario'  ><span class='avia-bullet'><\/span><span class='avia-menu-text'>Orario<\/span><\/a><\/li>\n<\/ul><\/div><\/div><div class='sticky_placeholder'><\/div><div id='after_submenu_1'  class='main_color av_default_container_wrap container_wrap sidebar_right'  ><div class='container av-section-cont-open' ><div class='template-page content  av-content-small alpha units'><div class='post-entry post-entry-type-page post-entry-501809'><div class='entry-content-wrapper clearfix'>\n\n<style type=\"text\/css\" data-created_by=\"avia_inline_auto\" id=\"style-css-av-av_heading-00644165f3d3e579ddc64539ffb4fe36\">\n#top .av-special-heading.av-av_heading-00644165f3d3e579ddc64539ffb4fe36{\npadding-bottom:10px;\n}\nbody .av-special-heading.av-av_heading-00644165f3d3e579ddc64539ffb4fe36 .av-special-heading-tag .heading-char{\nfont-size:25px;\n}\n.av-special-heading.av-av_heading-00644165f3d3e579ddc64539ffb4fe36 .av-subheading{\nfont-size:15px;\n}\n<\/style>\n<div  class='av-special-heading av-av_heading-00644165f3d3e579ddc64539ffb4fe36 av-special-heading-h1 blockquote modern-quote  avia-builder-el-2  el_after_av_submenu  el_before_av_hr  avia-builder-el-first  av-linked-heading'><h1 class='av-special-heading-tag '  itemprop=\"headline\"  >Corsi di tedesco del Programma MORE <\/h1><div class=\"special-heading-border\"><div class=\"special-heading-inner-border\"><\/div><\/div><\/div>\n\n<style type=\"text\/css\" data-created_by=\"avia_inline_auto\" id=\"style-css-av-k7ln651y-60ac15bae81de86695b4f11711ae0662\">\n#top .hr.av-k7ln651y-60ac15bae81de86695b4f11711ae0662{\nmargin-top:0px;\nmargin-bottom:30px;\n}\n.hr.av-k7ln651y-60ac15bae81de86695b4f11711ae0662 .hr-inner{\nwidth:200px;\n}\n<\/style>\n<div  class='hr av-k7ln651y-60ac15bae81de86695b4f11711ae0662 hr-custom  avia-builder-el-3  el_after_av_heading  el_before_av_section  avia-builder-el-last  hr-left hr-icon-no'><span class='hr-inner inner-border-av-border-thin'><span class=\"hr-inner-style\"><\/span><\/span><\/div>\n<\/div><\/div><\/div><!-- close content main div --><\/div><\/div><div id='informazioni-generali'  class='avia-section av-jsbuk6kt-84456968720301d56693c565608a17aa main_color avia-section-default avia-no-border-styling  avia-builder-el-4  el_after_av_hr  el_before_av_section  avia-bg-style-scroll container_wrap sidebar_right'  ><div class='container av-section-cont-open' ><div class='template-page content  av-content-small alpha units'><div class='post-entry post-entry-type-page post-entry-501809'><div class='entry-content-wrapper clearfix'>\n\n<style type=\"text\/css\" data-created_by=\"avia_inline_auto\" id=\"style-css-av-av_heading-031dca3f06a605282301b572fed4a4b4\">\n#top .av-special-heading.av-av_heading-031dca3f06a605282301b572fed4a4b4{\npadding-bottom:10px;\n}\nbody .av-special-heading.av-av_heading-031dca3f06a605282301b572fed4a4b4 .av-special-heading-tag .heading-char{\nfont-size:25px;\n}\n.av-special-heading.av-av_heading-031dca3f06a605282301b572fed4a4b4 .av-subheading{\nfont-size:15px;\n}\n<\/style>\n<div  class='av-special-heading av-av_heading-031dca3f06a605282301b572fed4a4b4 av-special-heading-h2 blockquote modern-quote  avia-builder-el-5  el_before_av_textblock  avia-builder-el-first '><h2 class='av-special-heading-tag '  itemprop=\"headline\"  >Informazioni generali<\/h2><div class=\"special-heading-border\"><div class=\"special-heading-inner-border\"><\/div><\/div><\/div>\n<section  class='av_textblock_section av-jrvsmfp6-84d72a1e554d996ec3f2a1eb9a25f8c0 '   itemscope=\"itemscope\" itemtype=\"https:\/\/schema.org\/CreativeWork\" ><div class='avia_textblock'  itemprop=\"text\" ><p>Il <a href=\"https:\/\/www.aau.at\/en\/international\/studying-in-klagenfurt\/more\/\">Programma MORE dell\u2019Universit\u00e0 di Klagenfurt (AAU)<\/a> permette a richiedenti asilo e rifugiati di avere accesso al sistema universitario austriaco. L\u2019obiettivo \u00e8 offrire, attraverso l\u2019accesso alla formazione universitaria, maggiori possibilit\u00e0 per il futuro.<\/p>\n<p>Richiedenti asilo e rifugiati* possono, grazie al Programma MORE, frequentare le lezioni in qualit\u00e0 di \u00abstudenti straordinari\u00bb, per approfondire le proprie conoscenze linguistiche e dottrinali. Nell\u2019ambito delle quattro Facolt\u00e0 dell\u2019Universit\u00e0 di Klagenfurt, sono state scelte e sono offerte agli\/alle studenti\/tesse del Programma MORE lezioni, che si possono concludere con un esame. Gli\/Le studenti\/tesse del Programma MORE sono esonerati\/e dal pagamento delle tasse (tasse universitarie e tassa \u00ab\u00d6H \u2013 \u00d6sterreichische Hochsch\u00fclerschaft\u00bb) e possono accedere ai servizi della Biblioteca dell\u2019Universit\u00e0.<\/p>\n<p>Poich\u00e9, all\u2019Universit\u00e0 di Klagenfurt, le lezioni sono tenute principalmente in tedesco o in inglese, \u00e8 richiesta una buona conoscenza della lingua tedesca o della lingua inglese (livello B1). Nell\u2019ambito del Programma MORE il Centro linguistico <strong>\u00abDeutsch in \u00d6sterreich\u00bb offre corsi di tedesco in forma gratuita<\/strong>, a parte un piccolo contributo (\u20ac 5,00) per i materiali didattici. Questo contributo deve essere corrisposto in contanti al Centro linguistico \u00abDeutsch in \u00d6sterreich\u00bb all\u2019atto dell\u2019iscrizione.<\/p>\n<p>I corsi di tedesco si svolgono nell&#8217;ambito dei corsi serali del semestre. Il nostro <strong>corso serale semestrale \u00e8 un corso universitario (ULG) dell\u2019Universit\u00e0 di Klagenfurt.<\/strong> Il corso si chiama <strong>\u00abTedesco come lingua straniera e seconda lingua\u00bb (DaF \/ DaZ)<\/strong> e si svolge sia nel semestre invernale che in quello estivo. L\u2019acquisizione della lingua tedesca si basa sui livelli di apprendimento delle lingue internazionali secondo <a href=\"https:\/\/www.coe.int\/en\/web\/common-european-framework-reference-languages\/home\">le linee guida del Consiglio d\u2019Europa<\/a> e gli obiettivi di apprendimento del portafoglio linguistico europeo.<\/p>\n<p>Alle persone interessate alle lingue di madrelingua non tedesca vengono offerti corsi di 6 unit\u00e0 didattiche (UD) per ciascuna settimana, divise in\u00a0<strong>due incontri 3 UD a settimana<\/strong>, questo durante ciascun semestre, che dura quattro mesi. Gli studenti che concludono con successo il corso universitario ottengono\u00a0<strong>9 crediti<\/strong>\u00a0<strong>ECTS\u00a0<\/strong>(European Credit Transfer System).<\/p>\n<p><strong>Chi pu\u00f2 partecipare al Programma MORE?<\/strong><\/p>\n<ul>\n<li>Richiedenti asilo in possesso del permesso di soggiorno (\u00abAufenthaltsberechtigungskarte\u00bb, secondo il \u00a7 51 della Legge \u00abAsylG\u00bb)<\/li>\n<li>Rifugiati*<\/li>\n<li>Coloro a cui \u00e8 stato riconosciuto il diritto alla protezione sussidiaria (\u00abSubsidi\u00e4r Schutzberechtigte\u00bb, secondo il \u00a7 52 della Legge \u00abAsylG\u00bb)<\/li>\n<li>Rifugiati \u00abtollerati\u00bb (\u00abGeduldete\u00bb secondo il \u00a7 46a della Legge \u00abFPG\u00bb)<\/li>\n<\/ul>\n<p><small>*Coloro che, al momento, fruiscono del diritto al reddito minimo (\u00abbedarfsorientierte Mindestsicherung\u00bb) sono pregati di rivolgersi al Centro per l\u2019impiego (\u00abArbeitsmarktservice\u00bb) di riferimento per chiedere se la partecipazione al Programma MORE comporti delle conseguenze a livello finanziario.<\/small><\/p>\n<\/div><\/section>\n\n<style type=\"text\/css\" data-created_by=\"avia_inline_auto\" id=\"style-css-av-k7um7l43-235827f6d6337e84212ab1d89a2207fd\">\n#top .hr.hr-invisible.av-k7um7l43-235827f6d6337e84212ab1d89a2207fd{\nheight:30px;\n}\n<\/style>\n<div  class='hr av-k7um7l43-235827f6d6337e84212ab1d89a2207fd hr-invisible  avia-builder-el-7  el_after_av_textblock  el_before_av_one_half '><span class='hr-inner '><span class=\"hr-inner-style\"><\/span><\/span><\/div>\n<div class='flex_column_table av-4d2dyb-4b9b0c82e1448f95a35546a57fbc82ac sc-av_one_half av-equal-height-column-flextable'>\n<style type=\"text\/css\" data-created_by=\"avia_inline_auto\" id=\"style-css-av-4d2dyb-4b9b0c82e1448f95a35546a57fbc82ac\">\n.flex_column.av-4d2dyb-4b9b0c82e1448f95a35546a57fbc82ac{\nborder-radius:0px 0px 0px 0px;\npadding:0px 0px 0px 0px;\n}\n<\/style>\n<div  class='flex_column av-4d2dyb-4b9b0c82e1448f95a35546a57fbc82ac av_one_half  avia-builder-el-8  el_after_av_hr  el_before_av_one_half  first flex_column_table_cell av-equal-height-column av-align-top av-zero-column-padding  '     ><section  class='av_textblock_section av-k7ukmm8x-2530340d36c57f6e4974c7ffadb768b7 '   itemscope=\"itemscope\" itemtype=\"https:\/\/schema.org\/CreativeWork\" ><div class='avia_textblock'  itemprop=\"text\" ><h3>Verifica del progresso di apprendimento<\/h3>\n<p>Il voto complessivo alla fine del corso deriva dalla <strong>prestazione parziale<\/strong> durante il corso (partecipazione attiva e partecipazione a prove intermedie) e dalla <strong>prova finale<\/strong> alla fine del semestre. Le quattro abilit\u00e0 linguistiche (parlare, scrivere, ascoltare, leggere) sono classificate separatamente e mostrate sul certificato del corso. <strong>Attenzione:<\/strong> se un\u2019abilit\u00e0 parziale viene valutata negativamente, si ottiene automaticamente un voto complessivo negativo.<\/p>\n<p><strong>Scala di valutazione:<\/strong> 1 molto bene \u2013 2 bene \u2013 3 discreto \u2013 4 sufficiente \u2013 5 insufficiente.<\/p>\n<\/div><\/section><\/div><div class='av-flex-placeholder'><\/div>\n<style type=\"text\/css\" data-created_by=\"avia_inline_auto\" id=\"style-css-av-4d2dyb-377bc6cd74222fa6f08372b9501058af\">\n.flex_column.av-4d2dyb-377bc6cd74222fa6f08372b9501058af{\nborder-radius:0px 0px 0px 0px;\npadding:0px 0px 0px 0px;\n}\n<\/style>\n<div  class='flex_column av-4d2dyb-377bc6cd74222fa6f08372b9501058af av_one_half  avia-builder-el-10  el_after_av_one_half  el_before_av_hr  flex_column_table_cell av-equal-height-column av-align-top av-zero-column-padding  '     ><section  class='av_textblock_section av-k7ukn382-632e5f739b84a9c9396d328c0e21784d '   itemscope=\"itemscope\" itemtype=\"https:\/\/schema.org\/CreativeWork\" ><div class='avia_textblock'  itemprop=\"text\" ><h3>Attestato di profitto e attestato di frequenza<\/h3>\n<p>Solo i\/le frequentanti \u2012 che risultano <strong>iscritti\/e regolarmente<\/strong> (cio\u00e8 che hanno versato TUTTI i contributi richiesti entro i termini di scadenza fissati) e non sono stati\/e assenti per pi\u00f9 di 3 lezioni \u2012 <strong>hanno diritto<\/strong> a ottenere <strong>l\u2019attestato finale del corso.<\/strong> In caso di assenze per motivate ragioni, si prega di prendere immediato contatto con la nostra struttura, che cercher\u00e0 di trovare una soluzione. Valgono come ragioni motivate quelle che non permettono di continuare a frequentare il corso (ad esempio, malattia, problemi familiari, situazioni imprevedibili ed inevitabili).<\/p>\n<\/div><\/section><\/div><\/div><!--close column table wrapper. Autoclose: 1 -->\n<style type=\"text\/css\" data-created_by=\"avia_inline_auto\" id=\"style-css-av-k7um7l43-08e462484a8ac4e86fa125b3823555e7\">\n#top .hr.hr-invisible.av-k7um7l43-08e462484a8ac4e86fa125b3823555e7{\nheight:15px;\n}\n<\/style>\n<div  class='hr av-k7um7l43-08e462484a8ac4e86fa125b3823555e7 hr-invisible  avia-builder-el-12  el_after_av_one_half  el_before_av_one_half '><span class='hr-inner '><span class=\"hr-inner-style\"><\/span><\/span><\/div>\n<div class='flex_column_table av-4d2dyb-4b9b0c82e1448f95a35546a57fbc82ac sc-av_one_half av-equal-height-column-flextable'>\n<style type=\"text\/css\" data-created_by=\"avia_inline_auto\" id=\"style-css-av-4d2dyb-4b9b0c82e1448f95a35546a57fbc82ac\">\n.flex_column.av-4d2dyb-4b9b0c82e1448f95a35546a57fbc82ac{\nborder-radius:0px 0px 0px 0px;\npadding:0px 0px 0px 0px;\n}\n<\/style>\n<div  class='flex_column av-4d2dyb-4b9b0c82e1448f95a35546a57fbc82ac av_one_half  avia-builder-el-13  el_after_av_hr  el_before_av_one_half  first flex_column_table_cell av-equal-height-column av-align-top av-zero-column-padding  '     ><section  class='av_textblock_section av-k7ukniv0-c7eb5bd106a27835230a06248f41e823 '   itemscope=\"itemscope\" itemtype=\"https:\/\/schema.org\/CreativeWork\" ><div class='avia_textblock'  itemprop=\"text\" ><h3>Attestati con votazione negativa<\/h3>\n<p>Se si conclude un corso con il voto \u00abnon sufficiente\/insufficiente\u00bb, si pu\u00f2 frequentare un corso successivo di livello pi\u00f9 elevato solo se<\/p>\n<ul>\n<li>prima dell\u2019inizio del corso successivo, si sostiene e supera un esame di recupero oppure<\/li>\n<li>se si presenta un altro attestato delle proprie competenze linguistiche, che la direzione dei corsi ritenga sufficiente e accetti come valido.<\/li>\n<\/ul>\n<\/div><\/section><\/div><div class='av-flex-placeholder'><\/div>\n<style type=\"text\/css\" data-created_by=\"avia_inline_auto\" id=\"style-css-av-1z8ytf-992a690b066e12d8d3a8431f5ec46451\">\n.flex_column.av-1z8ytf-992a690b066e12d8d3a8431f5ec46451{\nborder-radius:0px 0px 0px 0px;\npadding:0px 0px 0px 0px;\n}\n<\/style>\n<div  class='flex_column av-1z8ytf-992a690b066e12d8d3a8431f5ec46451 av_one_half  avia-builder-el-15  el_after_av_one_half  el_before_av_hr  flex_column_table_cell av-equal-height-column av-align-top av-zero-column-padding  '     ><section  class='av_textblock_section av-k7uknv9o-cec5c7cf9b83f04691d8d53a706ed2d7 '   itemscope=\"itemscope\" itemtype=\"https:\/\/schema.org\/CreativeWork\" ><div class='avia_textblock'  itemprop=\"text\" ><h3>Cambio o interruzione del corso<\/h3>\n<p>\u00c8 possibile passare da un corso all\u2019altro solo <strong>durante la prima settimana<\/strong> di lezione e previo accordo con la direzione. Se non segui il tuo corso (non ti presenti) o annulli la partecipazione al corso, <strong>nessun costo del corso pu\u00f2 essere rimborsato senza eccezioni.<\/strong> <strong>Pertanto, per favore registrati solo se sei sicuro di poter partecipare.<\/strong><\/p>\n<\/div><\/section><\/div><\/div><!--close column table wrapper. Autoclose: 1 -->\n<style type=\"text\/css\" data-created_by=\"avia_inline_auto\" id=\"style-css-av-jyr04iu4-075489bc41a41f4fa3bca862d072696c\">\n#top .hr.hr-invisible.av-jyr04iu4-075489bc41a41f4fa3bca862d072696c{\nheight:20px;\n}\n<\/style>\n<div  class='hr av-jyr04iu4-075489bc41a41f4fa3bca862d072696c hr-invisible  avia-builder-el-17  el_after_av_one_half  el_before_av_notification '><span class='hr-inner '><span class=\"hr-inner-style\"><\/span><\/span><\/div>\n\n<style type=\"text\/css\" data-created_by=\"avia_inline_auto\" id=\"style-css-av-jrteo024-f57a025c68b69632e4c0f94319f0ab7b\">\n.avia_message_box.av-jrteo024-f57a025c68b69632e4c0f94319f0ab7b{\nbackground-color:#c0032f;\ncolor:#ffffff;\n}\n.avia_message_box.av-jrteo024-f57a025c68b69632e4c0f94319f0ab7b .avia_message_box_icon.avia-svg-icon svg:first-child{\nfill:#ffffff;\nstroke:#ffffff;\n}\n<\/style>\n<div id='avia-messagebox-' class='avia_message_box av_notification av-jrteo024-f57a025c68b69632e4c0f94319f0ab7b avia-color-custom avia-size-normal avia-icon_select-yes avia-border-  avia-builder-el-18  el_after_av_hr  avia-builder-el-last ' ><div class=\"avia_message_box_content\"><span class='avia_message_box_icon avia-iconfont avia-font-entypo-fontello' data-av_icon='\ue83f' data-av_iconfont='entypo-fontello' ><\/span><p>Si prega di tenere conto che per tutti i corsi vige l\u2019obbligo di frequenza. In caso di pi\u00f9 di 3 assenze non giustificate, si perde il diritto all\u2019ottenimento di un attestato del corso.<\/p>\n<\/div><\/div>\n\n<\/div><\/div><\/div><!-- close content main div --><\/div><\/div><div id='test-ingresso'  class='avia-section av-39rzqr-45b32d2326f59e43738ed0703158f380 main_color avia-section-default avia-no-border-styling  avia-builder-el-19  el_after_av_section  el_before_av_section  avia-bg-style-scroll container_wrap sidebar_right'  ><div class='container av-section-cont-open' ><div class='template-page content  av-content-small alpha units'><div class='post-entry post-entry-type-page post-entry-501809'><div class='entry-content-wrapper clearfix'>\n\n<style type=\"text\/css\" data-created_by=\"avia_inline_auto\" id=\"style-css-av-av_heading-2d23d9bd7132bce0932a0b1fb101c94f\">\n#top .av-special-heading.av-av_heading-2d23d9bd7132bce0932a0b1fb101c94f{\npadding-bottom:10px;\n}\nbody .av-special-heading.av-av_heading-2d23d9bd7132bce0932a0b1fb101c94f .av-special-heading-tag .heading-char{\nfont-size:25px;\n}\n.av-special-heading.av-av_heading-2d23d9bd7132bce0932a0b1fb101c94f .av-subheading{\nfont-size:15px;\n}\n<\/style>\n<div  class='av-special-heading av-av_heading-2d23d9bd7132bce0932a0b1fb101c94f av-special-heading-h2 blockquote modern-quote  avia-builder-el-20  el_before_av_textblock  avia-builder-el-first '><h2 class='av-special-heading-tag '  itemprop=\"headline\"  >Test d\u2019Ingresso <\/h2><div class=\"special-heading-border\"><div class=\"special-heading-inner-border\"><\/div><\/div><\/div>\n<section  class='av_textblock_section av-jyr5m8zr-4304ee28fad33f2092a7e5047ef81136 '   itemscope=\"itemscope\" itemtype=\"https:\/\/schema.org\/CreativeWork\" ><div class='avia_textblock'  itemprop=\"text\" ><p>I\/Le corsisti\/e (esclusi gli\/le assoluti\/e principianti) vengono suddivisi\/e in classi di livello linguistico adeguato in base agli esiti del test d\u2019ingresso, che si tiene all\u2019inizio del semestre. Il test si compone di una <strong>parte orale<\/strong> (breve colloquio con un\/una nostro\/a insegnante) e una <strong>parte scritta<\/strong>, svolta con il computer. <strong>Attenzione:<\/strong> Bisogna essere iscritti\/e per poter partecipare a un test d\u2019ingresso.<\/p>\n<\/div><\/section>\n<div class='flex_column_table av-bx4743-0baaf835bfffd2b9f82e82ffeddf5ab4 sc-av_one_half av-equal-height-column-flextable'>\n<style type=\"text\/css\" data-created_by=\"avia_inline_auto\" id=\"style-css-av-bx4743-0baaf835bfffd2b9f82e82ffeddf5ab4\">\n.flex_column.av-bx4743-0baaf835bfffd2b9f82e82ffeddf5ab4{\nborder-width:2px;\nborder-color:#ffffff;\nborder-style:solid;\nborder-radius:0px 0px 0px 0px;\npadding:10px 10px 10px 10px;\nbackground-color:#f8f8f8;\n}\n<\/style>\n<div  class='flex_column av-bx4743-0baaf835bfffd2b9f82e82ffeddf5ab4 av_one_half  avia-builder-el-22  el_after_av_textblock  el_before_av_one_half  first no_margin flex_column_table_cell av-equal-height-column av-align-top  column-top-margin'     ><p><section  class='av_textblock_section av-k5meur1r-92bf0f1872892746588a64d720c0517f '   itemscope=\"itemscope\" itemtype=\"https:\/\/schema.org\/CreativeWork\" ><div class='avia_textblock'  itemprop=\"text\" ><p><strong>Test d\u2019ingresso necessario: NO<\/strong><\/p>\n<\/div><\/section><br \/>\n\n<style type=\"text\/css\" data-created_by=\"avia_inline_auto\" id=\"style-css-av-k5mexe71-5dee4d3e7f7f9aef72717ae067481f51\">\n#top .hr.av-k5mexe71-5dee4d3e7f7f9aef72717ae067481f51{\nmargin-top:0px;\nmargin-bottom:5px;\n}\n.hr.av-k5mexe71-5dee4d3e7f7f9aef72717ae067481f51 .hr-inner{\nwidth:50px;\n}\n<\/style>\n<div  class='hr av-k5mexe71-5dee4d3e7f7f9aef72717ae067481f51 hr-custom  avia-builder-el-24  el_after_av_textblock  el_before_av_textblock  hr-left hr-icon-no'><span class='hr-inner inner-border-av-border-thin'><span class=\"hr-inner-style\"><\/span><\/span><\/div><br \/>\n<section  class='av_textblock_section av-2xpblf-00d5518c66075a42cdbb617d44d2eee0 '   itemscope=\"itemscope\" itemtype=\"https:\/\/schema.org\/CreativeWork\" ><div class='avia_textblock'  itemprop=\"text\" ><section class=\"av_textblock_section \">\n<div class=\"avia_textblock \">\n<p>Nessun test di posizionamento necessario se<\/p>\n<ul>\n<li>sei un principiante assoluto,<\/li>\n<li>hai gi\u00e0 completato un corso serale nel semestre precedente,<\/li>\n<li>hai un certificato di esame (\u00d6IF, \u00d6SD) conseguito da non pi\u00f9 di un anno.<\/li>\n<\/ul>\n<\/div>\n<\/section>\n<\/div><\/section><\/p><\/div>\n<style type=\"text\/css\" data-created_by=\"avia_inline_auto\" id=\"style-css-av-bx4743-259f97459101d2fb965d1fcdfc57068e\">\n.flex_column.av-bx4743-259f97459101d2fb965d1fcdfc57068e{\nborder-width:2px;\nborder-color:#ffffff;\nborder-style:solid;\nborder-radius:0px 0px 0px 0px;\npadding:10px 10px 10px 10px;\nbackground-color:#f8f8f8;\n}\n<\/style>\n<div  class='flex_column av-bx4743-259f97459101d2fb965d1fcdfc57068e av_one_half  avia-builder-el-26  el_after_av_one_half  avia-builder-el-last  no_margin flex_column_table_cell av-equal-height-column av-align-top  column-top-margin'     ><p><section  class='av_textblock_section av-k5meur1r-92bf0f1872892746588a64d720c0517f '   itemscope=\"itemscope\" itemtype=\"https:\/\/schema.org\/CreativeWork\" ><div class='avia_textblock'  itemprop=\"text\" ><p><strong>Test d\u2019ingresso necessario: S\u00cc<\/strong><\/p>\n<\/div><\/section><br \/>\n\n<style type=\"text\/css\" data-created_by=\"avia_inline_auto\" id=\"style-css-av-k5mexe71-5dee4d3e7f7f9aef72717ae067481f51\">\n#top .hr.av-k5mexe71-5dee4d3e7f7f9aef72717ae067481f51{\nmargin-top:0px;\nmargin-bottom:5px;\n}\n.hr.av-k5mexe71-5dee4d3e7f7f9aef72717ae067481f51 .hr-inner{\nwidth:50px;\n}\n<\/style>\n<div  class='hr av-k5mexe71-5dee4d3e7f7f9aef72717ae067481f51 hr-custom  avia-builder-el-28  el_after_av_textblock  el_before_av_textblock  hr-left hr-icon-no'><span class='hr-inner inner-border-av-border-thin'><span class=\"hr-inner-style\"><\/span><\/span><\/div><br \/>\n<section  class='av_textblock_section av-k5meur1r-92bf0f1872892746588a64d720c0517f '   itemscope=\"itemscope\" itemtype=\"https:\/\/schema.org\/CreativeWork\" ><div class='avia_textblock'  itemprop=\"text\" ><p>Se non rientri in nessuno dei 3 punti precedentemente elencati, \u00e8 necessario sostenere il test d\u2019ingresso. Tuttavia, <strong>devi essere registrato<\/strong> per questo. Quindi dobbiamo sapere se e quando farai il test. In ogni caso, ti preghiamo di venire in ufficio in anticipo o di contattarci telefonicamente o via <a href=\"mailto:dia@aau.at\">e-mail<\/a>.<\/p>\n<\/div><\/section><\/p><\/div><\/div><!--close column table wrapper. Autoclose: 1 -->\n\n<\/div><\/div><\/div><!-- close content main div --><\/div><\/div><div id='iscrizione'  class='avia-section av-jsbuk6kt-2334d1d5e4cee78b9f59be3ca5e93f5e main_color avia-section-default avia-no-border-styling  avia-builder-el-30  el_after_av_section  el_before_av_section  avia-bg-style-scroll container_wrap sidebar_right'  ><div class='container av-section-cont-open' ><div class='template-page content  av-content-small alpha units'><div class='post-entry post-entry-type-page post-entry-501809'><div class='entry-content-wrapper clearfix'>\n\n<style type=\"text\/css\" data-created_by=\"avia_inline_auto\" id=\"style-css-av-av_heading-80495b87f26bcc137766799e25fff955\">\n#top .av-special-heading.av-av_heading-80495b87f26bcc137766799e25fff955{\npadding-bottom:10px;\n}\nbody .av-special-heading.av-av_heading-80495b87f26bcc137766799e25fff955 .av-special-heading-tag .heading-char{\nfont-size:25px;\n}\n.av-special-heading.av-av_heading-80495b87f26bcc137766799e25fff955 .av-subheading{\nfont-size:11px;\n}\n<\/style>\n<div  class='av-special-heading av-av_heading-80495b87f26bcc137766799e25fff955 av-special-heading-h2 blockquote modern-quote  avia-builder-el-31  el_before_av_textblock  avia-builder-el-first '><h2 class='av-special-heading-tag '  itemprop=\"headline\"  >Iscrizione <\/h2><div class=\"special-heading-border\"><div class=\"special-heading-inner-border\"><\/div><\/div><\/div>\n<section  class='av_textblock_section av-k8eihhcg-1d3ab0c7fbc751738e36dd08e1beeab5 '   itemscope=\"itemscope\" itemtype=\"https:\/\/schema.org\/CreativeWork\" ><div class='avia_textblock'  itemprop=\"text\" ><p><strong>Prerequisito per la partecipazione ai corsi \u00e8 la presentazione della domanda di ammissione all\u2019Ufficio Relazioni internazionali<\/strong> (\u00abInternational Office\u00bb) dell\u2019Universit\u00e0 di Klagenfurt (AAU), seguita da un colloquio di ammissione e, infine, dall\u2019assegnazione di un posto in base alla selezione operata dall\u2019Ufficio Relazioni internazionali stesso.<\/p>\n<p>Se sei ammesso al programma More, devi registrarti nel nostro ufficio del corso di lingua.<\/p>\n<p>Sono ammesse <strong>tutte le persone di et\u00e0 pari o superiore a 17 anni<\/strong>, a condizione che vi siano posti disponibili. Si prega di notare che \u00e8 possibile frequentare un solo corso di lingua in un semestre. La registrazione deve essere effettuata entro i termini previsti, dal luned\u00ec al venerd\u00ec, dalle 9:00 alle 12:00 e il gioved\u00ec, dalle 9:00 alle 15:00, presso l\u2019ufficio del corso di lingua, edificio est, 2\u00b0 piano, sala O.2.04.<\/p>\n<p><strong>Si prega di iscriversi, se possibile, entro le prime due settimane del periodo indicato.<\/strong> Data la disponibilit\u00e0 di un numero limitato di posti a semestre, pu\u00f2 succedere che il corso desiderato risulti al completo anche in caso di iscrizione effettuata entro i termini previsti. Durante il periodo d\u2019iscrizione viene stilata una lista di attesa. Gli\/Le studenti\/tesse iscritti\/e a tale lista verranno tempestivamente informati\/e nel caso si rendano disponibili ulteriori posti.<\/p>\n<\/div><\/section>\n\n<style type=\"text\/css\" data-created_by=\"avia_inline_auto\" id=\"style-css-av-av_heading-32a8cd25ee423d47979d42648c702a42\">\n#top .av-special-heading.av-av_heading-32a8cd25ee423d47979d42648c702a42{\npadding-bottom:10px;\n}\nbody .av-special-heading.av-av_heading-32a8cd25ee423d47979d42648c702a42 .av-special-heading-tag .heading-char{\nfont-size:25px;\n}\n.av-special-heading.av-av_heading-32a8cd25ee423d47979d42648c702a42 .av-subheading{\nfont-size:11px;\n}\n<\/style>\n<div  class='av-special-heading av-av_heading-32a8cd25ee423d47979d42648c702a42 av-special-heading-h2 blockquote modern-quote  avia-builder-el-33  el_after_av_textblock  el_before_av_iconlist '><h2 class='av-special-heading-tag '  itemprop=\"headline\"  >Domanda per il programma MORE<\/h2><div class='av-subheading av-subheading_below'><p>Iscrizione e procedura di selezione sono possibili esclusivamente presso l\u2019Ufficio Relazioni internazionali (\u201cInternational Office\u201d) dell\u2019Universit\u00e0. In caso di dubbi o domande, si prega di rivolgersi direttamente al seguente indirizzo di posta elettronica: more-initiative@aau.at<\/p>\n<\/div><div class=\"special-heading-border\"><div class=\"special-heading-inner-border\"><\/div><\/div><\/div>\n\n<style type=\"text\/css\" data-created_by=\"avia_inline_auto\" id=\"style-css-av-jwuqqyhp-1c7e74477fb2cb7dac80209fb92ca753\">\n#top .avia-icon-list-container.av-jwuqqyhp-1c7e74477fb2cb7dac80209fb92ca753 .iconlist_icon{\nbackground-color:#1f7399;\n}\n#top #wrap_all .avia-icon-list-container.av-jwuqqyhp-1c7e74477fb2cb7dac80209fb92ca753 .av_iconlist_title{\nfont-size:14px;\ncolor:#1f7399;\n}\n<\/style>\n<div  class='avia-icon-list-container av-jwuqqyhp-1c7e74477fb2cb7dac80209fb92ca753  avia-builder-el-34  el_after_av_heading  el_before_av_heading '><ul class='avia-icon-list avia_animate_when_almost_visible avia-icon-list-left av-iconlist-big av-jwuqqyhp-1c7e74477fb2cb7dac80209fb92ca753 avia-iconlist-animate'>\n<li><div class='iconlist_icon av-av_iconlist_item-4badb5f12bd1d970355bd52f7ef0607f avia-font-entypo-fontello avia-iconfont avia-font-entypo-fontello'><span class='av-icon-char' data-av_icon='\ue812' data-av_iconfont='entypo-fontello' aria-hidden=\"true\"><\/span><\/div><article class=\"article-icon-entry \"  itemscope=\"itemscope\" itemtype=\"https:\/\/schema.org\/CreativeWork\" ><div class=\"iconlist_content_wrap\"><header class=\"entry-content-header\" aria-label=\"Icona: Pre-iscrizione\"><h4 class='av_iconlist_title iconlist_title  av_inherit_color'  itemprop=\"headline\" >Pre-iscrizione<\/h4><\/header><div class='iconlist_content '  itemprop=\"text\" ><p>Pre-iscrizione via e-mail all\u2019indirizzo <a href=\"mailto:more-initiative@aau.at\">more-initiative@aau.at<\/a> con indicazione delle seguenti informazioni:<\/p>\n<ul>\n<li>dati personali (nome, cognome, nazionalit\u00e0, data di nascita, numero di telefono, indirizzo)<\/li>\n<li>foto\/immagine scannerizzata del permesso di soggiorno (ad esempio, \u00abwei\u00dfe Karte\u00bb)<\/li>\n<li>indicazione del percorso di studi desiderato (vedere lista dei programmi di studio dell\u2019Universit\u00e0 di Klagenfurt)<\/li>\n<li>denominazione e indirizzo dell\u2019ultima Scuola o dell\u2019ultimo Istituto frequentata\/o<\/li>\n<li>denominazione e indirizzo dell\u2019Universit\u00e0, dove si \u00e8 iniziato o completato un corso di studi<\/li>\n<li>certificato di conoscenza della lingua tedesca e\/o inglese, se disponibile<\/li>\n<li>eventualmente, indicare una persona di riferimento in Austria con i relativi dati (nome, istituzione, numero di telefono, indirizzo e-mail).<\/li>\n<\/ul>\n<p><strong>Scadenze per la registrazione:<\/strong> semestre estivo: 31 dicembre, semestre invernale: 31 luglio.<\/p>\n<\/div><\/div><footer class=\"entry-footer\"><\/footer><\/article><div class=\"iconlist-timeline\"><\/div><\/li>\n<li><div class='iconlist_icon av-av_iconlist_item-bd92e736dc54a16c414d3522bba3ee58 avia-font-entypo-fontello avia-iconfont avia-font-entypo-fontello'><span class='av-icon-char' data-av_icon='\ue812' data-av_iconfont='entypo-fontello' aria-hidden=\"true\"><\/span><\/div><article class=\"article-icon-entry \"  itemscope=\"itemscope\" itemtype=\"https:\/\/schema.org\/CreativeWork\" ><div class=\"iconlist_content_wrap\"><header class=\"entry-content-header\" aria-label=\"Icona: Invito a un colloquio di consulenza o di ammissione\"><h4 class='av_iconlist_title iconlist_title  av_inherit_color'  itemprop=\"headline\" >Invito a un colloquio di consulenza o di ammissione<\/h4><\/header><div class='iconlist_content '  itemprop=\"text\" ><p>Controlla la tua casella di posta regolarmente. Riceverai l&#8217;invito a un colloquio di consulenza o di ammissione via e-mail. Vieni all&#8217;Ufficio Internazionale dell&#8217;AAU (edificio di servizio, \u00abO\u00bb, 1 \u00b0 piano) all&#8217;orario concordato per un colloquio di consultazione o di ammissione.<\/p>\n<\/div><\/div><footer class=\"entry-footer\"><\/footer><\/article><div class=\"iconlist-timeline\"><\/div><\/li>\n<li><div class='iconlist_icon av-av_iconlist_item-c8ac7d4a8454f128015efe9e264f56b3 avia-font-entypo-fontello avia-iconfont avia-font-entypo-fontello'><span class='av-icon-char' data-av_icon='\ue812' data-av_iconfont='entypo-fontello' aria-hidden=\"true\"><\/span><\/div><article class=\"article-icon-entry \"  itemscope=\"itemscope\" itemtype=\"https:\/\/schema.org\/CreativeWork\" ><div class=\"iconlist_content_wrap\"><header class=\"entry-content-header\" aria-label=\"Icona: Ammissione al programma MORE\"><h4 class='av_iconlist_title iconlist_title  av_inherit_color'  itemprop=\"headline\" >Ammissione al programma MORE<\/h4><\/header><div class='iconlist_content '  itemprop=\"text\" ><p>Ammissione al Programma MORE presso la Segreteria Studenti (\u00abStudien- und Pr\u00fcfungsabteilung\u00bb) dell\u2019Universit\u00e0 di Klagenfurt. Si prega di portare con s\u00e9 il permesso di soggiorno (in originale).<\/p>\n<\/div><\/div><footer class=\"entry-footer\"><\/footer><\/article><div class=\"iconlist-timeline\"><\/div><\/li>\n<li><div class='iconlist_icon av-av_iconlist_item-c4a494e43cd8ed492fd3e3afb38abd05 avia-font-entypo-fontello avia-iconfont avia-font-entypo-fontello'><span class='av-icon-char' data-av_icon='\ue812' data-av_iconfont='entypo-fontello' aria-hidden=\"true\"><\/span><\/div><article class=\"article-icon-entry \"  itemscope=\"itemscope\" itemtype=\"https:\/\/schema.org\/CreativeWork\" ><div class=\"iconlist_content_wrap\"><header class=\"entry-content-header\" aria-label=\"Icona: Scegli i tuoi corsi\"><h4 class='av_iconlist_title iconlist_title  av_inherit_color'  itemprop=\"headline\" >Scegli i tuoi corsi<\/h4><\/header><div class='iconlist_content '  itemprop=\"text\" ><p>Scegliere le proprie lezioni dalla lista dei corsi disponibile presso l\u2019Ufficio Internazionale dell&#8217;AAU e iscriversi online con il proprio account di studente.<\/p>\n<\/div><\/div><footer class=\"entry-footer\"><\/footer><\/article><div class=\"iconlist-timeline\"><\/div><\/li>\n<\/ul><\/div>\n\n<style type=\"text\/css\" data-created_by=\"avia_inline_auto\" id=\"style-css-av-kbgok2ci-ca787225b0c198e45d4504c1e16021e9\">\n#top .av-special-heading.av-kbgok2ci-ca787225b0c198e45d4504c1e16021e9{\npadding-bottom:10px;\n}\nbody .av-special-heading.av-kbgok2ci-ca787225b0c198e45d4504c1e16021e9 .av-special-heading-tag .heading-char{\nfont-size:25px;\n}\n.av-special-heading.av-kbgok2ci-ca787225b0c198e45d4504c1e16021e9 .av-subheading{\nfont-size:11px;\n}\n<\/style>\n<div  class='av-special-heading av-kbgok2ci-ca787225b0c198e45d4504c1e16021e9 av-special-heading-h2 blockquote modern-quote  avia-builder-el-35  el_after_av_iconlist  el_before_av_iconlist '><h2 class='av-special-heading-tag '  itemprop=\"headline\"  >Iscrizione al corso di tedesco<\/h2><div class='av-subheading av-subheading_below'><p>Per l&#8217;iscrizione, da effettuarsi, senza alcuna eccezione, di persona, sono necessari:<\/p>\n<\/div><div class=\"special-heading-border\"><div class=\"special-heading-inner-border\"><\/div><\/div><\/div>\n\n<style type=\"text\/css\" data-created_by=\"avia_inline_auto\" id=\"style-css-av-jyzi6z0o-98bc6877dd3ba824b32c632ac91c9efc\">\n#top .avia-icon-list-container.av-jyzi6z0o-98bc6877dd3ba824b32c632ac91c9efc .iconlist_icon{\nbackground-color:#1f7399;\n}\n#top #wrap_all .avia-icon-list-container.av-jyzi6z0o-98bc6877dd3ba824b32c632ac91c9efc .av_iconlist_title{\nfont-size:14px;\ncolor:#1f7399;\n}\n<\/style>\n<div  class='avia-icon-list-container av-jyzi6z0o-98bc6877dd3ba824b32c632ac91c9efc  avia-builder-el-36  el_after_av_heading  avia-builder-el-last '><ul class='avia-icon-list avia_animate_when_almost_visible avia-icon-list-left av-iconlist-big av-jyzi6z0o-98bc6877dd3ba824b32c632ac91c9efc avia-iconlist-animate'>\n<li><div class='iconlist_icon av-42y0x5-aacced419ead958a7f8a901fb88aa478 avia-font-entypo-fontello avia-iconfont avia-font-entypo-fontello'><span class='av-icon-char' data-av_icon='\ue840' data-av_iconfont='entypo-fontello' aria-hidden=\"true\"><\/span><\/div><article class=\"article-icon-entry \"  itemscope=\"itemscope\" itemtype=\"https:\/\/schema.org\/CreativeWork\" ><div class=\"iconlist_content_wrap\"><header class=\"entry-content-header\" aria-label=\"Icona: ID studente (AAU.card)\"><h4 class='av_iconlist_title iconlist_title  av_inherit_color'  itemprop=\"headline\" >ID studente (AAU.card)<\/h4><\/header><div class='iconlist_content '  itemprop=\"text\" ><p>La AAU.card \u00e8 il documento d\u2019identit\u00e0 elettronico dello studente dell\u2019Universit\u00e0 di Klagenfurt. Essa \u00e8 provvista di un chip senza contatto per l\u2019identificazione e come badge di accesso. La durata della validit\u00e0 del documento \u00e8 indicata sul documento stesso nel campo dedicato. Tale campo \u00e8 riscrivibile e pu\u00f2 essere modificato (aggiornato, rispettivamente ristampato) in una postazione di stampa ubicata davanti alla Segreteria studenti (\u00abStudien- und Pr\u00fcfungsabteilung\u00bb, \u00abZentralgeb\u00e4ude\u00bb), in modalit\u00e0 self-service.<\/p>\n<\/div><\/div><footer class=\"entry-footer\"><\/footer><\/article><div class=\"iconlist-timeline\"><\/div><\/li>\n<li><div class='iconlist_icon av-637u1l-9e4bc455405a11d0c9305818ec589cc9 avia-font-entypo-fontello avia-iconfont avia-font-entypo-fontello'><span class='av-icon-char' data-av_icon='\ue800' data-av_iconfont='entypo-fontello' aria-hidden=\"true\"><\/span><\/div><article class=\"article-icon-entry \"  itemscope=\"itemscope\" itemtype=\"https:\/\/schema.org\/CreativeWork\" ><div class=\"iconlist_content_wrap\"><header class=\"entry-content-header\" aria-label=\"Icona: Scheda dello studente\"><h4 class='av_iconlist_title iconlist_title  av_inherit_color'  itemprop=\"headline\" >Scheda dello studente<\/h4><\/header><div class='iconlist_content '  itemprop=\"text\" ><p>Se l\u2019ultimo semestre frequentato non precede immediatamente quello corrente, sar\u00e0 necessaria una <a href=\"https:\/\/www.aau.at\/wp-content\/uploads\/sites\/6\/2015\/09\/Studierendendatenblatt.pdf\" target=\"_blank\" rel=\"noopener noreferrer\">scheda dello studente<\/a> debitamente compilata e firmata.<\/p>\n<\/div><\/div><footer class=\"entry-footer\"><\/footer><\/article><div class=\"iconlist-timeline\"><\/div><\/li>\n<li><div class='iconlist_icon av-457oqh-701bb990c88f9780856ae0d2cd699946 avia-font-entypo-fontello avia-iconfont avia-font-entypo-fontello'><span class='av-icon-char' data-av_icon='\ue800' data-av_iconfont='entypo-fontello' aria-hidden=\"true\"><\/span><\/div><article class=\"article-icon-entry \"  itemscope=\"itemscope\" itemtype=\"https:\/\/schema.org\/CreativeWork\" ><div class=\"iconlist_content_wrap\"><header class=\"entry-content-header\" aria-label=\"Icona: Certificato di residenza \"><h4 class='av_iconlist_title iconlist_title  av_inherit_color'  itemprop=\"headline\" >Certificato di residenza <\/h4><\/header><div class='iconlist_content '  itemprop=\"text\" ><p>In caso l\u2019indirizzo sia cambiato rispetto all\u2019ultima iscrizione, si prega di presentare un <a href=\"https:\/\/www.oesterreich.gv.at\/themen\/dokumente_und_recht\/an__abmeldung_des_wohnsitzes\/Seite.1180300.html#ZustaendigeStellen\" target=\"_blank\" rel=\"noopener noreferrer\">certificato di residenza<\/a> aggiornato.<\/p>\n<\/div><\/div><footer class=\"entry-footer\"><\/footer><\/article><div class=\"iconlist-timeline\"><\/div><\/li>\n<li><div class='iconlist_icon av-av_iconlist_item-011fcac04c55cd6d5703dda5d949059e avia-font-entypo-fontello avia-iconfont avia-font-entypo-fontello'><span class='av-icon-char' data-av_icon='\ue859' data-av_iconfont='entypo-fontello' aria-hidden=\"true\"><\/span><\/div><article class=\"article-icon-entry \"  itemscope=\"itemscope\" itemtype=\"https:\/\/schema.org\/CreativeWork\" ><div class=\"iconlist_content_wrap\"><header class=\"entry-content-header\" aria-label=\"Icona: Costi del corso\"><h4 class='av_iconlist_title iconlist_title  av_inherit_color'  itemprop=\"headline\" >Costi del corso<\/h4><\/header><div class='iconlist_content '  itemprop=\"text\" ><p><strong>I<\/strong> <strong>costi del corso<\/strong> devono essere versati in contanti. Uno sportello automatico bancomat e una banca sono situati al piano terra del \u00abServicegeb\u00e4ude\u00bb.<\/p>\n<\/div><\/div><footer class=\"entry-footer\"><\/footer><\/article><div class=\"iconlist-timeline\"><\/div><\/li>\n<\/ul><\/div>\n\n<\/div><\/div><\/div><!-- close content main div --><\/div><\/div>\n<style type=\"text\/css\" data-created_by=\"avia_inline_auto\" id=\"style-css-av-jxd93xvx-8f9f1acf1603a8029f88c89f45d1e905\">\n.avia-section.av-jxd93xvx-8f9f1acf1603a8029f88c89f45d1e905{\nbackground-color:#1f7399;\nbackground-image:unset;\n}\n<\/style>\n<div id='date-importanti'  class='avia-section av-jxd93xvx-8f9f1acf1603a8029f88c89f45d1e905 main_color avia-section-default avia-no-border-styling  avia-builder-el-37  el_after_av_section  el_before_av_section  avia-bg-style-scroll container_wrap sidebar_right'  ><div class='container av-section-cont-open' ><div class='template-page content  av-content-small alpha units'><div class='post-entry post-entry-type-page post-entry-501809'><div class='entry-content-wrapper clearfix'>\n\n<style type=\"text\/css\" data-created_by=\"avia_inline_auto\" id=\"style-css-av-av_heading-baa47eb3c73f076b4cb98823caf0efe3\">\n#top .av-special-heading.av-av_heading-baa47eb3c73f076b4cb98823caf0efe3{\npadding-bottom:10px;\ncolor:#ffffff;\n}\nbody .av-special-heading.av-av_heading-baa47eb3c73f076b4cb98823caf0efe3 .av-special-heading-tag .heading-char{\nfont-size:25px;\n}\n.av-special-heading.av-av_heading-baa47eb3c73f076b4cb98823caf0efe3 .special-heading-inner-border{\nborder-color:#ffffff;\n}\n.av-special-heading.av-av_heading-baa47eb3c73f076b4cb98823caf0efe3 .av-subheading{\nfont-size:15px;\n}\n<\/style>\n<div  class='av-special-heading av-av_heading-baa47eb3c73f076b4cb98823caf0efe3 av-special-heading-h2 custom-color-heading blockquote modern-quote  avia-builder-el-38  el_before_av_textblock  avia-builder-el-first  av-linked-heading'><h2 class='av-special-heading-tag '  itemprop=\"headline\"  >Date semestre invernale 2020\/21<\/h2><div class=\"special-heading-border\"><div class=\"special-heading-inner-border\"><\/div><\/div><\/div>\n\n<style type=\"text\/css\" data-created_by=\"avia_inline_auto\" id=\"style-css-av-jxd8x3dl-6b1fc75a545174cb5a90b31a97daa35a\">\n#top .av_textblock_section.av-jxd8x3dl-6b1fc75a545174cb5a90b31a97daa35a .avia_textblock{\ncolor:#ffffff;\n}\n<\/style>\n<section  class='av_textblock_section av-jxd8x3dl-6b1fc75a545174cb5a90b31a97daa35a '   itemscope=\"itemscope\" itemtype=\"https:\/\/schema.org\/CreativeWork\" ><div class='avia_textblock av_inherit_color'  itemprop=\"text\" ><p><strong><span style=\"color: #ffffff;\">Domanda per il programma MORE:<\/span><\/strong> 31 dicembre per il semestre estivo; 31 luglio per il semestre invernale.<\/p>\n<p><strong><span style=\"color: #ffffff;\">Iscrizione al corso di tedesco:<\/span><\/strong> 21.09. &#8211; 09.10.2020<\/p>\n<p><strong><span style=\"color: #ffffff;\">Test d&#8217;ingresso:<\/span><\/strong> 18.10.2020, 18:00 o 20.10.2020, 17:00<\/p>\n<p><strong><span style=\"color: #ffffff;\">Durata del corso:<\/span><\/strong> 12.10.2020 &#8211; 29.01.2021<\/p>\n<\/div><\/section>\n\n<\/div><\/div><\/div><!-- close content main div --><\/div><\/div><div id='orario'  class='avia-section av-jsn38tn4-04ebe0f5d1984b0fc521b4a203e0dcfa main_color avia-section-default avia-no-border-styling  avia-builder-el-40  el_after_av_section  avia-builder-el-last  avia-bg-style-scroll container_wrap sidebar_right'  ><div class='container av-section-cont-open' ><div class='template-page content  av-content-small alpha units'><div class='post-entry post-entry-type-page post-entry-501809'><div class='entry-content-wrapper clearfix'>\n\n<style type=\"text\/css\" data-created_by=\"avia_inline_auto\" id=\"style-css-av-k7ulmtn7-b99bb0c945a1aae3d3209bdf5dfb1141\">\n#top .hr.hr-invisible.av-k7ulmtn7-b99bb0c945a1aae3d3209bdf5dfb1141{\nheight:30px;\n}\n<\/style>\n<div  class='hr av-k7ulmtn7-b99bb0c945a1aae3d3209bdf5dfb1141 hr-invisible  avia-builder-el-41  el_before_av_heading  avia-builder-el-first '><span class='hr-inner '><span class=\"hr-inner-style\"><\/span><\/span><\/div>\n\n<style type=\"text\/css\" data-created_by=\"avia_inline_auto\" id=\"style-css-av-kclzulmf-bfcf920e0387d9b7c7705ef2f71269a7\">\n#top .av-special-heading.av-kclzulmf-bfcf920e0387d9b7c7705ef2f71269a7{\npadding-bottom:10px;\n}\nbody .av-special-heading.av-kclzulmf-bfcf920e0387d9b7c7705ef2f71269a7 .av-special-heading-tag .heading-char{\nfont-size:25px;\n}\n.av-special-heading.av-kclzulmf-bfcf920e0387d9b7c7705ef2f71269a7 .av-subheading{\nfont-size:15px;\n}\n<\/style>\n<div  class='av-special-heading av-kclzulmf-bfcf920e0387d9b7c7705ef2f71269a7 av-special-heading-h2 blockquote modern-quote  avia-builder-el-42  el_after_av_hr  avia-builder-el-last  av-linked-heading'><h2 class='av-special-heading-tag '  itemprop=\"headline\"  ><a class=\"av-heading-link\" href=\"https:\/\/dia-test.aau.at\/it\/it\/tedesco-dafdaz\/#calendario-corsi\" target=\"_blank\"  rel=\"noopener noreferrer\" >Orario: Semestre invernale 2020\/21<\/a><\/h2><div class=\"special-heading-border\"><div class=\"special-heading-inner-border\"><\/div><\/div><\/div>\n<\/div><\/div><\/div><!-- close content main div --><\/div><\/div><div id='after_section_6'  class='main_color av_default_container_wrap container_wrap sidebar_right'  ><div class='container av-section-cont-open' ><div class='template-page content  av-content-small alpha units'><div class='post-entry post-entry-type-page post-entry-501809'><div class='entry-content-wrapper clearfix'>\n","protected":false},"excerpt":{"rendered":"","protected":false},"author":2,"featured_media":0,"parent":0,"menu_order":0,"comment_status":"closed","ping_status":"closed","template":"","meta":{"footnotes":""},"class_list":["post-501809","page","type-page","status-publish","hentry"],"yoast_head":"<!-- This site is optimized with the Yoast SEO plugin v26.7 - https:\/\/yoast.com\/wordpress\/plugins\/seo\/ -->\n<title>German Courses \u2013 MORE - Deutsch in \u00d6sterreich - AAU (IT)<\/title>\n<meta name=\"robots\" content=\"index, follow, max-snippet:-1, max-image-preview:large, max-video-preview:-1\" \/>\n<link rel=\"canonical\" href=\"https:\/\/dia.aau.at\/it\/tedesco-more\/\" \/>\n<meta property=\"og:locale\" content=\"it_IT\" \/>\n<meta property=\"og:type\" content=\"article\" \/>\n<meta property=\"og:title\" content=\"German Courses \u2013 MORE - Deutsch in \u00d6sterreich - AAU (IT)\" \/>\n<meta property=\"og:url\" content=\"https:\/\/dia.aau.at\/it\/tedesco-more\/\" \/>\n<meta property=\"og:site_name\" content=\"Deutsch in \u00d6sterreich - AAU (IT)\" \/>\n<meta property=\"article:modified_time\" content=\"2023-08-08T11:27:22+00:00\" \/>\n<meta name=\"twitter:card\" content=\"summary_large_image\" \/>\n<meta name=\"twitter:label1\" content=\"Tempo di lettura stimato\" \/>\n\t<meta name=\"twitter:data1\" content=\"24 minuti\" \/>\n<script type=\"application\/ld+json\" class=\"yoast-schema-graph\">{\"@context\":\"https:\/\/schema.org\",\"@graph\":[{\"@type\":\"WebPage\",\"@id\":\"https:\/\/dia.aau.at\/it\/tedesco-more\/\",\"url\":\"https:\/\/dia.aau.at\/it\/tedesco-more\/\",\"name\":\"German Courses \u2013 MORE - Deutsch in \u00d6sterreich - AAU (IT)\",\"isPartOf\":{\"@id\":\"https:\/\/dia.aau.at\/it\/#website\"},\"datePublished\":\"2020-06-14T21:00:18+00:00\",\"dateModified\":\"2023-08-08T11:27:22+00:00\",\"breadcrumb\":{\"@id\":\"https:\/\/dia.aau.at\/it\/tedesco-more\/#breadcrumb\"},\"inLanguage\":\"it-IT\",\"potentialAction\":[{\"@type\":\"ReadAction\",\"target\":[\"https:\/\/dia.aau.at\/it\/tedesco-more\/\"]}]},{\"@type\":\"BreadcrumbList\",\"@id\":\"https:\/\/dia.aau.at\/it\/tedesco-more\/#breadcrumb\",\"itemListElement\":[{\"@type\":\"ListItem\",\"position\":1,\"name\":\"Startseite\",\"item\":\"https:\/\/dia.aau.at\/it\/\"},{\"@type\":\"ListItem\",\"position\":2,\"name\":\"German Courses \u2013 MORE\"}]},{\"@type\":\"WebSite\",\"@id\":\"https:\/\/dia.aau.at\/it\/#website\",\"url\":\"https:\/\/dia.aau.at\/it\/\",\"name\":\"Deutsch in \u00d6sterreich - AAU (IT)\",\"description\":\"German and other languages at the University of Klagenfurt\",\"potentialAction\":[{\"@type\":\"SearchAction\",\"target\":{\"@type\":\"EntryPoint\",\"urlTemplate\":\"https:\/\/dia.aau.at\/it\/?s={search_term_string}\"},\"query-input\":{\"@type\":\"PropertyValueSpecification\",\"valueRequired\":true,\"valueName\":\"search_term_string\"}}],\"inLanguage\":\"it-IT\"}]}<\/script>\n<!-- \/ Yoast SEO plugin. -->","yoast_head_json":{"title":"German Courses \u2013 MORE - Deutsch in \u00d6sterreich - AAU (IT)","robots":{"index":"index","follow":"follow","max-snippet":"max-snippet:-1","max-image-preview":"max-image-preview:large","max-video-preview":"max-video-preview:-1"},"canonical":"https:\/\/dia.aau.at\/it\/tedesco-more\/","og_locale":"it_IT","og_type":"article","og_title":"German Courses \u2013 MORE - Deutsch in \u00d6sterreich - AAU (IT)","og_url":"https:\/\/dia.aau.at\/it\/tedesco-more\/","og_site_name":"Deutsch in \u00d6sterreich - AAU (IT)","article_modified_time":"2023-08-08T11:27:22+00:00","twitter_card":"summary_large_image","twitter_misc":{"Tempo di lettura stimato":"24 minuti"},"schema":{"@context":"https:\/\/schema.org","@graph":[{"@type":"WebPage","@id":"https:\/\/dia.aau.at\/it\/tedesco-more\/","url":"https:\/\/dia.aau.at\/it\/tedesco-more\/","name":"German Courses \u2013 MORE - Deutsch in \u00d6sterreich - AAU (IT)","isPartOf":{"@id":"https:\/\/dia.aau.at\/it\/#website"},"datePublished":"2020-06-14T21:00:18+00:00","dateModified":"2023-08-08T11:27:22+00:00","breadcrumb":{"@id":"https:\/\/dia.aau.at\/it\/tedesco-more\/#breadcrumb"},"inLanguage":"it-IT","potentialAction":[{"@type":"ReadAction","target":["https:\/\/dia.aau.at\/it\/tedesco-more\/"]}]},{"@type":"BreadcrumbList","@id":"https:\/\/dia.aau.at\/it\/tedesco-more\/#breadcrumb","itemListElement":[{"@type":"ListItem","position":1,"name":"Startseite","item":"https:\/\/dia.aau.at\/it\/"},{"@type":"ListItem","position":2,"name":"German Courses \u2013 MORE"}]},{"@type":"WebSite","@id":"https:\/\/dia.aau.at\/it\/#website","url":"https:\/\/dia.aau.at\/it\/","name":"Deutsch in \u00d6sterreich - AAU (IT)","description":"German and other languages at the University of Klagenfurt","potentialAction":[{"@type":"SearchAction","target":{"@type":"EntryPoint","urlTemplate":"https:\/\/dia.aau.at\/it\/?s={search_term_string}"},"query-input":{"@type":"PropertyValueSpecification","valueRequired":true,"valueName":"search_term_string"}}],"inLanguage":"it-IT"}]}},"_links":{"self":[{"href":"https:\/\/dia.aau.at\/it\/wp-json\/wp\/v2\/pages\/501809","targetHints":{"allow":["GET"]}}],"collection":[{"href":"https:\/\/dia.aau.at\/it\/wp-json\/wp\/v2\/pages"}],"about":[{"href":"https:\/\/dia.aau.at\/it\/wp-json\/wp\/v2\/types\/page"}],"author":[{"embeddable":true,"href":"https:\/\/dia.aau.at\/it\/wp-json\/wp\/v2\/users\/2"}],"replies":[{"embeddable":true,"href":"https:\/\/dia.aau.at\/it\/wp-json\/wp\/v2\/comments?post=501809"}],"version-history":[{"count":12,"href":"https:\/\/dia.aau.at\/it\/wp-json\/wp\/v2\/pages\/501809\/revisions"}],"predecessor-version":[{"id":518733,"href":"https:\/\/dia.aau.at\/it\/wp-json\/wp\/v2\/pages\/501809\/revisions\/518733"}],"wp:attachment":[{"href":"https:\/\/dia.aau.at\/it\/wp-json\/wp\/v2\/media?parent=501809"}],"curies":[{"name":"wp","href":"https:\/\/api.w.org\/{rel}","templated":true}]}}