{"id":503522,"date":"2025-11-26T11:00:52","date_gmt":"2025-11-26T10:00:52","guid":{"rendered":"https:\/\/dia-test.aau.at\/it\/esami-di-integrazione-oeif\/"},"modified":"2026-01-21T11:13:56","modified_gmt":"2026-01-21T10:13:56","slug":"esami-oeif","status":"publish","type":"page","link":"https:\/\/dia.aau.at\/it\/esami-oeif\/","title":{"rendered":"Exams \u2013 \u00d6IF"},"content":{"rendered":"\n<style type=\"text\/css\" data-created_by=\"avia_inline_auto\" id=\"style-css-av-jsnfoctx-38dec3f3855ffd8bcb0aa9a194eaf05f\">\n.avia-section.av-jsnfoctx-38dec3f3855ffd8bcb0aa9a194eaf05f{\nbackground-repeat:no-repeat;\nbackground-image:url(https:\/\/dia.aau.at\/it\/wp-content\/uploads\/sites\/6\/2020\/07\/Titelbild-022-Pressfoto_freepik.com-Free-License.jpg);\nbackground-position:50% 50%;\nbackground-attachment:fixed;\n}\n<\/style>\n<div id='av_section_1'  class='avia-section av-jsnfoctx-38dec3f3855ffd8bcb0aa9a194eaf05f main_color avia-section-default avia-no-border-styling  avia-builder-el-0  el_before_av_submenu  avia-builder-el-first  avia-full-stretch avia-bg-style-fixed av-minimum-height av-minimum-height-50 av-height-50  container_wrap sidebar_right'  data-section-bg-repeat='stretch' data-av_minimum_height_pc='50' data-av_min_height_opt='50'><div class='container av-section-cont-open' ><main  role=\"main\" itemprop=\"mainContentOfPage\"  class='template-page content  av-content-small alpha units'><div class='post-entry post-entry-type-page post-entry-503522'><div class='entry-content-wrapper clearfix'>\n<\/div><\/div><\/main><!-- close content main element --><\/div><\/div><div class='clear'><\/div><div id='sub_menu1'  class='av-submenu-container av-jsblq39v-6ca2364a5e9e64292feb5c3ef5689f0b alternate_color av-switch-768  avia-builder-el-1  el_after_av_section  el_before_av_heading  av-sticky-submenu submenu-not-first container_wrap sidebar_right' style='z-index:301' ><div class='container av-menu-mobile-active av-submenu-pos-center av-submenu-hidden'><a href=\"#\" class=\"mobile_menu_toggle\"><span class='avia-svg-icon avia-font-svg_entypo-fontello' data-av_svg_icon='list' data-av_iconset='svg_entypo-fontello'><svg version=\"1.1\" xmlns=\"http:\/\/www.w3.org\/2000\/svg\" width=\"22\" height=\"32\" viewBox=\"0 0 22 32\" preserveAspectRatio=\"xMidYMid meet\" aria-labelledby='av-svg-title-1' aria-describedby='av-svg-desc-1' role=\"graphics-symbol\" aria-hidden=\"true\">\n<title id='av-svg-title-1'>List<\/title>\n<desc id='av-svg-desc-1'>List<\/desc>\n<path d=\"M3.2 20.8q0.64 0 1.12 0.48t0.48 1.12-0.48 1.12-1.12 0.48h-1.6q-0.64 0-1.12-0.48t-0.48-1.12 0.448-1.12 1.152-0.48h1.6zM3.2 14.4q0.64 0 1.12 0.48t0.48 1.12-0.48 1.12-1.12 0.48h-1.6q-0.64 0-1.12-0.48t-0.48-1.12 0.448-1.12 1.152-0.48h1.6zM3.2 8q0.64 0 1.12 0.48t0.48 1.12-0.48 1.12-1.12 0.48h-1.6q-0.64 0-1.12-0.48t-0.48-1.12 0.448-1.12 1.152-0.48h1.6zM9.6 11.2q-0.64 0-1.12-0.48t-0.48-1.12 0.48-1.12 1.12-0.48h11.2q0.704 0 1.152 0.48t0.448 1.12-0.48 1.12-1.12 0.48h-11.2zM20.8 14.4q0.704 0 1.152 0.48t0.448 1.12-0.48 1.12-1.12 0.48h-11.2q-0.64 0-1.12-0.48t-0.48-1.12 0.48-1.12 1.12-0.48h11.2zM20.8 20.8q0.704 0 1.152 0.48t0.448 1.12-0.48 1.12-1.12 0.48h-11.2q-0.64 0-1.12-0.48t-0.48-1.12 0.48-1.12 1.12-0.48h11.2z\"><\/path>\n<\/svg><\/span><span class=\"av-current-placeholder\">Menu<\/span><\/a><ul id='av-custom-submenu-1' class='av-subnav-menu' role='menu'>\n<li class='menu-item av-mlwg6ci-cb77a9eb8615f37c54a91e9b99ab6030 menu-item-top-level av-menu-button av-menu-button-bordered menu-item-top-level-1' role='menuitem'><a href='#registrazione'  ><span class='avia-bullet'><\/span><span class='avia-menu-text'>Registrazione Online<\/span><\/a><\/li>\n<li class='menu-item av-3lo9rdnm-a47f0d8e95227887f1e603f090c6f40c menu-item-top-level menu-item-top-level-2' role='menuitem'><a href='#informazioni-generali'  ><span class='avia-bullet'><\/span><span class='avia-menu-text'>Informazioni generali<\/span><\/a><\/li>\n<li class='menu-item av-ohonfv-a86e1ddd5f2ba47f109d4d39ed2cee5a menu-item-top-level menu-item-top-level-3' role='menuitem'><a href='#livelli'  ><span class='avia-bullet'><\/span><span class='avia-menu-text'>Livelli degli esami <\/span><\/a><\/li>\n<li class='menu-item av-cm726xu-792ec0b11e35e02180eb0ffe7c9656dd menu-item-top-level menu-item-top-level-4' role='menuitem'><a href='#requisiti'  ><span class='avia-bullet'><\/span><span class='avia-menu-text'>Requisiti per la partecipazione<\/span><\/a><\/li>\n<li class='menu-item av-3e3xqf4y-050acd95dfea4e5869c1fc3f656a2600 menu-item-top-level menu-item-top-level-5' role='menuitem'><a href='#contratto-di-integrazione'  ><span class='avia-bullet'><\/span><span class='avia-menu-text'>Contratto di integrazione <\/span><\/a><\/li>\n<\/ul><\/div><\/div><div class='sticky_placeholder'><\/div><div id='after_submenu_1'  class='main_color av_default_container_wrap container_wrap sidebar_right'  ><div class='container av-section-cont-open' ><div class='template-page content  av-content-small alpha units'><div class='post-entry post-entry-type-page post-entry-503522'><div class='entry-content-wrapper clearfix'>\n\n<style type=\"text\/css\" data-created_by=\"avia_inline_auto\" id=\"style-css-av-cwp4g2q-88c9fedc35b3acdf4728fd5eddb5d4f7\">\n#top .av-special-heading.av-cwp4g2q-88c9fedc35b3acdf4728fd5eddb5d4f7{\npadding-bottom:10px;\n}\nbody .av-special-heading.av-cwp4g2q-88c9fedc35b3acdf4728fd5eddb5d4f7 .av-special-heading-tag .heading-char{\nfont-size:25px;\n}\n.av-special-heading.av-cwp4g2q-88c9fedc35b3acdf4728fd5eddb5d4f7 .av-subheading{\nfont-size:15px;\n}\n<\/style>\n<div  class='av-special-heading av-cwp4g2q-88c9fedc35b3acdf4728fd5eddb5d4f7 av-special-heading-h1 blockquote modern-quote  avia-builder-el-2  el_after_av_submenu  el_before_av_section  avia-builder-el-no-sibling  av-linked-heading'><h1 class='av-special-heading-tag '  itemprop=\"headline\"  >Esami di lingue + integrazione (\u00d6IF)<\/h1><div class=\"special-heading-border\"><div class=\"special-heading-inner-border\"><\/div><\/div><\/div>\n<\/div><\/div><\/div><!-- close content main div --><\/div><\/div><div id='registrazione'  class='avia-section av-jwug0c7l-1cc61f06f12cc4fd1a69a11a78ae97f2 main_color avia-section-default avia-no-border-styling  avia-builder-el-3  el_after_av_heading  el_before_av_section  avia-bg-style-scroll container_wrap sidebar_right'  ><div class='container av-section-cont-open' ><div class='template-page content  av-content-small alpha units'><div class='post-entry post-entry-type-page post-entry-503522'><div class='entry-content-wrapper clearfix'>\n\n<style type=\"text\/css\" data-created_by=\"avia_inline_auto\" id=\"style-css-av-c8zya76-25d400996f5f80baa573b9e893a8ce05\">\n#top .av-special-heading.av-c8zya76-25d400996f5f80baa573b9e893a8ce05{\npadding-bottom:10px;\n}\nbody .av-special-heading.av-c8zya76-25d400996f5f80baa573b9e893a8ce05 .av-special-heading-tag .heading-char{\nfont-size:25px;\n}\n.av-special-heading.av-c8zya76-25d400996f5f80baa573b9e893a8ce05 .av-subheading{\nfont-size:15px;\n}\n<\/style>\n<div  class='av-special-heading av-c8zya76-25d400996f5f80baa573b9e893a8ce05 av-special-heading-h2 blockquote modern-quote  avia-builder-el-4  el_before_av_textblock  avia-builder-el-first  av-linked-heading'><h2 class='av-special-heading-tag '  itemprop=\"headline\"  >Date, prezzi + registrazione<\/h2><div class=\"special-heading-border\"><div class=\"special-heading-inner-border\"><\/div><\/div><\/div>\n<section  class='av_textblock_section av-jrukrhfg-605d804fe4f20905f7a9d73122928d7a '   itemscope=\"itemscope\" itemtype=\"https:\/\/schema.org\/CreativeWork\" ><div class='avia_textblock'  itemprop=\"text\" ><p>Si prega di tenere conto che <strong>i termini di iscrizione scadono 96 ore prima della data dell\u2019esame<\/strong> stesso. Pu\u00f2 accadere tuttavia che alcuni esame risultino al completo gi\u00e0 prima del termine previsto per la chiusura delle iscrizioni: <strong>Si consiglia di iscriversi almeno una settimana prima della data dell\u2019esame stesso. <\/strong>Nel caso in cui il termine sia scaduto, non \u00e8 assolutamente pi\u00f9 possibile iscriversi. Si prega, in tal caso, di fare riferimento alla pagina web dell\u2019<a href=\"https:\/\/sprachportal.integrationsfonds.at\/deutschpruefungen\/pruefungstermine\" target=\"_blank\" rel=\"noopener noreferrer\">\u00d6IF<\/a> sulle date d\u2019esame in altri Centri d\u2019esame.<\/p>\n<p><strong>Per registrarsi \u00e8 necessario un documento d&#8217;identit\u00e0 valido con foto e un indirizzo e-mail personale.<\/strong><\/p>\n<p><strong>Per motivi organizzativi, tutte le iscrizioni devono essere effettuate online.<\/strong><\/p>\n<\/div><\/section>\n\n<style type=\"text\/css\" data-created_by=\"avia_inline_auto\" id=\"style-css-av-kotptga8-370d49b742014e52a6d62e5fa08a0256\">\n#top .hr.hr-invisible.av-kotptga8-370d49b742014e52a6d62e5fa08a0256{\nheight:25px;\n}\n<\/style>\n<div  class='hr av-kotptga8-370d49b742014e52a6d62e5fa08a0256 hr-invisible  avia-builder-el-6  el_after_av_textblock  el_before_av_one_full '><span class='hr-inner '><span class=\"hr-inner-style\"><\/span><\/span><\/div>\n\n<style type=\"text\/css\" data-created_by=\"avia_inline_auto\" id=\"style-css-av-klce2ilm-8721179ee7d47a7c282923fe28fb80c4\">\n.flex_column.av-klce2ilm-8721179ee7d47a7c282923fe28fb80c4{\nborder-radius:0px 0px 0px 0px;\npadding:20px 20px 20px 20px;\nbackground-color:#ededed;\n}\n<\/style>\n<div  class='flex_column av-klce2ilm-8721179ee7d47a7c282923fe28fb80c4 av_one_full  avia-builder-el-7  el_after_av_hr  avia-builder-el-last  first flex_column_div  '     ><\/div><\/div><\/div><\/div><!-- close content main div --><\/div><\/div><div id='informazioni-generali'  class='avia-section av-jsn8u0pa-3e9bbe4750f3f3b359173559fe7f87e3 main_color avia-section-default avia-no-border-styling  avia-builder-el-9  el_after_av_section  el_before_av_section  avia-bg-style-scroll container_wrap sidebar_right'  ><div class='container av-section-cont-open' ><div class='template-page content  av-content-small alpha units'><div class='post-entry post-entry-type-page post-entry-503522'><div class='entry-content-wrapper clearfix'>\n\n<style type=\"text\/css\" data-created_by=\"avia_inline_auto\" id=\"style-css-av-1ig8t6n6-33755a37d7096d4968b53fa8c97df692\">\n#top .av-special-heading.av-1ig8t6n6-33755a37d7096d4968b53fa8c97df692{\npadding-bottom:10px;\n}\nbody .av-special-heading.av-1ig8t6n6-33755a37d7096d4968b53fa8c97df692 .av-special-heading-tag .heading-char{\nfont-size:25px;\n}\n.av-special-heading.av-1ig8t6n6-33755a37d7096d4968b53fa8c97df692 .av-subheading{\nfont-size:15px;\n}\n<\/style>\n<div  class='av-special-heading av-1ig8t6n6-33755a37d7096d4968b53fa8c97df692 av-special-heading-h2 blockquote modern-quote  avia-builder-el-10  el_before_av_textblock  avia-builder-el-first  av-linked-heading'><h2 class='av-special-heading-tag '  itemprop=\"headline\"  >Informazioni generali<\/h2><div class=\"special-heading-border\"><div class=\"special-heading-inner-border\"><\/div><\/div><\/div>\n<section  class='av_textblock_section av-jrukrhfg-27-d76e0be6d55c68931dd3031b4fbfb264 '   itemscope=\"itemscope\" itemtype=\"https:\/\/schema.org\/CreativeWork\" ><div class='avia_textblock'  itemprop=\"text\" ><p>Siamo un<strong> centro accreditato<\/strong> per gli esami <strong>A1, A2, B1 e B2<\/strong> del Fondo austriaco per l\u2019integrazione (<a href=\"http:\/\/www.integrationsfonds.at\">\u00ab\u00d6sterreichischer Integrationsfonds\u00bb<\/a> &#8211; \u00d6IF).\u00a0 Nella sua attivit\u00e0 l\u2019\u00d6IF si occupa di rifugiati, persone che hanno diritto alla protezione sussidiaria (\u00absubsidi\u00e4r Schutzberechtigte\u00bb), cittadini di Paesi terzi, migranti ecc. I livelli \u00d6IF seguono la Normativa europea comunitaria di riferimento QCER (<a href=\"https:\/\/www.coe.int\/en\/web\/common-european-framework-reference-languages\/home\">Quadro comune europeo di riferimento per la conoscenza delle lingue<\/a>).<\/p>\n<p><strong>Gli esami \u00d6IF soddisfano i requisiti legali<\/strong>, rispettano i pi\u00f9 alti standard in termini di garanzia della qualit\u00e0 e sono quindi riconosciuti anche dalle autorit\u00e0 austriache e dai datori di lavoro come prova ufficiale delle competenze linguistiche e per ottenere un permesso di soggiorno valido (cittadinanza, adempimento dell&#8217;accordo di integrazione).<\/p>\n<p><strong>Avete la possibilit\u00e0 di ripetere un esame nel suo insieme tutte le volte che volete.<\/strong> Non \u00e8 possibile ripetere singole parti dell&#8217;esame.<\/p>\n<p><strong>Per la preparazione al test di integrazione<\/strong>, \u00d6IF fornisce l&#8217;app gratuita \u00abLa mia integrazione in Austria\u00bb. L&#8217;app \u00e8 disponibile sia in \u00abApp Apple Store\u00bb che in \u00abGoogle Play Store\u00bb. Il <a href=\"https:\/\/www.integrationsfonds.at\/fileadmin\/user_upload\/Wertebroschuere_Lernunterlage_Kern_de_en_klein.pdf\">depliant<\/a> \u00abLa mia vita in Austria. Opportunit\u00e0 e regole\u00bb e il <a href=\"https:\/\/www.integrationsfonds.at\/fileadmin\/user_upload\/Wertebroschu__re_Sicherheit___Polizei_Gesamt_Ansicht.pdf\">depliant<\/a> \u00abVivere e integrazione in Austria. Sicurezza e polizia\u00bb offrono ulteriore supporto nella preparazione del test di integrazione.<\/p>\n<\/div><\/section>\n\n<style type=\"text\/css\" data-created_by=\"avia_inline_auto\" id=\"style-css-av-jyr04iu4-075489bc41a41f4fa3bca862d072696c\">\n#top .hr.hr-invisible.av-jyr04iu4-075489bc41a41f4fa3bca862d072696c{\nheight:20px;\n}\n<\/style>\n<div  class='hr av-jyr04iu4-075489bc41a41f4fa3bca862d072696c hr-invisible  avia-builder-el-12  el_after_av_textblock  avia-builder-el-last '><span class='hr-inner '><span class=\"hr-inner-style\"><\/span><\/span><\/div>\n<\/p>\n<\/div><\/div><\/div><!-- close content main div --><\/div><\/div>\n<style type=\"text\/css\" data-created_by=\"avia_inline_auto\" id=\"style-css-av-k84d4mo5-6ce7903810e992d961b2d46d3885c94f\">\n.avia-section.av-k84d4mo5-6ce7903810e992d961b2d46d3885c94f{\nbackground-color:#f8f8f8;\nbackground-image:unset;\n}\n<\/style>\n<div id='av_section_4'  class='avia-section av-k84d4mo5-6ce7903810e992d961b2d46d3885c94f main_color avia-section-default avia-no-border-styling  avia-builder-el-13  el_after_av_section  el_before_av_section  avia-bg-style-scroll container_wrap sidebar_right'  ><div class='container av-section-cont-open' ><div class='template-page content  av-content-small alpha units'><div class='post-entry post-entry-type-page post-entry-503522'><div class='entry-content-wrapper clearfix'>\n\n<style type=\"text\/css\" data-created_by=\"avia_inline_auto\" id=\"style-css-av-qdyxn-6ff1a9ea19e75fb1a45759445721f342\">\n.flex_column.av-qdyxn-6ff1a9ea19e75fb1a45759445721f342{\nborder-width:1px;\nborder-style:solid;\nborder-radius:0px 0px 0px 0px;\npadding:10px 10px 10px 10px;\n}\n<\/style>\n<div  class='flex_column av-qdyxn-6ff1a9ea19e75fb1a45759445721f342 av_one_third  avia-builder-el-14  el_before_av_one_third  avia-builder-el-first  first flex_column_div  '     ><section  class='av_textblock_section av-k84d72q0-2845bfb5263a1490ee9d2de98d7b78ac '   itemscope=\"itemscope\" itemtype=\"https:\/\/schema.org\/CreativeWork\" ><div class='avia_textblock'  itemprop=\"text\" ><blockquote>\n<h4>Regolamento d&#8217;esame<\/h4>\n<\/blockquote>\n<p><strong>Si prega di notare i seguenti punti:<\/strong><\/p>\n<ul>\n<li>La contraffazione e i tentativi di inganno sono atti criminali.<\/li>\n<li>I dispositivi elettronici (telefoni cellulari, laptop, smartwatch ecc.) devono essere spenti durante il test e tenuti in una borsa lontana da voi.<\/li>\n<li>\u00c8 vietato parlare con altri candidati durante l&#8217;esame.<\/li>\n<li>Altri materiali, come per esempio i dizionari, non sono ammessi.<\/li>\n<li>La sala d&#8217;esame pu\u00f2 essere lasciata durante la prova solo in casi eccezionali giustificati!<\/li>\n<\/ul>\n<\/div><\/section><\/div>\n<style type=\"text\/css\" data-created_by=\"avia_inline_auto\" id=\"style-css-av-5qoo23-cab318c0cd45c49d02c550151a185514\">\n.flex_column.av-5qoo23-cab318c0cd45c49d02c550151a185514{\nborder-width:1px;\nborder-style:solid;\nborder-radius:0px 0px 0px 0px;\npadding:10px 10px 10px 10px;\n}\n<\/style>\n<div  class='flex_column av-5qoo23-cab318c0cd45c49d02c550151a185514 av_one_third  avia-builder-el-16  el_after_av_one_third  el_before_av_one_third  flex_column_div  '     ><section  class='av_textblock_section av-k84d72q0-24-dd84d3ec83ff13e81ad4bd4e8f4d8dc7 '   itemscope=\"itemscope\" itemtype=\"https:\/\/schema.org\/CreativeWork\" ><div class='avia_textblock'  itemprop=\"text\" ><blockquote>\n<h4>Durata degli esami<\/h4>\n<\/blockquote>\n<p>Gli esami durano fino a tre ore (a seconda del livello). Tuttavia, vi consigliamo di tenervi liberi tutto il giorno per sostenere l\u2019esame.<\/p>\n<p>Vi chiediamo la cortesia di arrivare qualche minuto prima il giorno dell\u2019esame. Prima di farlo, verificate dove si trova la sala d\u2019esame (la conferma della registrazione include sempre una pianta dell\u2019aula in modo da potersi orientare).<\/p>\n<p><strong>Se si arriva in ritardo, ad esame gi\u00e0 iniziato, potrebbe esservi negato l&#8217;accesso all&#8217;aula.<\/strong><\/p>\n<\/div><\/section><\/div>\n<style type=\"text\/css\" data-created_by=\"avia_inline_auto\" id=\"style-css-av-49dq9n-5f020384d78ad74f2ffb56960bc508a3\">\n.flex_column.av-49dq9n-5f020384d78ad74f2ffb56960bc508a3{\nborder-width:1px;\nborder-style:solid;\nborder-radius:0px 0px 0px 0px;\npadding:10px 10px 10px 10px;\n}\n<\/style>\n<div  class='flex_column av-49dq9n-5f020384d78ad74f2ffb56960bc508a3 av_one_third  avia-builder-el-18  el_after_av_one_third  avia-builder-el-last  flex_column_div  '     ><section  class='av_textblock_section av-k84d72q0-23-b09af2011f65d5b6a6c674508152324e '   itemscope=\"itemscope\" itemtype=\"https:\/\/schema.org\/CreativeWork\" ><div class='avia_textblock'  itemprop=\"text\" ><h4>Risultati degli esami<\/h4>\n<p>I risultati degli esami sono disponibili <strong>dopo almeno 15 giorni<\/strong> calcolati a partire dalla data dell\u2019esame.<\/p>\n<p><strong>Solo e soltanto l\u2019\u00d6IF \u00e8 referente per quanto concerne gli esiti degli esami<\/strong>. Si prega di non telefonare al nostro Centro per avere notizie sugli esiti degli esami. Per motivi di protezione dei dati non ci \u00e8 permesso dare informazioni in merito.<\/p>\n<p><strong>I certificati finali<\/strong> vengono <strong>spediti<\/strong> subito dopo la pubblicazione degli esiti <strong>all\u2019indirizzo email<\/strong> che \u00e8 stato indicato al momento dell\u2019iscrizione. Per chi non ha un indirizzo email, il certificato d\u2019esame verr\u00e0 inviato alla filiale \u00d6IF di Klagenfurt (10.-Oktober-Stra\u00dfe 15). Il certificato potr\u00e0 essere ritirato direttamente alla filiale su presentazione di un documento di identit\u00e0 con foto ufficiale.<\/p>\n<p>In\u00a0<strong>caso<\/strong>\u00a0si necessiti\u00a0<strong>di<\/strong>\u00a0conoscere con\u00a0<strong>urgenza<\/strong>\u00a0gli esiti degli esami, le <strong>Autorit\u00e0 competenti si possono rivolgere direttamente all\u2019\u00d6IF<\/strong>\u00a0scrivendo alla mail <a href=\"mailto:pruefungen@integrationsfonds.at\">pruefungen@integrationsfonds.at<\/a>. La richiesta deve contenere le seguenti informazioni: nome del partecipante all&#8217;esame, data dell&#8217;esame, luogo dell&#8217;esame (istituto). In questo caso, l&#8217;\u00d6IF pu\u00f2 anche confermare il risultato dell&#8217;esame per iscritto all&#8217;autorit\u00e0 o al rappresentante prima dell&#8217;emissione del certificato.<\/p>\n<\/div><\/section><\/div>\n\n<\/div><\/div><\/div><!-- close content main div --><\/div><\/div><div id='livelli'  class='avia-section av-jwueezk3-554dceb7430f6958afe10b0c18f41b43 main_color avia-section-default avia-no-border-styling  avia-builder-el-20  el_after_av_section  el_before_av_section  avia-bg-style-scroll container_wrap sidebar_right'  ><div class='container av-section-cont-open' ><div class='template-page content  av-content-small alpha units'><div class='post-entry post-entry-type-page post-entry-503522'><div class='entry-content-wrapper clearfix'>\n\n<style type=\"text\/css\" data-created_by=\"avia_inline_auto\" id=\"style-css-av-jyr04iu4-25-c11cf46c2491a1e33ca60479b7af1511\">\n#top .hr.hr-invisible.av-jyr04iu4-25-c11cf46c2491a1e33ca60479b7af1511{\nheight:20px;\n}\n<\/style>\n<div  class='hr av-jyr04iu4-25-c11cf46c2491a1e33ca60479b7af1511 hr-invisible  avia-builder-el-21  el_before_av_heading  avia-builder-el-first '><span class='hr-inner '><span class=\"hr-inner-style\"><\/span><\/span><\/div>\n\n<style type=\"text\/css\" data-created_by=\"avia_inline_auto\" id=\"style-css-av-umzl8o2-75a319997d1167f95bafecb1ce65b292\">\n#top .av-special-heading.av-umzl8o2-75a319997d1167f95bafecb1ce65b292{\npadding-bottom:10px;\n}\nbody .av-special-heading.av-umzl8o2-75a319997d1167f95bafecb1ce65b292 .av-special-heading-tag .heading-char{\nfont-size:25px;\n}\n.av-special-heading.av-umzl8o2-75a319997d1167f95bafecb1ce65b292 .av-subheading{\nfont-size:14px;\n}\n<\/style>\n<div  class='av-special-heading av-umzl8o2-75a319997d1167f95bafecb1ce65b292 av-special-heading-h2 blockquote modern-quote  avia-builder-el-22  el_after_av_hr  el_before_av_hr  av-linked-heading'><h2 class='av-special-heading-tag '  itemprop=\"headline\"  >Livelli degli esami <\/h2><div class=\"special-heading-border\"><div class=\"special-heading-inner-border\"><\/div><\/div><\/div>\n\n<style type=\"text\/css\" data-created_by=\"avia_inline_auto\" id=\"style-css-av-jsnhn4sz-9317f7696c2955a7204c889f4697829d\">\n#top .hr.hr-invisible.av-jsnhn4sz-9317f7696c2955a7204c889f4697829d{\nheight:30px;\n}\n<\/style>\n<div  class='hr av-jsnhn4sz-9317f7696c2955a7204c889f4697829d hr-invisible  avia-builder-el-23  el_after_av_heading  el_before_av_one_third '><span class='hr-inner '><span class=\"hr-inner-style\"><\/span><\/span><\/div>\n<div class='flex_column_table av-jsnhof4r-5b09e13ad77dbf61dd317ed3a2fc0e0e sc-av_one_third av-equal-height-column-flextable'>\n<style type=\"text\/css\" data-created_by=\"avia_inline_auto\" id=\"style-css-av-jsnhof4r-5b09e13ad77dbf61dd317ed3a2fc0e0e\">\n.flex_column.av-jsnhof4r-5b09e13ad77dbf61dd317ed3a2fc0e0e{\nborder-width:2px;\nborder-color:#ffffff;\nborder-style:solid;\nborder-radius:0px 0px 0px 0px;\npadding:20px 20px 20px 20px;\nbackground-color:#1f7399;\n}\n<\/style>\n<div  class='flex_column av-jsnhof4r-5b09e13ad77dbf61dd317ed3a2fc0e0e av_one_third  avia-builder-el-24  el_after_av_hr  el_before_av_two_third  first no_margin flex_column_table_cell av-equal-height-column av-align-top  '     ><style type=\"text\/css\" data-created_by=\"avia_inline_auto\" id=\"style-css-av-lee9rdmd-87f80f4d4b5e8000390022f3d58ac01d\">\n#top .av-special-heading.av-lee9rdmd-87f80f4d4b5e8000390022f3d58ac01d{\npadding-bottom:10px;\ncolor:#ffffff;\n}\nbody .av-special-heading.av-lee9rdmd-87f80f4d4b5e8000390022f3d58ac01d .av-special-heading-tag .heading-char{\nfont-size:25px;\n}\n.av-special-heading.av-lee9rdmd-87f80f4d4b5e8000390022f3d58ac01d .special-heading-inner-border{\nborder-color:#ffffff;\n}\n.av-special-heading.av-lee9rdmd-87f80f4d4b5e8000390022f3d58ac01d .av-subheading{\nfont-size:14px;\n}\n<\/style>\n<div  class='av-special-heading av-lee9rdmd-87f80f4d4b5e8000390022f3d58ac01d av-special-heading-h1 custom-color-heading blockquote modern-quote  avia-builder-el-25  avia-builder-el-no-sibling  av-linked-heading'><h1 class='av-special-heading-tag '  itemprop=\"headline\"  >A1<\/h1><div class=\"special-heading-border\"><div class=\"special-heading-inner-border\"><\/div><\/div><\/div><\/div>\n<style type=\"text\/css\" data-created_by=\"avia_inline_auto\" id=\"style-css-av-2lodq3-1073458f08a7d4093822917f4b269ccd\">\n.flex_column.av-2lodq3-1073458f08a7d4093822917f4b269ccd{\nborder-width:2px;\nborder-color:#ffffff;\nborder-style:solid;\nborder-radius:0px 0px 0px 0px;\npadding:20px 20px 20px 20px;\nbackground-color:#f8f8f8;\n}\n<\/style>\n<div  class='flex_column av-2lodq3-1073458f08a7d4093822917f4b269ccd av_two_third  avia-builder-el-26  el_after_av_one_third  el_before_av_hr  no_margin flex_column_table_cell av-equal-height-column av-align-top  '     ><p>\n<style type=\"text\/css\" data-created_by=\"avia_inline_auto\" id=\"style-css-av-pmwk6hu-e8d1668b0d6ed551ae913dceefb41e7f\">\n#top .av-special-heading.av-pmwk6hu-e8d1668b0d6ed551ae913dceefb41e7f{\npadding-bottom:10px;\n}\nbody .av-special-heading.av-pmwk6hu-e8d1668b0d6ed551ae913dceefb41e7f .av-special-heading-tag .heading-char{\nfont-size:25px;\n}\n.av-special-heading.av-pmwk6hu-e8d1668b0d6ed551ae913dceefb41e7f .av-subheading{\nfont-size:14px;\n}\n<\/style>\n<div  class='av-special-heading av-pmwk6hu-e8d1668b0d6ed551ae913dceefb41e7f av-special-heading-h3 blockquote modern-quote  avia-builder-el-27  el_before_av_textblock  avia-builder-el-first  av-linked-heading'><h3 class='av-special-heading-tag '  itemprop=\"headline\"  >Esame di integrazione A1 <\/h3><div class='av-subheading av-subheading_below'><p>Per le domande iniziali necessarie alla richiesta del permesso di soggiorno (\u00abtedesco prima dell&#8217;immigrazione\u00bb). Con contenuti linguistici e contenuti socioculturali e di orientamento. Questo esame non \u00e8 parte del Contratto di integrazione (IV) del 2017.<\/p>\n<\/div><div class=\"special-heading-border\"><div class=\"special-heading-inner-border\"><\/div><\/div><\/div><br \/>\n<section  class='av_textblock_section av-jrukrhfg-26-b486c416e82098c5c29ac526ad0461db '   itemscope=\"itemscope\" itemtype=\"https:\/\/schema.org\/CreativeWork\" ><div class='avia_textblock'  itemprop=\"text\" ><p>L\u2019esame di integrazione A1 comprende contenuti linguistici (in forma scritta e orale) e contenuti socioculturali e di orientamento ed \u00e8 cos\u00ec strutturato:<\/p>\n<ul>\n<li>Parte 1: Contenuti linguistici (in forma scritta), ca. 70 minuti<\/li>\n<li>Parte 2: Contenuti socioculturali e di orientamento: ca. 40 minuti<\/li>\n<li>Parte 3: Contenuti linguistici (in forma orale), ca. 20 minuti<\/li>\n<\/ul>\n<p>La <strong>prima parte (contenuti linguistici in forma scritta<\/strong>) si suddivide, a sua volta, nelle seguenti sottoparti: a) elementi della lingua (durata: 10 minuti circa), b) ascoltare e rispondere (durata: 15 minuti circa) e c) lettura e scrittura (durata: 45 minuti circa). La <strong>seconda parte (contenuti socioculturali e di orientamento)<\/strong> comprende 18 domande su temi centrali della vita sociale quotidiana, quali cultura e lingua, lavoro ed economia, salute, residenza e rapporti di vicinato, nonch\u00e9 principi e variet\u00e0 della convivenza correlati all\u2019integrazione giuridica e culturale. La t<strong>erza parte (contenuti linguistici in forma orale)<\/strong> viene svolta a gruppi (di massimo 4 persone). Sono previste delle brevi pause tra le diverse parti dell\u2019esame.<\/p>\n<\/div><\/section><\/p><\/div><\/div><!--close column table wrapper. Autoclose: 1 -->\n<style type=\"text\/css\" data-created_by=\"avia_inline_auto\" id=\"style-css-av-jsnhn4sz-22-790c9842c53d3136478f475f65ccd3db\">\n#top .hr.hr-invisible.av-jsnhn4sz-22-790c9842c53d3136478f475f65ccd3db{\nheight:10px;\n}\n<\/style>\n<div  class='hr av-jsnhn4sz-22-790c9842c53d3136478f475f65ccd3db hr-invisible  avia-builder-el-29  el_after_av_two_third  el_before_av_one_third '><span class='hr-inner '><span class=\"hr-inner-style\"><\/span><\/span><\/div>\n<div class='flex_column_table av-jsnhof4r-21-fdf82678ca938dd8082c72295a91d92f sc-av_one_third av-equal-height-column-flextable'>\n<style type=\"text\/css\" data-created_by=\"avia_inline_auto\" id=\"style-css-av-jsnhof4r-21-fdf82678ca938dd8082c72295a91d92f\">\n.flex_column.av-jsnhof4r-21-fdf82678ca938dd8082c72295a91d92f{\nborder-width:2px;\nborder-color:#ffffff;\nborder-style:solid;\nborder-radius:0px 0px 0px 0px;\npadding:20px 20px 20px 20px;\nbackground-color:#1f7399;\n}\n<\/style>\n<div  class='flex_column av-jsnhof4r-21-fdf82678ca938dd8082c72295a91d92f av_one_third  avia-builder-el-30  el_after_av_hr  el_before_av_two_third  first no_margin flex_column_table_cell av-equal-height-column av-align-top  '     ><style type=\"text\/css\" data-created_by=\"avia_inline_auto\" id=\"style-css-av-lee9rklc-6761fb772e582a5597ba55dbc7772d61\">\n#top .av-special-heading.av-lee9rklc-6761fb772e582a5597ba55dbc7772d61{\npadding-bottom:10px;\ncolor:#ffffff;\n}\nbody .av-special-heading.av-lee9rklc-6761fb772e582a5597ba55dbc7772d61 .av-special-heading-tag .heading-char{\nfont-size:25px;\n}\n.av-special-heading.av-lee9rklc-6761fb772e582a5597ba55dbc7772d61 .special-heading-inner-border{\nborder-color:#ffffff;\n}\n.av-special-heading.av-lee9rklc-6761fb772e582a5597ba55dbc7772d61 .av-subheading{\nfont-size:14px;\n}\n<\/style>\n<div  class='av-special-heading av-lee9rklc-6761fb772e582a5597ba55dbc7772d61 av-special-heading-h1 custom-color-heading blockquote modern-quote  avia-builder-el-31  avia-builder-el-no-sibling  av-linked-heading'><h1 class='av-special-heading-tag '  itemprop=\"headline\"  >A2<\/h1><div class=\"special-heading-border\"><div class=\"special-heading-inner-border\"><\/div><\/div><\/div><\/div>\n<style type=\"text\/css\" data-created_by=\"avia_inline_auto\" id=\"style-css-av-2lodq3-20-b45277f0c5e1d7dfdfb41d74ed0d344a\">\n.flex_column.av-2lodq3-20-b45277f0c5e1d7dfdfb41d74ed0d344a{\nborder-width:2px;\nborder-color:#ffffff;\nborder-style:solid;\nborder-radius:0px 0px 0px 0px;\npadding:20px 20px 20px 20px;\nbackground-color:#f8f8f8;\n}\n<\/style>\n<div  class='flex_column av-2lodq3-20-b45277f0c5e1d7dfdfb41d74ed0d344a av_two_third  avia-builder-el-32  el_after_av_one_third  el_before_av_hr  no_margin flex_column_table_cell av-equal-height-column av-align-top  '     ><p>\n<style type=\"text\/css\" data-created_by=\"avia_inline_auto\" id=\"style-css-av-jff9oyq-6e117b9d0d41791bf26a89a36648d413\">\n#top .av-special-heading.av-jff9oyq-6e117b9d0d41791bf26a89a36648d413{\npadding-bottom:10px;\n}\nbody .av-special-heading.av-jff9oyq-6e117b9d0d41791bf26a89a36648d413 .av-special-heading-tag .heading-char{\nfont-size:25px;\n}\n.av-special-heading.av-jff9oyq-6e117b9d0d41791bf26a89a36648d413 .av-subheading{\nfont-size:14px;\n}\n<\/style>\n<div  class='av-special-heading av-jff9oyq-6e117b9d0d41791bf26a89a36648d413 av-special-heading-h3 blockquote modern-quote  avia-builder-el-33  el_before_av_textblock  avia-builder-el-first  av-linked-heading'><h3 class='av-special-heading-tag '  itemprop=\"headline\"  >Esame di integrazione A2 <\/h3><div class='av-subheading av-subheading_below'><p>Per l\u2019espletamento del Modulo 1 del Contratto di integrazione (IV) 2017 + per l&#8217;ottenimento del certificato di competenza linguistica nello Spazio europeo dell&#8217;istruzione superiore (ERASMUS+)*. Con contenuti linguistici e contenuti socioculturali e di orientamento.<\/p>\n<\/div><div class=\"special-heading-border\"><div class=\"special-heading-inner-border\"><\/div><\/div><\/div><br \/>\n<section  class='av_textblock_section av-jrukrhfg-19-1d7df93faaff2f32e5663fd5ae4b7aec '   itemscope=\"itemscope\" itemtype=\"https:\/\/schema.org\/CreativeWork\" ><div class='avia_textblock'  itemprop=\"text\" ><p>L\u2019esame di integrazione A2 comprende contenuti linguistici (in forma scritta e orale) e contenuti socioculturali e di orientamento ed \u00e8 cos\u00ec strutturato:<\/p>\n<ul>\n<li>Parte 1: Contenuti linguistici (in forma scritta), ca. 80 minuti<\/li>\n<li>Parte 2: Contenuti socioculturali e di orientamento: ca. 40 minuti<\/li>\n<li>Parte 3: Contenuti linguistici (in forma orale), ca. 10 minuti<\/li>\n<\/ul>\n<p>La <strong>prima parte (contenuti linguistici in forma scritta<\/strong>) si suddivide, a sua volta, nelle seguenti sottoparti: a) lettura (durata: 40 minuti circa), b) ascolto (durata: 15 minuti circa) e c) scrittura (durata: 25 minuti circa). La <strong>seconda parte (contenuti socioculturali e di orientamento)<\/strong> comprende 18 domande su temi centrali della vita sociale quotidiana, quali cultura e lingua, lavoro ed economia, salute, residenza e rapporti di vicinato, nonch\u00e9 principi e variet\u00e0 della convivenza correlati all\u2019integrazione giuridica e culturale. La <strong>terza parte (contenuti linguistici in forma orale)<\/strong> viene svolta individualmente. Sono previste delle brevi pause tra le diverse parti dell\u2019esame.<\/p>\n<\/div><\/section><\/p><\/div><\/div><!--close column table wrapper. Autoclose: 1 -->\n<style type=\"text\/css\" data-created_by=\"avia_inline_auto\" id=\"style-css-av-jsnhn4sz-18-c0f80834657d6752940d62de125c80a3\">\n#top .hr.hr-invisible.av-jsnhn4sz-18-c0f80834657d6752940d62de125c80a3{\nheight:10px;\n}\n<\/style>\n<div  class='hr av-jsnhn4sz-18-c0f80834657d6752940d62de125c80a3 hr-invisible  avia-builder-el-35  el_after_av_two_third  el_before_av_one_third '><span class='hr-inner '><span class=\"hr-inner-style\"><\/span><\/span><\/div>\n<div class='flex_column_table av-jsnhof4r-17-f0ce96f7e3d2e775cf0ee4ea5e00751d sc-av_one_third av-equal-height-column-flextable'>\n<style type=\"text\/css\" data-created_by=\"avia_inline_auto\" id=\"style-css-av-jsnhof4r-17-f0ce96f7e3d2e775cf0ee4ea5e00751d\">\n.flex_column.av-jsnhof4r-17-f0ce96f7e3d2e775cf0ee4ea5e00751d{\nborder-width:2px;\nborder-color:#ffffff;\nborder-style:solid;\nborder-radius:0px 0px 0px 0px;\npadding:20px 20px 20px 20px;\nbackground-color:#1f7399;\n}\n<\/style>\n<div  class='flex_column av-jsnhof4r-17-f0ce96f7e3d2e775cf0ee4ea5e00751d av_one_third  avia-builder-el-36  el_after_av_hr  el_before_av_two_third  first no_margin flex_column_table_cell av-equal-height-column av-align-top  '     ><style type=\"text\/css\" data-created_by=\"avia_inline_auto\" id=\"style-css-av-lee9rpj3-e9c7af0349658573f8f5cff202a6440a\">\n#top .av-special-heading.av-lee9rpj3-e9c7af0349658573f8f5cff202a6440a{\npadding-bottom:10px;\ncolor:#ffffff;\n}\nbody .av-special-heading.av-lee9rpj3-e9c7af0349658573f8f5cff202a6440a .av-special-heading-tag .heading-char{\nfont-size:25px;\n}\n.av-special-heading.av-lee9rpj3-e9c7af0349658573f8f5cff202a6440a .special-heading-inner-border{\nborder-color:#ffffff;\n}\n.av-special-heading.av-lee9rpj3-e9c7af0349658573f8f5cff202a6440a .av-subheading{\nfont-size:14px;\n}\n<\/style>\n<div  class='av-special-heading av-lee9rpj3-e9c7af0349658573f8f5cff202a6440a av-special-heading-h1 custom-color-heading blockquote modern-quote  avia-builder-el-37  avia-builder-el-no-sibling  av-linked-heading'><h1 class='av-special-heading-tag '  itemprop=\"headline\"  >B1<\/h1><div class=\"special-heading-border\"><div class=\"special-heading-inner-border\"><\/div><\/div><\/div><\/div>\n<style type=\"text\/css\" data-created_by=\"avia_inline_auto\" id=\"style-css-av-2lodq3-16-25f1470f5211b9071e7f202f99605037\">\n.flex_column.av-2lodq3-16-25f1470f5211b9071e7f202f99605037{\nborder-width:2px;\nborder-color:#ffffff;\nborder-style:solid;\nborder-radius:0px 0px 0px 0px;\npadding:20px 20px 20px 20px;\nbackground-color:#f8f8f8;\n}\n<\/style>\n<div  class='flex_column av-2lodq3-16-25f1470f5211b9071e7f202f99605037 av_two_third  avia-builder-el-38  el_after_av_one_third  el_before_av_hr  no_margin flex_column_table_cell av-equal-height-column av-align-top  '     ><p>\n<style type=\"text\/css\" data-created_by=\"avia_inline_auto\" id=\"style-css-av-hjga4o2-76cb99a8a24a12c067ab37e9e88130c6\">\n#top .av-special-heading.av-hjga4o2-76cb99a8a24a12c067ab37e9e88130c6{\npadding-bottom:10px;\n}\nbody .av-special-heading.av-hjga4o2-76cb99a8a24a12c067ab37e9e88130c6 .av-special-heading-tag .heading-char{\nfont-size:25px;\n}\n.av-special-heading.av-hjga4o2-76cb99a8a24a12c067ab37e9e88130c6 .av-subheading{\nfont-size:14px;\n}\n<\/style>\n<div  class='av-special-heading av-hjga4o2-76cb99a8a24a12c067ab37e9e88130c6 av-special-heading-h3 blockquote modern-quote  avia-builder-el-39  el_before_av_textblock  avia-builder-el-first  av-linked-heading'><h3 class='av-special-heading-tag '  itemprop=\"headline\"  >Esame di integrazione B1 <\/h3><div class='av-subheading av-subheading_below'><p>Per l\u2019espletamento del Modulo 2 del Contratto di integrazione (IV) 2017 + per le domande di cittadinanza austriaca (dopo un minimo di 10 anni di residenza) + per l&#8217;ottenimento del certificato di competenza linguistica nello Spazio europeo dell&#8217;istruzione superiore (ERASMUS+)*. Con contenuti linguistici e contenuti socioculturali e di orientamento.<\/p>\n<\/div><div class=\"special-heading-border\"><div class=\"special-heading-inner-border\"><\/div><\/div><\/div><br \/>\n<section  class='av_textblock_section av-jrukrhfg-15-cd308bd8da4baeb804557b811c39537c '   itemscope=\"itemscope\" itemtype=\"https:\/\/schema.org\/CreativeWork\" ><div class='avia_textblock'  itemprop=\"text\" ><p>L\u2019esame di integrazione B1 comprende contenuti linguistici (in forma scritta e orale) e contenuti socioculturali e di orientamento ed \u00e8 cos\u00ec strutturato:<\/p>\n<ul>\n<li>Parte 1: Contenuti linguistici (in forma scritta), ca. 100 minuti<\/li>\n<li>Parte 2: Contenuti socioculturali e di orientamento: ca. 40 minuti<\/li>\n<li>Parte 3: Contenuti linguistici (in forma orale), ca. 15 minuti<\/li>\n<\/ul>\n<p>La <strong>prima parte (contenuti linguistici in forma scritta)<\/strong> si suddivide, a sua volta, nelle seguenti sottoparti: a) ascolto (durata: 25 minuti circa), b) lettura (durata: 45 minuti circa) e c) scrittura (durata: 30 minuti circa). La <strong>seconda parte (contenuti socioculturali e di orientamento)<\/strong> comprende 18 domande su temi centrali della vita sociale quotidiana, quali cultura e lingua, lavoro ed economia, salute, residenza e rapporti di vicinato, nonch\u00e9 principi e variet\u00e0 della convivenza correlati all\u2019integrazione giuridica e culturale. La <strong>terza parte (contenuti linguistici in forma orale)<\/strong> viene svolta a coppie. Sono previste delle brevi pause tra le diverse parti dell\u2019esame.<\/p>\n<\/div><\/section><\/p><\/div><\/div><!--close column table wrapper. Autoclose: 1 -->\n<style type=\"text\/css\" data-created_by=\"avia_inline_auto\" id=\"style-css-av-jsnhn4sz-14-30495506c56742b92d014864f03411b3\">\n#top .hr.hr-invisible.av-jsnhn4sz-14-30495506c56742b92d014864f03411b3{\nheight:10px;\n}\n<\/style>\n<div  class='hr av-jsnhn4sz-14-30495506c56742b92d014864f03411b3 hr-invisible  avia-builder-el-41  el_after_av_two_third  el_before_av_one_third '><span class='hr-inner '><span class=\"hr-inner-style\"><\/span><\/span><\/div>\n<div class='flex_column_table av-jsnhof4r-13-7f0700bcc0095059bbb1b1ac04163084 sc-av_one_third av-equal-height-column-flextable'>\n<style type=\"text\/css\" data-created_by=\"avia_inline_auto\" id=\"style-css-av-jsnhof4r-13-7f0700bcc0095059bbb1b1ac04163084\">\n.flex_column.av-jsnhof4r-13-7f0700bcc0095059bbb1b1ac04163084{\nborder-width:2px;\nborder-color:#ffffff;\nborder-style:solid;\nborder-radius:0px 0px 0px 0px;\npadding:20px 20px 20px 20px;\nbackground-color:#1f7399;\n}\n<\/style>\n<div  class='flex_column av-jsnhof4r-13-7f0700bcc0095059bbb1b1ac04163084 av_one_third  avia-builder-el-42  el_after_av_hr  el_before_av_two_third  first no_margin flex_column_table_cell av-equal-height-column av-align-top  '     ><style type=\"text\/css\" data-created_by=\"avia_inline_auto\" id=\"style-css-av-lee9rva6-6af574727bf58698d45f51abbce8781c\">\n#top .av-special-heading.av-lee9rva6-6af574727bf58698d45f51abbce8781c{\npadding-bottom:10px;\ncolor:#ffffff;\n}\nbody .av-special-heading.av-lee9rva6-6af574727bf58698d45f51abbce8781c .av-special-heading-tag .heading-char{\nfont-size:25px;\n}\n.av-special-heading.av-lee9rva6-6af574727bf58698d45f51abbce8781c .special-heading-inner-border{\nborder-color:#ffffff;\n}\n.av-special-heading.av-lee9rva6-6af574727bf58698d45f51abbce8781c .av-subheading{\nfont-size:14px;\n}\n<\/style>\n<div  class='av-special-heading av-lee9rva6-6af574727bf58698d45f51abbce8781c av-special-heading-h1 custom-color-heading blockquote modern-quote  avia-builder-el-43  avia-builder-el-no-sibling  av-linked-heading'><h1 class='av-special-heading-tag '  itemprop=\"headline\"  >B2<\/h1><div class=\"special-heading-border\"><div class=\"special-heading-inner-border\"><\/div><\/div><\/div><\/div>\n<style type=\"text\/css\" data-created_by=\"avia_inline_auto\" id=\"style-css-av-2lodq3-12-36188993dc58dbea372041fb0ae40b58\">\n.flex_column.av-2lodq3-12-36188993dc58dbea372041fb0ae40b58{\nborder-width:2px;\nborder-color:#ffffff;\nborder-style:solid;\nborder-radius:0px 0px 0px 0px;\npadding:20px 20px 20px 20px;\nbackground-color:#f8f8f8;\n}\n<\/style>\n<div  class='flex_column av-2lodq3-12-36188993dc58dbea372041fb0ae40b58 av_two_third  avia-builder-el-44  el_after_av_one_third  el_before_av_textblock  no_margin flex_column_table_cell av-equal-height-column av-align-top  '     ><p>\n<style type=\"text\/css\" data-created_by=\"avia_inline_auto\" id=\"style-css-av-a3okt42-c2f610b14f0130c5034f1119cfbbe8db\">\n#top .av-special-heading.av-a3okt42-c2f610b14f0130c5034f1119cfbbe8db{\npadding-bottom:10px;\n}\nbody .av-special-heading.av-a3okt42-c2f610b14f0130c5034f1119cfbbe8db .av-special-heading-tag .heading-char{\nfont-size:25px;\n}\n.av-special-heading.av-a3okt42-c2f610b14f0130c5034f1119cfbbe8db .av-subheading{\nfont-size:14px;\n}\n<\/style>\n<div  class='av-special-heading av-a3okt42-c2f610b14f0130c5034f1119cfbbe8db av-special-heading-h3 blockquote modern-quote  avia-builder-el-45  el_before_av_textblock  avia-builder-el-first  av-linked-heading'><h3 class='av-special-heading-tag '  itemprop=\"headline\"  >Esame di lingua B2<\/h3><div class='av-subheading av-subheading_below'><p>Per ottenere la cittadinanza austriaca (dopo un minimo di 6 anni di residenza) + l&#8217;ammissione in alcune universit\u00e0 austriache + per l&#8217;ottenimento del certificato di competenza linguistica nello Spazio europeo dell&#8217;istruzione superiore (ERASMUS+)*. Non fa parte del comtratto di integrazione (IV) 2017, in quanto nessun valore \u00e8 integrato.<\/p>\n<\/div><div class=\"special-heading-border\"><div class=\"special-heading-inner-border\"><\/div><\/div><\/div><br \/>\n<section  class='av_textblock_section av-jrukrhfg-11-387b632bcfe98941e6b1e540f9bf83b7 '   itemscope=\"itemscope\" itemtype=\"https:\/\/schema.org\/CreativeWork\" ><div class='avia_textblock'  itemprop=\"text\" ><p>L&#8217;esame di lingua B2 include contenuto linguistico (scritto, orale) ed \u00e8 strutturato come segue:<\/p>\n<ul>\n<li>Parte 1: contenuti linguistici (scritto), circa 145 minuti<\/li>\n<li>Parte 2: contenuti linguistici (orale), circa 15 &#8211; 25 minuti<\/li>\n<\/ul>\n<p><strong>La prima parte (contenuto della lingua scritta)<\/strong> \u00e8 composta dalle seguenti parti: moduli di lettura e lingua (circa 90 minuti), ascolto (circa 25 minuti) e scrittura (circa 30 minuti). <strong>La seconda parte (contenuto in lingua orale)<\/strong> si svolge come un esame di coppia. Sono previste delle brevi pause tra le diverse parti dell\u2019esame.<\/p>\n<\/div><\/section><br \/>\n<section  class='av_textblock_section av-jrukrhfg-10-a7ef1ccd5c7509d7d13e780e93d1cb64 '   itemscope=\"itemscope\" itemtype=\"https:\/\/schema.org\/CreativeWork\" ><div class='avia_textblock'  itemprop=\"text\" ><p>Per ottenere la cittadinanza austriaca \u00e8 necessario un esame supplementare (&#8220;esame di cittadinanza&#8221;), indipendente dall&#8217;\u00d6IF. Nello stato federale della Carinzia questo viene sostenuto <a href=\"https:\/\/verwaltungsakademie.ktn.gv.at\/\" target=\"_blank\" rel=\"noopener noreferrer\">dall&#8217;Accademia dell&#8217;amministrazione della Carinzia<\/a>. L&#8217;esame comprende <a href=\"https:\/\/www.staatsbuergerschaft.gv.at\/fileadmin\/user_upload\/Broschuere\/RZ_BMI_StaBuBro_Gesamt-Buch_2020_screen.pdf\" target=\"_blank\" rel=\"noopener noreferrer\">domande<\/a> sulla storia austriaca e sui principi democratici fondamentali, nonch\u00e9 <a href=\"https:\/\/verwaltungsakademie.ktn.gv.at\/DE\/repos\/files\/verwaltungsakademie\/Dateien\/Kursunterlagen\/Staatsb%c3%bcrgerschaftspr%c3%bcfung\/Staatsbuergerschaft_Lernunterlage_Wadl_2014NEU.pdf?exp=219080&amp;fps=8a87e9d442711682a623b32d468edc7d12bffa7b\" target=\"_blank\" rel=\"noopener noreferrer\">domande relative al rispettivo Stato federale<\/a>, ad es. geografia, amministrazione, politica, economia. Un test online, che vi prepara in modo adeguato, lo trovate <a href=\"https:\/\/einbuergerung.at\/\" target=\"_blank\" rel=\"noopener noreferrer\">qui<\/a>.<\/p>\n<\/div><\/section><\/p><\/div><\/div><!--close column table wrapper. Autoclose: 1 --><section  class='av_textblock_section av-jrukrhfg-9-7dcb5f70cee4fbe3281ffab79ec5ccfc '   itemscope=\"itemscope\" itemtype=\"https:\/\/schema.org\/CreativeWork\" ><div class='avia_textblock'  itemprop=\"text\" ><p><small>* Nonostante il nome, il test di integrazione \u00e8 in realt\u00e0 un esame di lingua, che \u00e8 stato sviluppato dalla stimata azienda telc (The European Language Certificates) e che \u00e8 ampiamente riconosciuto in tutta Europa. Pertanto, gli esami dell&#8217;\u00d6IF (Fondo austriaco per l&#8217;integrazione) rappresentano una valida prova di competenza linguistica nello spazio europeo dell&#8217;istruzione superiore (ERASMUS +). Si prega di verificare in anticipo se l&#8217;esame \u00e8 effettivamente riconosciuto dall&#8217;universit\u00e0 in questione. Consigliamo questa procedura per tutti gli esami, indipendentemente dal fornitore di servizi.<\/small><\/p>\n<\/div><\/section>\n\n<style type=\"text\/css\" data-created_by=\"avia_inline_auto\" id=\"style-css-av-jwuh6pmo-b532021a9baa0e7a431b13a9de3df354\">\n#top .hr.hr-invisible.av-jwuh6pmo-b532021a9baa0e7a431b13a9de3df354{\nheight:50px;\n}\n<\/style>\n<div  class='hr av-jwuh6pmo-b532021a9baa0e7a431b13a9de3df354 hr-invisible  avia-builder-el-49  el_after_av_textblock  avia-builder-el-last '><span class='hr-inner '><span class=\"hr-inner-style\"><\/span><\/span><\/div>\n\n<\/div><\/div><\/div><!-- close content main div --><\/div><\/div>\n<style type=\"text\/css\" data-created_by=\"avia_inline_auto\" id=\"style-css-av-9vqjcr-a68ed9bc3ee886905f541ec278c06006\">\n.avia-section.av-9vqjcr-a68ed9bc3ee886905f541ec278c06006{\nbackground-color:#f8f8f8;\nbackground-image:unset;\n}\n<\/style>\n<div id='av_section_6'  class='avia-section av-9vqjcr-a68ed9bc3ee886905f541ec278c06006 main_color avia-section-default avia-no-border-styling  avia-builder-el-50  el_after_av_section  el_before_av_section  avia-bg-style-scroll container_wrap sidebar_right'  ><div class='container av-section-cont-open' ><div class='template-page content  av-content-small alpha units'><div class='post-entry post-entry-type-page post-entry-503522'><div class='entry-content-wrapper clearfix'>\n\n<style type=\"text\/css\" data-created_by=\"avia_inline_auto\" id=\"style-css-av-jwuh6pmo-7-519da72ee3170b8b5e3b349f93b3f071\">\n#top .hr.hr-invisible.av-jwuh6pmo-7-519da72ee3170b8b5e3b349f93b3f071{\nheight:50px;\n}\n<\/style>\n<div  class='hr av-jwuh6pmo-7-519da72ee3170b8b5e3b349f93b3f071 hr-invisible  avia-builder-el-51  el_before_av_one_third  avia-builder-el-first '><span class='hr-inner '><span class=\"hr-inner-style\"><\/span><\/span><\/div>\n\n<style type=\"text\/css\" data-created_by=\"avia_inline_auto\" id=\"style-css-av-p6gkr-2d47ac90de88541d53c43f55e1143e92\">\n.flex_column.av-p6gkr-2d47ac90de88541d53c43f55e1143e92{\nborder-radius:0px 0px 0px 0px;\npadding:0px 0px 0px 0px;\n}\n<\/style>\n<div  class='flex_column av-p6gkr-2d47ac90de88541d53c43f55e1143e92 av_one_third  avia-builder-el-52  el_after_av_hr  el_before_av_one_third  first flex_column_div av-zero-column-padding  '     ><style type=\"text\/css\" data-created_by=\"avia_inline_auto\" id=\"style-css-av-jz9ia0wx-6b2604cd6c1f82913e5ec5fa646c9a53\">\n#top .avia-animated-number.av-jz9ia0wx-6b2604cd6c1f82913e5ec5fa646c9a53 .avia-animated-number-content{\nfont-size:14px;\n}\n<\/style>\n<div  class=\"avia-animated-number av-jz9ia0wx-6b2604cd6c1f82913e5ec5fa646c9a53 av-force-default-color avia_animate_when_visible  avia-builder-el-53  avia-builder-el-no-sibling  \" data-timer=\"3000\"><strong class=\"heading avia-animated-number-title\"><span class=\"avia-single-number __av-single-number\" data-number_format=\" \" data-number=\"2519\" data-start_from=\"0\">2519<\/span><\/strong><div class=\"avia-animated-number-content\"><p>candidati testati<\/p>\n<\/div><\/div><\/div>\n<style type=\"text\/css\" data-created_by=\"avia_inline_auto\" id=\"style-css-av-64rcsr-43cfe763364b2de80214f46a3b2eb952\">\n.flex_column.av-64rcsr-43cfe763364b2de80214f46a3b2eb952{\nborder-radius:0px 0px 0px 0px;\npadding:0px 0px 0px 0px;\n}\n<\/style>\n<div  class='flex_column av-64rcsr-43cfe763364b2de80214f46a3b2eb952 av_one_third  avia-builder-el-54  el_after_av_one_third  el_before_av_one_third  flex_column_div av-zero-column-padding  '     ><style type=\"text\/css\" data-created_by=\"avia_inline_auto\" id=\"style-css-av-jz9ia0wx-5-3017a6009b52848038f41ad3c82ffcc6\">\n#top .avia-animated-number.av-jz9ia0wx-5-3017a6009b52848038f41ad3c82ffcc6 .avia-animated-number-content{\nfont-size:14px;\n}\n<\/style>\n<div  class=\"avia-animated-number av-jz9ia0wx-5-3017a6009b52848038f41ad3c82ffcc6 av-force-default-color avia_animate_when_visible  avia-builder-el-55  avia-builder-el-no-sibling  \" data-timer=\"3000\"><strong class=\"heading avia-animated-number-title\"><span class=\"avia-single-number __av-single-number\" data-number_format=\" \" data-number=\"15\" data-start_from=\"0\">15<\/span><\/strong><div class=\"avia-animated-number-content\"><p>esaminatori certificati<\/p>\n<\/div><\/div><\/div>\n<style type=\"text\/css\" data-created_by=\"avia_inline_auto\" id=\"style-css-av-4ecwvv-8f1bb8d2083d280dadb75d2452bf63f8\">\n.flex_column.av-4ecwvv-8f1bb8d2083d280dadb75d2452bf63f8{\nborder-radius:0px 0px 0px 0px;\npadding:0px 0px 0px 0px;\n}\n<\/style>\n<div  class='flex_column av-4ecwvv-8f1bb8d2083d280dadb75d2452bf63f8 av_one_third  avia-builder-el-56  el_after_av_one_third  el_before_av_hr  flex_column_div av-zero-column-padding  '     ><style type=\"text\/css\" data-created_by=\"avia_inline_auto\" id=\"style-css-av-jz9ia0wx-4-dc8afb6a55e63b15d1ec60071ec037ac\">\n#top .avia-animated-number.av-jz9ia0wx-4-dc8afb6a55e63b15d1ec60071ec037ac .avia-animated-number-content{\nfont-size:14px;\n}\n<\/style>\n<div  class=\"avia-animated-number av-jz9ia0wx-4-dc8afb6a55e63b15d1ec60071ec037ac av-force-default-color avia_animate_when_visible  avia-builder-el-57  avia-builder-el-no-sibling  \" data-timer=\"3000\"><strong class=\"heading avia-animated-number-title\"><span class=\"avia-single-number __av-single-number\" data-number_format=\" \" data-number=\"237\" data-start_from=\"0\">237<\/span><\/strong><div class=\"avia-animated-number-content\"><p>esami effettuati<\/p>\n<\/div><\/div><\/div>\n<style type=\"text\/css\" data-created_by=\"avia_inline_auto\" id=\"style-css-av-jwuh6pmo-6-dc0086323353026d00dd3f73253b46b2\">\n#top .hr.hr-invisible.av-jwuh6pmo-6-dc0086323353026d00dd3f73253b46b2{\nheight:50px;\n}\n<\/style>\n<div  class='hr av-jwuh6pmo-6-dc0086323353026d00dd3f73253b46b2 hr-invisible  avia-builder-el-58  el_after_av_one_third  el_before_av_textblock '><span class='hr-inner '><span class=\"hr-inner-style\"><\/span><\/span><\/div>\n<section  class='av_textblock_section av-jrukrhfg-8-af9367a35d4b5029bc1f0e37573b9da0 '   itemscope=\"itemscope\" itemtype=\"https:\/\/schema.org\/CreativeWork\" ><div class='avia_textblock'  itemprop=\"text\" ><p><small>Ultimo aggiornamento: Nov. 2025<\/small><\/p>\n<\/div><\/section>\n\n<\/div><\/div><\/div><!-- close content main div --><\/div><\/div><div id='requisiti'  class='avia-section av-jsn8wfrp-736e235044a3d13983e3bfbd94aa468d main_color avia-section-default avia-no-border-styling  avia-builder-el-60  el_after_av_section  el_before_av_section  avia-bg-style-scroll container_wrap sidebar_right'  ><div class='container av-section-cont-open' ><div class='template-page content  av-content-small alpha units'><div class='post-entry post-entry-type-page post-entry-503522'><div class='entry-content-wrapper clearfix'>\n\n<style type=\"text\/css\" data-created_by=\"avia_inline_auto\" id=\"style-css-av-jwuh6pmo-3-8c87b9ec577aa4712e1e3c5f984e24c6\">\n#top .hr.hr-invisible.av-jwuh6pmo-3-8c87b9ec577aa4712e1e3c5f984e24c6{\nheight:30px;\n}\n<\/style>\n<div  class='hr av-jwuh6pmo-3-8c87b9ec577aa4712e1e3c5f984e24c6 hr-invisible  avia-builder-el-61  el_before_av_heading  avia-builder-el-first '><span class='hr-inner '><span class=\"hr-inner-style\"><\/span><\/span><\/div>\n\n<style type=\"text\/css\" data-created_by=\"avia_inline_auto\" id=\"style-css-av-htbpwte-58364b03d9499f940eb49899ba30e944\">\n#top .av-special-heading.av-htbpwte-58364b03d9499f940eb49899ba30e944{\npadding-bottom:10px;\n}\nbody .av-special-heading.av-htbpwte-58364b03d9499f940eb49899ba30e944 .av-special-heading-tag .heading-char{\nfont-size:25px;\n}\n.av-special-heading.av-htbpwte-58364b03d9499f940eb49899ba30e944 .av-subheading{\nfont-size:14px;\n}\n<\/style>\n<div  class='av-special-heading av-htbpwte-58364b03d9499f940eb49899ba30e944 av-special-heading-h2 blockquote modern-quote  avia-builder-el-62  el_after_av_hr  el_before_av_iconlist  av-linked-heading'><h2 class='av-special-heading-tag '  itemprop=\"headline\"  >Requisiti per la partecipazione<\/h2><div class='av-subheading av-subheading_below'><p>Importante: le persone che si presenteranno senza un documento d&#8217;identit\u00e0 valido con foto NON saranno ammesse all&#8217;esame.<\/p>\n<\/div><div class=\"special-heading-border\"><div class=\"special-heading-inner-border\"><\/div><\/div><\/div>\n\n<style type=\"text\/css\" data-created_by=\"avia_inline_auto\" id=\"style-css-av-jz9kwv5l-409d7557a0ac60e13a844fe2433400cb\">\n#top .avia-icon-list-container.av-jz9kwv5l-409d7557a0ac60e13a844fe2433400cb .iconlist_icon{\nbackground-color:#1f7399;\n}\n#top #wrap_all .avia-icon-list-container.av-jz9kwv5l-409d7557a0ac60e13a844fe2433400cb .av_iconlist_title{\nfont-size:14px;\ncolor:#1f7399;\n}\n<\/style>\n<div  class='avia-icon-list-container av-jz9kwv5l-409d7557a0ac60e13a844fe2433400cb  avia-builder-el-63  el_after_av_heading  el_before_av_hr '><ul class='avia-icon-list avia_animate_when_almost_visible avia-icon-list-left av-iconlist-big av-jz9kwv5l-409d7557a0ac60e13a844fe2433400cb'>\n<li><div class='iconlist_icon av-ad7ihk2-84e3993dbee1d4b72994b24a8270d33e avia-font-entypo-fontello avia-iconfont avia-font-entypo-fontello'><span class='av-icon-char' data-av_icon='\ue86c' data-av_iconfont='entypo-fontello' aria-hidden=\"true\"><\/span><\/div><article class=\"article-icon-entry \"  itemscope=\"itemscope\" itemtype=\"https:\/\/schema.org\/CreativeWork\" ><div class=\"iconlist_content_wrap\"><header class=\"entry-content-header\" aria-label=\"Icona: Registrazione\"><h4 class='av_iconlist_title iconlist_title  av_inherit_color'  itemprop=\"headline\" >Registrazione<\/h4><\/header><div class='iconlist_content '  itemprop=\"text\" ><p>Il primo passo \u00e8 registrarsi per un esame. Per motivi organizzativi, tutte le iscrizioni devono essere effettuate <a href=\"#registrazione\">online<\/a>.<\/p>\n<\/div><\/div><footer class=\"entry-footer\"><\/footer><\/article><div class=\"iconlist-timeline\"><\/div><\/li>\n<li><div class='iconlist_icon av-d2gbale-93df76ac187e927bbad67478be88ad79 avia-font-entypo-fontello avia-iconfont avia-font-entypo-fontello'><span class='av-icon-char' data-av_icon='\ue840' data-av_iconfont='entypo-fontello' aria-hidden=\"true\"><\/span><\/div><article class=\"article-icon-entry \"  itemscope=\"itemscope\" itemtype=\"https:\/\/schema.org\/CreativeWork\" ><div class=\"iconlist_content_wrap\"><header class=\"entry-content-header\" aria-label=\"Icona: Documento d\u2019identit\u00e0 valido (con foto)\"><h4 class='av_iconlist_title iconlist_title  av_inherit_color'  itemprop=\"headline\" >Documento d\u2019identit\u00e0 valido (con foto)<\/h4><\/header><div class='iconlist_content '  itemprop=\"text\" ><p>Si prega di portare con s\u00e9 all&#8217;esame un documento d&#8217;identit\u00e0 ufficiale con foto che sia valido. Valido significa che la data di scadenza non deve essere precedente alla data dell&#8217;esame! Questo non vale per i passaporti, i passaporti delle convenzioni e quelli degli stranieri: non devono essere scaduti da pi\u00f9 di un anno.<\/p>\n<p>Sono accettati i seguenti documenti: passaporto, passaporto convenzionale secondo il \u00a7 94 FPG, passaporto per stranieri secondo il \u00a7 88 FPG, patente di guida (rilasciata in Austria), carta d&#8217;identit\u00e0 (rilasciata nell&#8217;UE), fototessera per cittadini SEE, carta di legittimazione, carta di titolo di soggiorno (rilasciata in Austria), titolo di soggiorno per motivi degni di considerazione secondo il \u00a7 54 AsylG, carta per persone aventi diritto all&#8217;asilo secondo il \u00a7 51a AsylG (tessera blu), carta per i titolari di protezione sussidiaria secondo il \u00a7 52 AsylG (tessera grigia), permesso di soggiorno secondo il \u00a7 51 AsylG (tessera bianca), carta di procedura secondo il \u00a7 50 AsylG (tessera verde), carta d&#8217;identit\u00e0 per stranieri secondo il \u00a7 94a FPG, carta di tolleranza secondo il \u00a7 46a Abs 4 FPG.<\/p>\n<p><strong>Attenzione: <\/strong>in ogni caso, porta lo stesso documento che hai presentato o caricato quando ti sei registrato. Se mostri un documento di identit\u00e0 con una foto diversa (ad esempio la patente di guida), ci\u00f2 pu\u00f2 comportare problemi di identificazione e gli esaminatori potrebbero non essere in grado di ammetterti all&#8217;esame!<\/p>\n<\/div><\/div><footer class=\"entry-footer\"><\/footer><\/article><div class=\"iconlist-timeline\"><\/div><\/li>\n<li><div class='iconlist_icon av-18scip5u-86ca876327645ab5e77b76a13975c45b avia-font-fontawesome5free-solid avia-iconfont avia-font-fontawesome5free-solid'><span class='av-icon-char' data-av_icon='\uf305' data-av_iconfont='fontawesome5free-solid' aria-hidden=\"true\"><\/span><\/div><article class=\"article-icon-entry \"  itemscope=\"itemscope\" itemtype=\"https:\/\/schema.org\/CreativeWork\" ><div class=\"iconlist_content_wrap\"><header class=\"entry-content-header\" aria-label=\"Icona: Necessario per scrivere\"><h4 class='av_iconlist_title iconlist_title  av_inherit_color'  itemprop=\"headline\" >Necessario per scrivere<\/h4><\/header><div class='iconlist_content '  itemprop=\"text\" ><p>\u00c8 necessario portare con s\u00e9 una penna (biro). Non sono ammesse matite.<\/p>\n<\/div><\/div><footer class=\"entry-footer\"><\/footer><\/article><div class=\"iconlist-timeline\"><\/div><\/li>\n<\/ul><\/div>\n\n<style type=\"text\/css\" data-created_by=\"avia_inline_auto\" id=\"style-css-av-jwuh6pmo-2-fc9a7946d4119cc2db22890f6acccf47\">\n#top .hr.hr-invisible.av-jwuh6pmo-2-fc9a7946d4119cc2db22890f6acccf47{\nheight:10px;\n}\n<\/style>\n<div  class='hr av-jwuh6pmo-2-fc9a7946d4119cc2db22890f6acccf47 hr-invisible  avia-builder-el-64  el_after_av_iconlist  avia-builder-el-last '><span class='hr-inner '><span class=\"hr-inner-style\"><\/span><\/span><\/div>\n<\/div><\/div><\/div><!-- close content main div --><\/div><\/div>\n<style type=\"text\/css\" data-created_by=\"avia_inline_auto\" id=\"style-css-av-jsnfoctx-28-7a9087aff0e94ec075170300f83288d6\">\n.avia-section.av-jsnfoctx-28-7a9087aff0e94ec075170300f83288d6{\nbackground-repeat:no-repeat;\nbackground-image:url(https:\/\/dia.aau.at\/it\/wp-content\/uploads\/sites\/6\/2019\/08\/Sektion-018-Freepic.Diller_freepik.com-Free-License-scaled.jpg);\nbackground-position:50% 50%;\nbackground-attachment:fixed;\n}\n<\/style>\n<div id='av_section_8'  class='avia-section av-jsnfoctx-28-7a9087aff0e94ec075170300f83288d6 main_color avia-section-default avia-shadow  avia-builder-el-65  el_after_av_section  el_before_av_heading  avia-full-stretch avia-bg-style-fixed av-minimum-height av-minimum-height-50 av-height-50  container_wrap sidebar_right'  data-section-bg-repeat='stretch' data-av_minimum_height_pc='50' data-av_min_height_opt='50'><div class='container av-section-cont-open' ><div class='template-page content  av-content-small alpha units'><div class='post-entry post-entry-type-page post-entry-503522'><div class='entry-content-wrapper clearfix'><\/div><\/div><\/div><!-- close content main div --><\/div><\/div><div id='after_section_8'  class='main_color av_default_container_wrap container_wrap sidebar_right'  ><div class='container av-section-cont-open' ><div class='template-page content  av-content-small alpha units'><div class='post-entry post-entry-type-page post-entry-503522'><div class='entry-content-wrapper clearfix'><\/p>\n\n<style type=\"text\/css\" data-created_by=\"avia_inline_auto\" id=\"style-css-av-8ilcgv6-1ac96ecc9311041ba6d272e62d678687\">\n#top .av-special-heading.av-8ilcgv6-1ac96ecc9311041ba6d272e62d678687{\npadding-bottom:10px;\ncolor:#0c0c0c;\n}\nbody .av-special-heading.av-8ilcgv6-1ac96ecc9311041ba6d272e62d678687 .av-special-heading-tag .heading-char{\nfont-size:25px;\n}\n.av-special-heading.av-8ilcgv6-1ac96ecc9311041ba6d272e62d678687 .special-heading-inner-border{\nborder-color:#0c0c0c;\n}\n.av-special-heading.av-8ilcgv6-1ac96ecc9311041ba6d272e62d678687 .av-subheading{\nfont-size:15px;\n}\n<\/style>\n<div  class='av-special-heading av-8ilcgv6-1ac96ecc9311041ba6d272e62d678687 av-special-heading-h1 custom-color-heading blockquote classic-quote  avia-builder-el-66  el_after_av_section  el_before_av_section  avia-builder-el-no-sibling  av-linked-heading'><h1 class='av-special-heading-tag '  itemprop=\"headline\"  >Nell\u2019esame, alcune domande non sono cos\u00ec difficili, solo la risposta.<\/h1><div class='av_custom_color av-subheading av-subheading_below'><p>Wilhelm Schlichting<\/p>\n<\/div><div class=\"special-heading-border\"><div class=\"special-heading-inner-border\"><\/div><\/div><\/div>\n<\/div><\/div><\/div><!-- close content main div --><\/div><\/div><div id='contratto-di-integrazione'  class='avia-section av-k7kn50zr-8129c2e5f2264d4d37ff04fea2423cfb main_color avia-section-default avia-no-border-styling  avia-builder-el-67  el_after_av_heading  avia-builder-el-last  avia-bg-style-scroll container_wrap sidebar_right'  ><div class='container av-section-cont-open' ><div class='template-page content  av-content-small alpha units'><div class='post-entry post-entry-type-page post-entry-503522'><div class='entry-content-wrapper clearfix'>\n\n<style type=\"text\/css\" data-created_by=\"avia_inline_auto\" id=\"style-css-av-jzwxrhe-80fb20c414015450fccfe6c621492dc0\">\n#top .av-special-heading.av-jzwxrhe-80fb20c414015450fccfe6c621492dc0{\npadding-bottom:10px;\n}\nbody .av-special-heading.av-jzwxrhe-80fb20c414015450fccfe6c621492dc0 .av-special-heading-tag .heading-char{\nfont-size:25px;\n}\n.av-special-heading.av-jzwxrhe-80fb20c414015450fccfe6c621492dc0 .av-subheading{\nfont-size:11px;\n}\n\n@media only screen and (max-width: 479px){ \n#top #wrap_all .av-special-heading.av-jzwxrhe-80fb20c414015450fccfe6c621492dc0 .av-special-heading-tag{\nfont-size:30px;\n}\n}\n<\/style>\n<div  class='av-special-heading av-jzwxrhe-80fb20c414015450fccfe6c621492dc0 av-special-heading-h1 blockquote modern-quote  avia-builder-el-68  el_before_av_heading  avia-builder-el-first  av-linked-heading'><h1 class='av-special-heading-tag '  itemprop=\"headline\"  >Contratto di integrazione <\/h1><div class='av-subheading av-subheading_below'><p>Le informazioni date <b>non hanno alcun valore legale!<\/b><\/p>\n<\/div><div class=\"special-heading-border\"><div class=\"special-heading-inner-border\"><\/div><\/div><\/div>\n\n<style type=\"text\/css\" data-created_by=\"avia_inline_auto\" id=\"style-css-av-hgr8h2a-98cd8e749b51ef90ef75408d2f560846\">\n#top .av-special-heading.av-hgr8h2a-98cd8e749b51ef90ef75408d2f560846{\npadding-bottom:10px;\n}\nbody .av-special-heading.av-hgr8h2a-98cd8e749b51ef90ef75408d2f560846 .av-special-heading-tag .heading-char{\nfont-size:25px;\n}\n.av-special-heading.av-hgr8h2a-98cd8e749b51ef90ef75408d2f560846 .av-subheading{\nfont-size:15px;\n}\n<\/style>\n<div  class='av-special-heading av-hgr8h2a-98cd8e749b51ef90ef75408d2f560846 av-special-heading-h2 blockquote modern-quote  avia-builder-el-69  el_after_av_heading  el_before_av_textblock  av-linked-heading'><h2 class='av-special-heading-tag '  itemprop=\"headline\"  >Obiettivo del Contratto di integrazione<\/h2><div class=\"special-heading-border\"><div class=\"special-heading-inner-border\"><\/div><\/div><\/div>\n<section  class='av_textblock_section av-js09pkly-445c3ef87c907bf8928b082062563a70 '   itemscope=\"itemscope\" itemtype=\"https:\/\/schema.org\/CreativeWork\" ><div class='avia_textblock'  itemprop=\"text\" ><p><strong>Il Contratto di intregrazione (\u00abIntegrationsvereinbarung IV\u00bb) del 2017<\/strong> regolamenta l&#8217;integrazione dei cittadini di un paese terzo legalmente residenti sul territorio nazionale austriaco e ha come obiettivo quello di consentire la loro partecipazione alla vita sociale, economica e culturale austriaca. Nell&#8217;ambito di questo contratto, ai cittadini di un paese terzo viene obbligatoriamente richiesto di acquisire conoscenze della lingua tedesca, nonch\u00e9 dell&#8217;ordine democratico e dei suoi principi fondamentali.<\/p>\n<\/div><\/section>\n\n<style type=\"text\/css\" data-created_by=\"avia_inline_auto\" id=\"style-css-av-jz8j5zgr-f3744183d2a19c12d1972a99481d6bfa\">\n.iconbox.av-jz8j5zgr-f3744183d2a19c12d1972a99481d6bfa .iconbox_icon{\nborder:1px solid #cc003d;\ncolor:#cc003d;\n}\n.iconbox.av-jz8j5zgr-f3744183d2a19c12d1972a99481d6bfa .iconbox_icon.avia-svg-icon svg:first-child{\nfill:#cc003d;\nstroke:#cc003d;\n}\n#top #wrap_all .iconbox.av-jz8j5zgr-f3744183d2a19c12d1972a99481d6bfa .iconbox_content_title{\ncolor:#cc003d;\n}\n<\/style>\n<article  class='iconbox iconbox_left_content av-jz8j5zgr-f3744183d2a19c12d1972a99481d6bfa  avia-builder-el-71  el_after_av_textblock  el_before_av_heading '  itemscope=\"itemscope\" itemtype=\"https:\/\/schema.org\/CreativeWork\" ><a href='https:\/\/www.oesterreich.gv.at\/themen\/leben_in_oesterreich\/aufenthalt\/3\/Seite.120260.html' title='Tedesco prima dell\u2019immigrazione' aria-label='Tedesco prima dell\u2019immigrazione'  target=\"_blank\"  rel=\"noopener noreferrer\" class='iconbox_icon heading-color avia-iconfont avia-font-entypo-fontello' data-av_icon='\ue83e' data-av_iconfont='entypo-fontello' title=\"Tedesco prima dell\u2019immigrazione\" desc=\"Tedesco prima dell\u2019immigrazione\" ><\/a><div class=\"iconbox_content\"><header class=\"entry-content-header\" aria-label=\"Icona: Tedesco prima dell\u2019immigrazione\"><h3 class='iconbox_content_title '  itemprop=\"headline\" ><a href='https:\/\/www.oesterreich.gv.at\/themen\/leben_in_oesterreich\/aufenthalt\/3\/Seite.120260.html' title='Tedesco prima dell\u2019immigrazione'  target=\"_blank\"  rel=\"noopener noreferrer\">Tedesco prima dell\u2019immigrazione<\/a><\/h3><\/header><div class='iconbox_content_container '  itemprop=\"text\" ><p><strong>Conoscenze di base della lingua tedesca<\/strong> per la comunicazione elementare (livello A1) <strong>sono richieste gi\u00e0 prima dell&#8217;immigrazione<\/strong>, per la concessione del primo permesso di soggiorno e non rientrano nel Contratto di integrazione. La certificazione relativa (diploma di lingua o attestato di un corso rilasciato da un ente stabilito dalla normativa) deve essere stato conseguito nell\u2019anno precedente la data di iscrizione.<\/p>\n<\/div><\/div><footer class=\"entry-footer\"><\/footer><\/article>\n\n<style type=\"text\/css\" data-created_by=\"avia_inline_auto\" id=\"style-css-av-cz29fky-f984f5895587530055a9d4122f98e2a7\">\n#top .av-special-heading.av-cz29fky-f984f5895587530055a9d4122f98e2a7{\npadding-bottom:10px;\n}\nbody .av-special-heading.av-cz29fky-f984f5895587530055a9d4122f98e2a7 .av-special-heading-tag .heading-char{\nfont-size:25px;\n}\n.av-special-heading.av-cz29fky-f984f5895587530055a9d4122f98e2a7 .av-subheading{\nfont-size:12px;\n}\n<\/style>\n<div  class='av-special-heading av-cz29fky-f984f5895587530055a9d4122f98e2a7 av-special-heading-h2 blockquote modern-quote  avia-builder-el-72  el_after_av_icon_box  el_before_av_textblock  av-linked-heading'><h2 class='av-special-heading-tag '  itemprop=\"headline\"  >Modulo 1 del contratto di integrazione <\/h2><div class='av-subheading av-subheading_below'><p>Competenza linguistica elementare approfondita (A2)<\/p>\n<\/div><div class=\"special-heading-border\"><div class=\"special-heading-inner-border\"><\/div><\/div><\/div>\n<section  class='av_textblock_section av-jrupdtyy-630c3efc2bc84c06b271e09813bdf3b2 '   itemscope=\"itemscope\" itemtype=\"https:\/\/schema.org\/CreativeWork\" ><div class='avia_textblock'  itemprop=\"text\" ><p>Ai cittadini di un paese terzo a cui sia stato concesso <b>per la prima volta<\/b>, a partire dal 1\u00b0 ottobre 2017, <b>un permesso di soggiorno<\/b>, viene obbligatoriamente richiesto di espletare il Modulo I del Contratto di integrazione secondo le disposizioni della Legge sull&#8217;integrazione (\u00abIntegrationsgesetz\u00bb \u2013 <a class=\"external-link-new-window\" title=\"Aprire il link interno in una nuova finestra\" href=\"https:\/\/www.ris.bka.gv.at\/GeltendeFassung.wxe?Abfrage=Bundesnormen&amp;Gesetzesnummer=20009891&amp;FassungVom=2017-12-31\" target=\"_blank\" rel=\"noopener noreferrer\">IntG<\/a>) e della normativa del Contratto di integrazione (\u00abIntegrationsvereinbarungs-Verordnung &#8211; <a class=\"external-link-new-window\" title=\"Aprire il link interno in una nuova finestra\" href=\"https:\/\/www.ris.bka.gv.at\/Dokumente\/BgblAuth\/BGBLA_2017_II_242\/BGBLA_2017_II_242.html\" target=\"_blank\" rel=\"noopener noreferrer\">IV-V<\/a>\u00bb) entro due anni. La verifica dell&#8217;espletamento del Modulo I del Contratto di integrazione viene effetuata a livello nazionale secondo un criterio uniforme e comprende contenuti ti tipo linguistico e di carattere socio-culturale.<\/p>\n<p><strong>Il Modulo I del Contratto di integrazione si considera espletato se il cittadino di un paese terzo<\/strong><\/p>\n<ul>\n<li>presenta una certificazione del superamento con esito positivo dell&#8217;esame di integrazione rilasciata dal \u00abFondo austriaco per l&#8217;integrazione\u00bb (\u00ab\u00d6sterreichischer Integrationsfonds\u00bb &#8211; <a class=\"external-link-new-window\" title=\"Opens external link in new window\" href=\"http:\/\/www.integrationsfonds.at\" target=\"_blank\" rel=\"noopener noreferrer\">\u00d6IF<\/a>);<\/li>\n<li>presenta una certificazione equipollente del superamento con esito positivo dell&#8217;esame di integrazione;<\/li>\n<li>ha conseguito un titolo di studio che corrisponde al titolo di ammissione all&#8217;Universit\u00e0 ai sensi del \u00a7 64, Capoverso 1 dell&#8217;\u00abUniversit\u00e4tsgesetz 2002\u00bb (BGBl. I Nr. 120\/2002) oppure al diploma di scuola media professionale<\/li>\n<li>possiede un permesso di soggiorno \u00abCarta Rossa-Bianca-Rossa\u00bb (\u00abRot-Wei\u00df-Rot-Karte\u00bb);<\/li>\n<li>in qualit\u00e0 di possessore di un \u00abPermesso di soggiorno per artisti\u00bb (\u00abNiederlassungsbewilligung &#8211; K\u00fcnstler\u00bb) ai sensi del \u00a7 43a della Normativa \u00ab<a class=\"external-link-new-window\" title=\"Aprire il link interno in una nuova finestra\" href=\"https:\/\/www.ris.bka.gv.at\/GeltendeFassung.wxe?Abfrage=Bundesnormen&amp;Gesetzesnummer=20004242\" target=\"_blank\" rel=\"noopener noreferrer\">NAG<\/a>\u00bb esercita una professione artistica.<\/li>\n<\/ul>\n<p>La certificazione dell&#8217;espletamento del Modulo I non deve essere, al momento della presentazione di una richiesta di proroga, di data anteriore a due anni.<\/p>\n<p><strong>Dall&#8217;espletamento sono esentati i cittadini di un paese terzo<\/strong><\/p>\n<ul>\n<li>che, alla fine del periodo temporale di espletamento, siano minorenni;<\/li>\n<li>ai quali non possa essere richiesto l&#8217;espletamento a causa del loro stato di salute fisico o psichico (questo deve essere certificato tramite perizia medico-legale);<\/li>\n<li>che rilascino dichiarazione scritta che la durata del loro soggiorno in Austria non superer\u00e0 24 mesi entro un periodo di tre anni (in questo caso si rinuncia irrevocabilmente alla presentazione di un&#8217;ulteriore richiesta di proroga dopo la prima richiesta di proroga).<\/li>\n<\/ul>\n<\/div><\/section>\n\n<style type=\"text\/css\" data-created_by=\"avia_inline_auto\" id=\"style-css-av-78d9x2a-e419acaff77651278f6e5ed80b6a5f36\">\n#top .av-special-heading.av-78d9x2a-e419acaff77651278f6e5ed80b6a5f36{\npadding-bottom:10px;\n}\nbody .av-special-heading.av-78d9x2a-e419acaff77651278f6e5ed80b6a5f36 .av-special-heading-tag .heading-char{\nfont-size:25px;\n}\n.av-special-heading.av-78d9x2a-e419acaff77651278f6e5ed80b6a5f36 .av-subheading{\nfont-size:11px;\n}\n<\/style>\n<div  class='av-special-heading av-78d9x2a-e419acaff77651278f6e5ed80b6a5f36 av-special-heading-h2 blockquote modern-quote  avia-builder-el-74  el_after_av_textblock  el_before_av_textblock  av-linked-heading'><h2 class='av-special-heading-tag '  itemprop=\"headline\"  >Modulo 2 del contratto di integrazione <\/h2><div class='av-subheading av-subheading_below'><p>Competenza linguistica autonoma (B1)<\/p>\n<\/div><div class=\"special-heading-border\"><div class=\"special-heading-inner-border\"><\/div><\/div><\/div>\n<section  class='av_textblock_section av-jrupdtyy-1-290b33b468b64412728f3a4ed78897e3 '   itemscope=\"itemscope\" itemtype=\"https:\/\/schema.org\/CreativeWork\" ><div class='avia_textblock'  itemprop=\"text\" ><p><strong>Il Modulo II del Contratto di integrazione si considera espletato se il cittadino di un paese terzo<\/strong><\/p>\n<ul>\n<li>presenta una certificazione del superamento con esito positivo dell&#8217;esame di integrazione rilasciata dal \u00abFondo austriaco per l&#8217;integrazione\u00bb (\u00ab\u00d6sterreichischer Integrationsfonds\u00bb &#8211; <a class=\"external-link-new-window\" title=\"Aprire il link interno in una nuova finestra\" href=\"https:\/\/www.integrationsfonds.at\/\" target=\"_blank\" rel=\"noopener noreferrer\">\u00d6IF<\/a>);<\/li>\n<li>presenta una certificazione equipollente del superamento con esito positivo dell&#8217;esame di integrazione;<\/li>\n<li>\u00e8 minorenne e, nell&#8217;ambito del normale obbligo scolastico, frequenta una scuola primaria oppure l&#8217;ha frequentata nel semestre precedente;<\/li>\n<li>\u00e8 minorenne e, nell&#8217;ambito del normale obbligo scolastico, frequenta una scuola secondaria e certifica il giudizio positivo nella materia \u00abTedesco\u00bb con un attestato di fine anno o una comunicazione della scuola;<\/li>\n<li>certifica di aver frequentato per almeno cinque anni una scuola dell&#8217;obbligo in Austria e di aver ottenuto un giudizio positivo nella materia \u00abTedesco\u00bb;<\/li>\n<li>certifica di aver conseguito un giudizio positivo nella materia \u00abTedesco\u00bb dopo aver seguito un insegnamento di almeno quattro anni un una scuola all&#8217;estero (= non in Austria);<\/li>\n<li>\u00e8 in possesso di un diploma finale di tirocinio o professionale;<\/li>\n<li>\u00e8 stato iscritto per almeno due anni a un istituto di istruzione post-secondaria, ha seguito un ciclo di studi con lingua di insegnamento tedesca e, in questo ambito, certifica di aver conseguito con esito positivo almeno 32 \u00abCrediti ECTS\u00bb (\u00abECTS-Anrechungspunkte\u00bb; 16 ore semestrali) oppure \u00e8 in possesso di un titolo di studio post-secondario equipollente.<\/li>\n<\/ul>\n<p><strong>Dall&#8217;espletamento sono esentati i cittadini di un paese terzo<\/strong><\/p>\n<ul>\n<li>che, al momento della domanda, siano minorenni e non ancora soggetti al normale obbligo scolastico;<\/li>\n<li>ai quali non possa essere richiesto l&#8217;espletamento a causa del loro stato di salute fisico o psichico (questo deve essere certificato tramite perizia medico-legale).<\/li>\n<\/ul>\n<\/div><\/section>\n<\/div><\/div><\/div><!-- close content main div --><\/div><\/div><div id='after_section_9'  class='main_color av_default_container_wrap container_wrap sidebar_right'  ><div class='container av-section-cont-open' ><div class='template-page content  av-content-small alpha units'><div class='post-entry post-entry-type-page post-entry-503522'><div class='entry-content-wrapper clearfix'>\n","protected":false},"excerpt":{"rendered":"","protected":false},"author":1,"featured_media":0,"parent":0,"menu_order":0,"comment_status":"closed","ping_status":"closed","template":"","meta":{"footnotes":""},"class_list":["post-503522","page","type-page","status-publish","hentry"],"yoast_head":"<!-- This site is optimized with the Yoast SEO plugin v26.7 - https:\/\/yoast.com\/wordpress\/plugins\/seo\/ -->\n<title>Exams \u2013 \u00d6IF - Deutsch in \u00d6sterreich - AAU (IT)<\/title>\n<meta name=\"description\" content=\"Esami di integrazione del Fondo austriaco per l&#039;integrazione: date degli esami ogni mese.\" \/>\n<meta name=\"robots\" content=\"index, follow, max-snippet:-1, max-image-preview:large, max-video-preview:-1\" \/>\n<link rel=\"canonical\" href=\"https:\/\/dia.aau.at\/it\/esami-oeif\/\" \/>\n<meta property=\"og:locale\" content=\"it_IT\" \/>\n<meta property=\"og:type\" content=\"article\" \/>\n<meta property=\"og:title\" content=\"Exams \u2013 \u00d6IF - Deutsch in \u00d6sterreich - AAU (IT)\" \/>\n<meta property=\"og:description\" content=\"Esami di integrazione del Fondo austriaco per l&#039;integrazione: date degli esami ogni mese.\" \/>\n<meta property=\"og:url\" content=\"https:\/\/dia.aau.at\/it\/esami-oeif\/\" \/>\n<meta property=\"og:site_name\" content=\"Deutsch in \u00d6sterreich - AAU (IT)\" \/>\n<meta property=\"article:modified_time\" content=\"2026-01-21T10:13:56+00:00\" \/>\n<meta name=\"twitter:card\" content=\"summary_large_image\" \/>\n<meta name=\"twitter:label1\" content=\"Tempo di lettura stimato\" \/>\n\t<meta name=\"twitter:data1\" content=\"14 minuti\" \/>\n<script type=\"application\/ld+json\" class=\"yoast-schema-graph\">{\"@context\":\"https:\/\/schema.org\",\"@graph\":[{\"@type\":\"WebPage\",\"@id\":\"https:\/\/dia.aau.at\/it\/esami-oeif\/\",\"url\":\"https:\/\/dia.aau.at\/it\/esami-oeif\/\",\"name\":\"Exams \u2013 \u00d6IF - Deutsch in \u00d6sterreich - AAU (IT)\",\"isPartOf\":{\"@id\":\"https:\/\/dia.aau.at\/it\/#website\"},\"datePublished\":\"2025-11-26T10:00:52+00:00\",\"dateModified\":\"2026-01-21T10:13:56+00:00\",\"description\":\"Esami di integrazione del Fondo austriaco per l'integrazione: date degli esami ogni mese.\",\"breadcrumb\":{\"@id\":\"https:\/\/dia.aau.at\/it\/esami-oeif\/#breadcrumb\"},\"inLanguage\":\"it-IT\",\"potentialAction\":[{\"@type\":\"ReadAction\",\"target\":[\"https:\/\/dia.aau.at\/it\/esami-oeif\/\"]}]},{\"@type\":\"BreadcrumbList\",\"@id\":\"https:\/\/dia.aau.at\/it\/esami-oeif\/#breadcrumb\",\"itemListElement\":[{\"@type\":\"ListItem\",\"position\":1,\"name\":\"Startseite\",\"item\":\"https:\/\/dia.aau.at\/it\/\"},{\"@type\":\"ListItem\",\"position\":2,\"name\":\"Exams \u2013 \u00d6IF\"}]},{\"@type\":\"WebSite\",\"@id\":\"https:\/\/dia.aau.at\/it\/#website\",\"url\":\"https:\/\/dia.aau.at\/it\/\",\"name\":\"Deutsch in \u00d6sterreich - AAU (IT)\",\"description\":\"German and other languages at the University of Klagenfurt\",\"potentialAction\":[{\"@type\":\"SearchAction\",\"target\":{\"@type\":\"EntryPoint\",\"urlTemplate\":\"https:\/\/dia.aau.at\/it\/?s={search_term_string}\"},\"query-input\":{\"@type\":\"PropertyValueSpecification\",\"valueRequired\":true,\"valueName\":\"search_term_string\"}}],\"inLanguage\":\"it-IT\"}]}<\/script>\n<!-- \/ Yoast SEO plugin. -->","yoast_head_json":{"title":"Exams \u2013 \u00d6IF - Deutsch in \u00d6sterreich - AAU (IT)","description":"Esami di integrazione del Fondo austriaco per l'integrazione: date degli esami ogni mese.","robots":{"index":"index","follow":"follow","max-snippet":"max-snippet:-1","max-image-preview":"max-image-preview:large","max-video-preview":"max-video-preview:-1"},"canonical":"https:\/\/dia.aau.at\/it\/esami-oeif\/","og_locale":"it_IT","og_type":"article","og_title":"Exams \u2013 \u00d6IF - Deutsch in \u00d6sterreich - AAU (IT)","og_description":"Esami di integrazione del Fondo austriaco per l'integrazione: date degli esami ogni mese.","og_url":"https:\/\/dia.aau.at\/it\/esami-oeif\/","og_site_name":"Deutsch in \u00d6sterreich - AAU (IT)","article_modified_time":"2026-01-21T10:13:56+00:00","twitter_card":"summary_large_image","twitter_misc":{"Tempo di lettura stimato":"14 minuti"},"schema":{"@context":"https:\/\/schema.org","@graph":[{"@type":"WebPage","@id":"https:\/\/dia.aau.at\/it\/esami-oeif\/","url":"https:\/\/dia.aau.at\/it\/esami-oeif\/","name":"Exams \u2013 \u00d6IF - Deutsch in \u00d6sterreich - AAU (IT)","isPartOf":{"@id":"https:\/\/dia.aau.at\/it\/#website"},"datePublished":"2025-11-26T10:00:52+00:00","dateModified":"2026-01-21T10:13:56+00:00","description":"Esami di integrazione del Fondo austriaco per l'integrazione: date degli esami ogni mese.","breadcrumb":{"@id":"https:\/\/dia.aau.at\/it\/esami-oeif\/#breadcrumb"},"inLanguage":"it-IT","potentialAction":[{"@type":"ReadAction","target":["https:\/\/dia.aau.at\/it\/esami-oeif\/"]}]},{"@type":"BreadcrumbList","@id":"https:\/\/dia.aau.at\/it\/esami-oeif\/#breadcrumb","itemListElement":[{"@type":"ListItem","position":1,"name":"Startseite","item":"https:\/\/dia.aau.at\/it\/"},{"@type":"ListItem","position":2,"name":"Exams \u2013 \u00d6IF"}]},{"@type":"WebSite","@id":"https:\/\/dia.aau.at\/it\/#website","url":"https:\/\/dia.aau.at\/it\/","name":"Deutsch in \u00d6sterreich - AAU (IT)","description":"German and other languages at the University of Klagenfurt","potentialAction":[{"@type":"SearchAction","target":{"@type":"EntryPoint","urlTemplate":"https:\/\/dia.aau.at\/it\/?s={search_term_string}"},"query-input":{"@type":"PropertyValueSpecification","valueRequired":true,"valueName":"search_term_string"}}],"inLanguage":"it-IT"}]}},"_links":{"self":[{"href":"https:\/\/dia.aau.at\/it\/wp-json\/wp\/v2\/pages\/503522","targetHints":{"allow":["GET"]}}],"collection":[{"href":"https:\/\/dia.aau.at\/it\/wp-json\/wp\/v2\/pages"}],"about":[{"href":"https:\/\/dia.aau.at\/it\/wp-json\/wp\/v2\/types\/page"}],"author":[{"embeddable":true,"href":"https:\/\/dia.aau.at\/it\/wp-json\/wp\/v2\/users\/1"}],"replies":[{"embeddable":true,"href":"https:\/\/dia.aau.at\/it\/wp-json\/wp\/v2\/comments?post=503522"}],"version-history":[{"count":133,"href":"https:\/\/dia.aau.at\/it\/wp-json\/wp\/v2\/pages\/503522\/revisions"}],"predecessor-version":[{"id":518930,"href":"https:\/\/dia.aau.at\/it\/wp-json\/wp\/v2\/pages\/503522\/revisions\/518930"}],"wp:attachment":[{"href":"https:\/\/dia.aau.at\/it\/wp-json\/wp\/v2\/media?parent=503522"}],"curies":[{"name":"wp","href":"https:\/\/api.w.org\/{rel}","templated":true}]}}