{"id":503587,"date":"2020-04-19T19:45:38","date_gmt":"2020-04-19T17:45:38","guid":{"rendered":"https:\/\/dia-test.aau.at\/it\/verkehrsanbindungen_it\/"},"modified":"2023-08-08T13:20:29","modified_gmt":"2023-08-08T11:20:29","slug":"mezzi-di-trasporto","status":"publish","type":"page","link":"https:\/\/dia.aau.at\/it\/mezzi-di-trasporto\/","title":{"rendered":"Language Center \u2013 Transportation"},"content":{"rendered":"\n<style type=\"text\/css\" data-created_by=\"avia_inline_auto\" id=\"style-css-av-jsnfoctx-a8edf016e6921aa7fe7f6f8d12201e33\">\n.avia-section.av-jsnfoctx-a8edf016e6921aa7fe7f6f8d12201e33{\nbackground-repeat:no-repeat;\nbackground-image:url(https:\/\/dia.aau.at\/it\/wp-content\/uploads\/sites\/6\/2020\/07\/Titelbild-004-Franz-Gerdl_K\u00e4rnten-Werbung-Medienarchiv-registrierter-Nutzer.jpg);\nbackground-position:50% 50%;\nbackground-attachment:fixed;\n}\n<\/style>\n<div id='av_section_1'  class='avia-section av-jsnfoctx-a8edf016e6921aa7fe7f6f8d12201e33 main_color avia-section-default avia-no-border-styling  avia-builder-el-0  el_before_av_submenu  avia-builder-el-first  avia-full-stretch avia-bg-style-fixed av-minimum-height av-minimum-height-50 av-height-50  container_wrap sidebar_right'  data-section-bg-repeat='stretch' data-av_minimum_height_pc='50' data-av_min_height_opt='50'><div class='container av-section-cont-open' ><main  role=\"main\" itemprop=\"mainContentOfPage\"  class='template-page content  av-content-small alpha units'><div class='post-entry post-entry-type-page post-entry-503587'><div class='entry-content-wrapper clearfix'>\n<\/div><\/div><\/main><!-- close content main element --><\/div><\/div><div class='clear'><\/div><div id='sub_menu1'  class='av-submenu-container av-jsbueszy-42d0f9ea30ba3cb7fc5d06d00629cd81 main_color  avia-builder-el-1  el_after_av_section  el_before_av_heading  av-sticky-submenu submenu-not-first container_wrap sidebar_right' style='z-index:301' ><div class='container av-menu-mobile-disabled av-submenu-pos-center'><ul id='av-custom-submenu-1' class='av-subnav-menu' role='menu'>\n<li class='menu-item av-av_submenu_item-3a17209865e06f5df80b819a027e2672 menu-item-top-level menu-item-top-level-1' role='menuitem'><a href='#macchina'  ><span class='avia-bullet'><\/span><span class='avia-menu-text'>Se venite in macchina<\/span><\/a><\/li>\n<li class='menu-item av-av_submenu_item-bc1408c02c5e3178ccd8cd3d4d962762 menu-item-top-level menu-item-top-level-2' role='menuitem'><a href='#aeroporto'  ><span class='avia-bullet'><\/span><span class='avia-menu-text'>Aeroporto di Klagenfurt<\/span><\/a><\/li>\n<li class='menu-item av-av_submenu_item-909463848b1fe75b16daed12a2baca6c menu-item-top-level menu-item-top-level-3' role='menuitem'><a href='#obb'  ><span class='avia-bullet'><\/span><span class='avia-menu-text'>\u00d6BB - Ferrovie Austriache<\/span><\/a><\/li>\n<li class='menu-item av-av_submenu_item-53747080413bf6cf8828b71cd46109eb menu-item-top-level menu-item-top-level-4' role='menuitem'><a href='#flixbus'  ><span class='avia-bullet'><\/span><span class='avia-menu-text'>FlixBus \u2013 con il pullman fino a Klagenfurt!<\/span><\/a><\/li>\n<li class='menu-item av-av_submenu_item-878a7669ee20da328b1357f5b4eaaeba menu-item-top-level menu-item-top-level-5' role='menuitem'><a href='#stw'  ><span class='avia-bullet'><\/span><span class='avia-menu-text'>STW City-Bus<\/span><\/a><\/li>\n<\/ul><\/div><\/div><div class='sticky_placeholder'><\/div><div id='after_submenu_1'  class='main_color av_default_container_wrap container_wrap sidebar_right'  ><div class='container av-section-cont-open' ><div class='template-page content  av-content-small alpha units'><div class='post-entry post-entry-type-page post-entry-503587'><div class='entry-content-wrapper clearfix'>\n\n<style type=\"text\/css\" data-created_by=\"avia_inline_auto\" id=\"style-css-av-av_heading-89e7ac2f2e85e68a9f1ae9e52d6cdca3\">\n#top .av-special-heading.av-av_heading-89e7ac2f2e85e68a9f1ae9e52d6cdca3{\npadding-bottom:10px;\n}\nbody .av-special-heading.av-av_heading-89e7ac2f2e85e68a9f1ae9e52d6cdca3 .av-special-heading-tag .heading-char{\nfont-size:25px;\n}\n.av-special-heading.av-av_heading-89e7ac2f2e85e68a9f1ae9e52d6cdca3 .av-subheading{\nfont-size:15px;\n}\n<\/style>\n<div  class='av-special-heading av-av_heading-89e7ac2f2e85e68a9f1ae9e52d6cdca3 av-special-heading-h1 blockquote modern-quote  avia-builder-el-2  el_after_av_submenu  el_before_av_textblock  avia-builder-el-first  av-linked-heading'><h1 class='av-special-heading-tag '  itemprop=\"headline\"  >Mezzi di trasporto<\/h1><div class=\"special-heading-border\"><div class=\"special-heading-inner-border\"><\/div><\/div><\/div>\n<section  class='av_textblock_section av-jx04898t-3b0d8d1d14a137b4fd860c49a2ecb86f '   itemscope=\"itemscope\" itemtype=\"https:\/\/schema.org\/CreativeWork\" ><div class='avia_textblock'  itemprop=\"text\" ><p><strong>L\u2019universit\u00e0 \u00e8 ottimamente collegata ed \u00e8 facile raggiungerla sia con i mezzi pubblici che in automobile. <\/strong><\/p>\n<\/div><\/section>\n<\/div><\/div><\/div><!-- close content main div --><\/div><\/div><div id='macchina'  class='avia-section av-1xiekg-6cebb3d209d61205e32d004b6313b108 main_color avia-section-default avia-no-border-styling  avia-builder-el-4  el_after_av_textblock  el_before_av_section  avia-bg-style-scroll container_wrap sidebar_right'  ><div class='container av-section-cont-open' ><div class='template-page content  av-content-small alpha units'><div class='post-entry post-entry-type-page post-entry-503587'><div class='entry-content-wrapper clearfix'>\n\n<style type=\"text\/css\" data-created_by=\"avia_inline_auto\" id=\"style-css-av-av_heading-9d535ce5fdc6b33e91bac93ea607b6a2\">\n#top .av-special-heading.av-av_heading-9d535ce5fdc6b33e91bac93ea607b6a2{\npadding-bottom:10px;\n}\nbody .av-special-heading.av-av_heading-9d535ce5fdc6b33e91bac93ea607b6a2 .av-special-heading-tag .heading-char{\nfont-size:25px;\n}\n.av-special-heading.av-av_heading-9d535ce5fdc6b33e91bac93ea607b6a2 .av-subheading{\nfont-size:15px;\n}\n<\/style>\n<div  class='av-special-heading av-av_heading-9d535ce5fdc6b33e91bac93ea607b6a2 av-special-heading-h2 blockquote modern-quote  avia-builder-el-5  el_before_av_one_full  avia-builder-el-first '><h2 class='av-special-heading-tag '  itemprop=\"headline\"  >Se venite in macchina<\/h2><div class=\"special-heading-border\"><div class=\"special-heading-inner-border\"><\/div><\/div><\/div>\n\n<style type=\"text\/css\" data-created_by=\"avia_inline_auto\" id=\"style-css-av-31g5ts-e788c7953a0bb5028e9e200a7aa432cb\">\n.flex_column.av-31g5ts-e788c7953a0bb5028e9e200a7aa432cb{\nborder-radius:0px 0px 0px 0px;\npadding:0px 0px 0px 0px;\n}\n<\/style>\n<div  class='flex_column av-31g5ts-e788c7953a0bb5028e9e200a7aa432cb av_one_full  avia-builder-el-6  el_after_av_heading  avia-builder-el-last  first flex_column_div av-zero-column-padding  '     ><p><section  class='av_textblock_section av-jx04fq7i-afbf455cc4cf23675a9aa179d54a3c09 '   itemscope=\"itemscope\" itemtype=\"https:\/\/schema.org\/CreativeWork\" ><div class='avia_textblock'  itemprop=\"text\" ><p><strong>Arrivando dall\u2019autostrada (S\u00fcdautobahn A2)<\/strong>, prendere l\u2019uscita Minimundus (Klagenfurt West), al secondo semaforo girare a sinistra.<\/p>\n<p><strong>Provenendo dal centro citt\u00e0 di Klagenfurt<\/strong>, seguire la Villacher Stra\u00dfe fino al concessionario della Porsche (Autohaus Porsche) e qui svoltare a sinistra, verso la Neckheimgasse. Poi girare a destra nella Universit\u00e4tsstra\u00dfe.<\/p>\n<\/div><\/section><br \/>\n<section  class='av_textblock_section av-jx0547ho-66b44387898ae9840565947cc8bd4cde '   itemscope=\"itemscope\" itemtype=\"https:\/\/schema.org\/CreativeWork\" ><div class='avia_textblock'  itemprop=\"text\" ><p><strong>Parcheggi nel campus universitario<\/strong><br \/>\nVi preghiamo di notare che i parcheggi di propriet\u00e0 dell&#8217;universit\u00e0 sono a pagamento:<\/p>\n<p>Tariffe parcheggio:<\/p>\n<ul>\n<li>\u20ac 0,50 per ogni mezz\u2019ora iniziata<\/li>\n<li>\u20ac 7,00 tariffa giornaliera<\/li>\n<li>All\u2019ufficio cassa o in portineria \u00e8 possibile acquistare carte mensili al prezzo di \u20ac 13,00.<\/li>\n<\/ul>\n<p>I parcheggi per soste brevi e biglietti giornalieri sono disponibili presso i distributori automatici. Posizioni macchina parcheggio: parcheggio ovest, parcheggio nord \u00abVorstufe\u00bb, parcheggio est (fermata), parcheggio sud, parcheggio mensa.<\/p>\n<p>I biglietti mensili sono disponibili presso la cassa (<a href=\"https:\/\/campusplan.aau.at\/de\/?campus=1&amp;q=S.0.39#map\">stanza S.0.39<\/a>) previa presentazione della conferma di registrazione per uno dei nostri corsi o la carta d&#8217;identit\u00e0 dello studente. Si prega di notare gli <a href=\"https:\/\/www.aau.at\/universitaet\/organisation\/administration-verwaltung\/finanzdirektion\/#hauptkasse\">orari<\/a> di apertura della cassa.<br \/>\nIl biglietto di parcheggio o la carta di parcheggio devono essere collocati sul cruscotto in una posizione ben visibile.<\/p>\n<p><strong>Parcheggiare su strade pubbliche<\/strong><br \/>\nFuori dal campus universitario, \u00e8 possibile parcheggiare gratuitamente lungo le strade pubbliche. <strong>Si prega di notare le informazioni sulle possibili zone di parcheggio a breve termine.<\/strong><\/p>\n<\/div><\/section><\/p><\/div>\n\n<\/div><\/div><\/div><!-- close content main div --><\/div><\/div><div id='aeroporto'  class='avia-section av-1xiekg-14b8ac3f13b1d76d8d8f30139d1b849f main_color avia-section-default avia-no-border-styling  avia-builder-el-9  el_after_av_section  el_before_av_section  avia-bg-style-scroll container_wrap sidebar_right'  ><div class='container av-section-cont-open' ><div class='template-page content  av-content-small alpha units'><div class='post-entry post-entry-type-page post-entry-503587'><div class='entry-content-wrapper clearfix'>\n\n<style type=\"text\/css\" data-created_by=\"avia_inline_auto\" id=\"style-css-av-av_heading-7ddd80bd75aa985023900ecf38f396fb\">\n#top .av-special-heading.av-av_heading-7ddd80bd75aa985023900ecf38f396fb{\npadding-bottom:10px;\n}\nbody .av-special-heading.av-av_heading-7ddd80bd75aa985023900ecf38f396fb .av-special-heading-tag .heading-char{\nfont-size:25px;\n}\n.av-special-heading.av-av_heading-7ddd80bd75aa985023900ecf38f396fb .av-subheading{\nfont-size:15px;\n}\n<\/style>\n<div  class='av-special-heading av-av_heading-7ddd80bd75aa985023900ecf38f396fb av-special-heading-h2 blockquote modern-quote  avia-builder-el-10  el_before_av_one_full  avia-builder-el-first '><h2 class='av-special-heading-tag '  itemprop=\"headline\"  >Aeroporto di Klagenfurt<\/h2><div class=\"special-heading-border\"><div class=\"special-heading-inner-border\"><\/div><\/div><\/div>\n\n<style type=\"text\/css\" data-created_by=\"avia_inline_auto\" id=\"style-css-av-31g5ts-e788c7953a0bb5028e9e200a7aa432cb\">\n.flex_column.av-31g5ts-e788c7953a0bb5028e9e200a7aa432cb{\nborder-radius:0px 0px 0px 0px;\npadding:0px 0px 0px 0px;\n}\n<\/style>\n<div  class='flex_column av-31g5ts-e788c7953a0bb5028e9e200a7aa432cb av_one_full  avia-builder-el-11  el_after_av_heading  avia-builder-el-last  first flex_column_div av-zero-column-padding  '     ><section  class='av_textblock_section av-jx04fq7i-afbf455cc4cf23675a9aa179d54a3c09 '   itemscope=\"itemscope\" itemtype=\"https:\/\/schema.org\/CreativeWork\" ><div class='avia_textblock'  itemprop=\"text\" ><p>L\u2019aeroporto si trova a circa 4 km dal centro e a circa 8 km dall\u2019universit\u00e0. Esiste un collegamento pullman dall\u2019aeroporto al centro\/Heiligengeistplatz (linea 42) e verso l\u2019universit\u00e0 (cambio dalla linea 42 alla linea 81). Si deve scendere alla fermata \u00abUniversit\u00e4t\u00bb. I costi attuali per il biglietto dell&#8217;autobus sono disponibili sul <a href=\"https:\/\/www.stw.at\/privat\/mobilitaet\/\">sito Web di Stadtwerke Klagenfurt<\/a>.<\/p>\n<p><strong>Arrivando tardi la sera \u00e8 consigliabile prendere un taxi.<\/strong> Il costo della corsa in taxi dall\u2019aeroporto all\u2019universit\u00e0 \u00e8 di circa \u20ac 20,00.<\/p>\n<p>K\u00e4rntner Flughafen Betriebsgesellschaft m.b.H.<br \/>\nFlughafenstra\u00dfe 60 \u2013 64<br \/>\n9020 Klagenfurt am W\u00f6rthersee<br \/>\nTel.: +43 \/ (0)463 \/ 41500 &#8211; 0<br \/>\nFax: +43 \/ (0)463 \/ 41500 &#8211; 236<br \/>\n<a href=\"mailto:office@airport-klagenfurt.at\">office@airport-klagenfurt.at<\/a><br \/>\n<a href=\"https:\/\/airport-klagenfurt.at\" target=\"_blank\" rel=\"noopener noreferrer\">www.airport-klagenfurt.at<\/a><\/p>\n<\/div><\/section><\/div>\n\n<\/div><\/div><\/div><!-- close content main div --><\/div><\/div><div id='obb'  class='avia-section av-1xiekg-17f08d0111c8e506dab3b6c0e781bfd6 main_color avia-section-default avia-no-border-styling  avia-builder-el-13  el_after_av_section  el_before_av_section  avia-bg-style-scroll container_wrap sidebar_right'  ><div class='container av-section-cont-open' ><div class='template-page content  av-content-small alpha units'><div class='post-entry post-entry-type-page post-entry-503587'><div class='entry-content-wrapper clearfix'>\n\n<style type=\"text\/css\" data-created_by=\"avia_inline_auto\" id=\"style-css-av-av_heading-0030844b6125614b30ac599ba1d09543\">\n#top .av-special-heading.av-av_heading-0030844b6125614b30ac599ba1d09543{\npadding-bottom:10px;\n}\nbody .av-special-heading.av-av_heading-0030844b6125614b30ac599ba1d09543 .av-special-heading-tag .heading-char{\nfont-size:25px;\n}\n.av-special-heading.av-av_heading-0030844b6125614b30ac599ba1d09543 .av-subheading{\nfont-size:15px;\n}\n<\/style>\n<div  class='av-special-heading av-av_heading-0030844b6125614b30ac599ba1d09543 av-special-heading-h2 blockquote modern-quote  avia-builder-el-14  el_before_av_one_full  avia-builder-el-first '><h2 class='av-special-heading-tag '  itemprop=\"headline\"  >\u00d6BB &#8211; Ferrovie Austriache<\/h2><div class=\"special-heading-border\"><div class=\"special-heading-inner-border\"><\/div><\/div><\/div>\n\n<style type=\"text\/css\" data-created_by=\"avia_inline_auto\" id=\"style-css-av-31g5ts-e788c7953a0bb5028e9e200a7aa432cb\">\n.flex_column.av-31g5ts-e788c7953a0bb5028e9e200a7aa432cb{\nborder-radius:0px 0px 0px 0px;\npadding:0px 0px 0px 0px;\n}\n<\/style>\n<div  class='flex_column av-31g5ts-e788c7953a0bb5028e9e200a7aa432cb av_one_full  avia-builder-el-15  el_after_av_heading  avia-builder-el-last  first flex_column_div av-zero-column-padding  '     ><section  class='av_textblock_section av-jx04fq7i-afbf455cc4cf23675a9aa179d54a3c09 '   itemscope=\"itemscope\" itemtype=\"https:\/\/schema.org\/CreativeWork\" ><div class='avia_textblock'  itemprop=\"text\" ><p><b>Da Vienna:<\/b> Dall\u2019aeroporto di Vienna parte ogni due ore un autobus diretto per la stazione \u201cMeidling\u201d (7:40, 9:40 &#8230; \u00a0fino alle 18:40) e costa circa \u20ac 7.00 (durata del viaggio circa 30 minuti). Dalla stazione \u00abMeidling\u00bb parte ogni due ore (8:30, 10:30 &#8230; fino alle 19:30) un treno per Klagenfurt. Il biglietto dalla stazione \u00abMeidling\u00bb alla stazione centrale di Klagenfurt (Hauptbahnhof Klagenfurt) costa da \u20ac 51,00 euro a persona (seconda classe).<\/p>\n<p><a href=\"http:\/\/www.oebb.at\">\u00d6BB<\/a><\/p>\n<\/div><\/section><\/div>\n\n<\/div><\/div><\/div><!-- close content main div --><\/div><\/div><div id='flixbus'  class='avia-section av-1xiekg-de8c584ad8815c41625d908f743fb7be main_color avia-section-default avia-no-border-styling  avia-builder-el-17  el_after_av_section  el_before_av_section  avia-bg-style-scroll container_wrap sidebar_right'  ><div class='container av-section-cont-open' ><div class='template-page content  av-content-small alpha units'><div class='post-entry post-entry-type-page post-entry-503587'><div class='entry-content-wrapper clearfix'>\n\n<style type=\"text\/css\" data-created_by=\"avia_inline_auto\" id=\"style-css-av-av_heading-6d5c5ab5f0d65640ba6892963fcfad6a\">\n#top .av-special-heading.av-av_heading-6d5c5ab5f0d65640ba6892963fcfad6a{\npadding-bottom:10px;\n}\nbody .av-special-heading.av-av_heading-6d5c5ab5f0d65640ba6892963fcfad6a .av-special-heading-tag .heading-char{\nfont-size:25px;\n}\n.av-special-heading.av-av_heading-6d5c5ab5f0d65640ba6892963fcfad6a .av-subheading{\nfont-size:15px;\n}\n<\/style>\n<div  class='av-special-heading av-av_heading-6d5c5ab5f0d65640ba6892963fcfad6a av-special-heading-h2 blockquote modern-quote  avia-builder-el-18  el_before_av_one_full  avia-builder-el-first '><h2 class='av-special-heading-tag '  itemprop=\"headline\"  >FlixBus \u2013 con il pullman fino a Klagenfurt!<\/h2><div class=\"special-heading-border\"><div class=\"special-heading-inner-border\"><\/div><\/div><\/div>\n\n<style type=\"text\/css\" data-created_by=\"avia_inline_auto\" id=\"style-css-av-31g5ts-e788c7953a0bb5028e9e200a7aa432cb\">\n.flex_column.av-31g5ts-e788c7953a0bb5028e9e200a7aa432cb{\nborder-radius:0px 0px 0px 0px;\npadding:0px 0px 0px 0px;\n}\n<\/style>\n<div  class='flex_column av-31g5ts-e788c7953a0bb5028e9e200a7aa432cb av_one_full  avia-builder-el-19  el_after_av_heading  avia-builder-el-last  first flex_column_div av-zero-column-padding  '     ><section  class='av_textblock_section av-jx04fq7i-afbf455cc4cf23675a9aa179d54a3c09 '   itemscope=\"itemscope\" itemtype=\"https:\/\/schema.org\/CreativeWork\" ><div class='avia_textblock'  itemprop=\"text\" ><p>Con il pullman granturismo della <strong>Flixbus<\/strong> puoi viaggiare enconomicamente con pi\u00f9 di 5.000 collegamenti in Austria, Germania, Francia, Olanda, Svizzera e Repubblica Ceca. Grazie al Wi-Fi gratis e una presa di corrente accanto al sedile puoi navigare senza limiti, rispondere alle mail o ascoltare musica durante il viaggio.<br \/>\nSul sito <a href=\"http:\/\/www.flixbus.at\">FlixBus<\/a> puoi trovare informazioni dettagliate sugli orari, sui collegamenti e sulle stazioni di fermata dei pullman.<\/p>\n<\/div><\/section><\/div>\n\n<\/div><\/div><\/div><!-- close content main div --><\/div><\/div><div id='stw'  class='avia-section av-1xiekg-519c19ed683dbc9aacfa27985be2bf8c main_color avia-section-default avia-no-border-styling  avia-builder-el-21  el_after_av_section  avia-builder-el-last  avia-bg-style-scroll container_wrap sidebar_right'  ><div class='container av-section-cont-open' ><div class='template-page content  av-content-small alpha units'><div class='post-entry post-entry-type-page post-entry-503587'><div class='entry-content-wrapper clearfix'>\n\n<style type=\"text\/css\" data-created_by=\"avia_inline_auto\" id=\"style-css-av-av_heading-a12987980d2fafdad7ce3d57a57d8709\">\n#top .av-special-heading.av-av_heading-a12987980d2fafdad7ce3d57a57d8709{\npadding-bottom:10px;\n}\nbody .av-special-heading.av-av_heading-a12987980d2fafdad7ce3d57a57d8709 .av-special-heading-tag .heading-char{\nfont-size:25px;\n}\n.av-special-heading.av-av_heading-a12987980d2fafdad7ce3d57a57d8709 .av-subheading{\nfont-size:15px;\n}\n<\/style>\n<div  class='av-special-heading av-av_heading-a12987980d2fafdad7ce3d57a57d8709 av-special-heading-h2 blockquote modern-quote  avia-builder-el-22  el_before_av_one_full  avia-builder-el-first '><h2 class='av-special-heading-tag '  itemprop=\"headline\"  >STW City Bus<\/h2><div class=\"special-heading-border\"><div class=\"special-heading-inner-border\"><\/div><\/div><\/div>\n\n<style type=\"text\/css\" data-created_by=\"avia_inline_auto\" id=\"style-css-av-31g5ts-e788c7953a0bb5028e9e200a7aa432cb\">\n.flex_column.av-31g5ts-e788c7953a0bb5028e9e200a7aa432cb{\nborder-radius:0px 0px 0px 0px;\npadding:0px 0px 0px 0px;\n}\n<\/style>\n<div  class='flex_column av-31g5ts-e788c7953a0bb5028e9e200a7aa432cb av_one_full  avia-builder-el-23  el_after_av_heading  avia-builder-el-last  first flex_column_div av-zero-column-padding  '     ><section  class='av_textblock_section av-jx04fq7i-afbf455cc4cf23675a9aa179d54a3c09 '   itemscope=\"itemscope\" itemtype=\"https:\/\/schema.org\/CreativeWork\" ><div class='avia_textblock'  itemprop=\"text\" ><p>L\u2019Universit\u00e0 di Klagenfurt \u00e8 collegata direttamente alla stazione (Hauptbahnhof) grazie alla linea No 81, passando per la piazza Heiligengeistplatz.<\/p>\n<p><a href=\"https:\/\/www.stw.at\/privatkunden\/mobilitaet\/\" target=\"_blank\" rel=\"noopener noreferrer\">Sito Web <\/a>Stadtwerke Klagenfurt.<\/p>\n<\/div><\/section><\/div>\n<\/div><\/div><\/div><!-- close content main div --><\/div><\/div><div id='after_section_6'  class='main_color av_default_container_wrap container_wrap sidebar_right'  ><div class='container av-section-cont-open' ><div class='template-page content  av-content-small alpha units'><div class='post-entry post-entry-type-page post-entry-503587'><div class='entry-content-wrapper clearfix'>\n","protected":false},"excerpt":{"rendered":"","protected":false},"author":2,"featured_media":0,"parent":0,"menu_order":0,"comment_status":"closed","ping_status":"closed","template":"","meta":{"footnotes":""},"class_list":["post-503587","page","type-page","status-publish","hentry"],"yoast_head":"<!-- This site is optimized with the Yoast SEO plugin v26.7 - https:\/\/yoast.com\/wordpress\/plugins\/seo\/ -->\n<title>Language Center \u2013 Transportation - Deutsch in \u00d6sterreich - AAU (IT)<\/title>\n<meta name=\"robots\" content=\"index, follow, max-snippet:-1, max-image-preview:large, max-video-preview:-1\" \/>\n<link rel=\"canonical\" href=\"https:\/\/dia.aau.at\/it\/mezzi-di-trasporto\/\" \/>\n<meta property=\"og:locale\" content=\"it_IT\" \/>\n<meta property=\"og:type\" content=\"article\" \/>\n<meta property=\"og:title\" content=\"Language Center \u2013 Transportation - Deutsch in \u00d6sterreich - AAU (IT)\" \/>\n<meta property=\"og:url\" content=\"https:\/\/dia.aau.at\/it\/mezzi-di-trasporto\/\" \/>\n<meta property=\"og:site_name\" content=\"Deutsch in \u00d6sterreich - AAU (IT)\" \/>\n<meta property=\"article:modified_time\" content=\"2023-08-08T11:20:29+00:00\" \/>\n<meta name=\"twitter:card\" content=\"summary_large_image\" \/>\n<meta name=\"twitter:label1\" content=\"Tempo di lettura stimato\" \/>\n\t<meta name=\"twitter:data1\" content=\"12 minuti\" \/>\n<script type=\"application\/ld+json\" class=\"yoast-schema-graph\">{\"@context\":\"https:\/\/schema.org\",\"@graph\":[{\"@type\":\"WebPage\",\"@id\":\"https:\/\/dia.aau.at\/it\/mezzi-di-trasporto\/\",\"url\":\"https:\/\/dia.aau.at\/it\/mezzi-di-trasporto\/\",\"name\":\"Language Center \u2013 Transportation - Deutsch in \u00d6sterreich - AAU (IT)\",\"isPartOf\":{\"@id\":\"https:\/\/dia.aau.at\/it\/#website\"},\"datePublished\":\"2020-04-19T17:45:38+00:00\",\"dateModified\":\"2023-08-08T11:20:29+00:00\",\"breadcrumb\":{\"@id\":\"https:\/\/dia.aau.at\/it\/mezzi-di-trasporto\/#breadcrumb\"},\"inLanguage\":\"it-IT\",\"potentialAction\":[{\"@type\":\"ReadAction\",\"target\":[\"https:\/\/dia.aau.at\/it\/mezzi-di-trasporto\/\"]}]},{\"@type\":\"BreadcrumbList\",\"@id\":\"https:\/\/dia.aau.at\/it\/mezzi-di-trasporto\/#breadcrumb\",\"itemListElement\":[{\"@type\":\"ListItem\",\"position\":1,\"name\":\"Startseite\",\"item\":\"https:\/\/dia.aau.at\/it\/\"},{\"@type\":\"ListItem\",\"position\":2,\"name\":\"Language Center \u2013 Transportation\"}]},{\"@type\":\"WebSite\",\"@id\":\"https:\/\/dia.aau.at\/it\/#website\",\"url\":\"https:\/\/dia.aau.at\/it\/\",\"name\":\"Deutsch in \u00d6sterreich - AAU (IT)\",\"description\":\"German and other languages at the University of Klagenfurt\",\"potentialAction\":[{\"@type\":\"SearchAction\",\"target\":{\"@type\":\"EntryPoint\",\"urlTemplate\":\"https:\/\/dia.aau.at\/it\/?s={search_term_string}\"},\"query-input\":{\"@type\":\"PropertyValueSpecification\",\"valueRequired\":true,\"valueName\":\"search_term_string\"}}],\"inLanguage\":\"it-IT\"}]}<\/script>\n<!-- \/ Yoast SEO plugin. -->","yoast_head_json":{"title":"Language Center \u2013 Transportation - Deutsch in \u00d6sterreich - AAU (IT)","robots":{"index":"index","follow":"follow","max-snippet":"max-snippet:-1","max-image-preview":"max-image-preview:large","max-video-preview":"max-video-preview:-1"},"canonical":"https:\/\/dia.aau.at\/it\/mezzi-di-trasporto\/","og_locale":"it_IT","og_type":"article","og_title":"Language Center \u2013 Transportation - Deutsch in \u00d6sterreich - AAU (IT)","og_url":"https:\/\/dia.aau.at\/it\/mezzi-di-trasporto\/","og_site_name":"Deutsch in \u00d6sterreich - AAU (IT)","article_modified_time":"2023-08-08T11:20:29+00:00","twitter_card":"summary_large_image","twitter_misc":{"Tempo di lettura stimato":"12 minuti"},"schema":{"@context":"https:\/\/schema.org","@graph":[{"@type":"WebPage","@id":"https:\/\/dia.aau.at\/it\/mezzi-di-trasporto\/","url":"https:\/\/dia.aau.at\/it\/mezzi-di-trasporto\/","name":"Language Center \u2013 Transportation - Deutsch in \u00d6sterreich - AAU (IT)","isPartOf":{"@id":"https:\/\/dia.aau.at\/it\/#website"},"datePublished":"2020-04-19T17:45:38+00:00","dateModified":"2023-08-08T11:20:29+00:00","breadcrumb":{"@id":"https:\/\/dia.aau.at\/it\/mezzi-di-trasporto\/#breadcrumb"},"inLanguage":"it-IT","potentialAction":[{"@type":"ReadAction","target":["https:\/\/dia.aau.at\/it\/mezzi-di-trasporto\/"]}]},{"@type":"BreadcrumbList","@id":"https:\/\/dia.aau.at\/it\/mezzi-di-trasporto\/#breadcrumb","itemListElement":[{"@type":"ListItem","position":1,"name":"Startseite","item":"https:\/\/dia.aau.at\/it\/"},{"@type":"ListItem","position":2,"name":"Language Center \u2013 Transportation"}]},{"@type":"WebSite","@id":"https:\/\/dia.aau.at\/it\/#website","url":"https:\/\/dia.aau.at\/it\/","name":"Deutsch in \u00d6sterreich - AAU (IT)","description":"German and other languages at the University of Klagenfurt","potentialAction":[{"@type":"SearchAction","target":{"@type":"EntryPoint","urlTemplate":"https:\/\/dia.aau.at\/it\/?s={search_term_string}"},"query-input":{"@type":"PropertyValueSpecification","valueRequired":true,"valueName":"search_term_string"}}],"inLanguage":"it-IT"}]}},"_links":{"self":[{"href":"https:\/\/dia.aau.at\/it\/wp-json\/wp\/v2\/pages\/503587","targetHints":{"allow":["GET"]}}],"collection":[{"href":"https:\/\/dia.aau.at\/it\/wp-json\/wp\/v2\/pages"}],"about":[{"href":"https:\/\/dia.aau.at\/it\/wp-json\/wp\/v2\/types\/page"}],"author":[{"embeddable":true,"href":"https:\/\/dia.aau.at\/it\/wp-json\/wp\/v2\/users\/2"}],"replies":[{"embeddable":true,"href":"https:\/\/dia.aau.at\/it\/wp-json\/wp\/v2\/comments?post=503587"}],"version-history":[{"count":16,"href":"https:\/\/dia.aau.at\/it\/wp-json\/wp\/v2\/pages\/503587\/revisions"}],"predecessor-version":[{"id":518713,"href":"https:\/\/dia.aau.at\/it\/wp-json\/wp\/v2\/pages\/503587\/revisions\/518713"}],"wp:attachment":[{"href":"https:\/\/dia.aau.at\/it\/wp-json\/wp\/v2\/media?parent=503587"}],"curies":[{"name":"wp","href":"https:\/\/api.w.org\/{rel}","templated":true}]}}